{"id":1805,"date":"2025-05-29T12:42:51","date_gmt":"2025-05-29T10:42:51","guid":{"rendered":"https:\/\/www.iglesianavarra.org\/elizbarrutiko-ikasketa-zentroak-eta-eskolak\/"},"modified":"2025-05-29T12:42:51","modified_gmt":"2025-05-29T10:42:51","slug":"elizbarrutiko-ikasketa-zentroak-eta-eskolak","status":"publish","type":"page","link":"https:\/\/iglesianavarra.org\/eu\/elizbarrutiko-ikasketa-zentroak-eta-eskolak\/","title":{"rendered":"Elizbarrutiko ikasketa zentroak eta eskolak"},"content":{"rendered":"\t\t<div data-elementor-type=\"wp-page\" data-elementor-id=\"1805\" class=\"elementor elementor-1805 elementor-1206\" data-elementor-post-type=\"page\">\n\t\t\t\t<div class=\"elementor-element elementor-element-9580ec6 e-flex e-con-boxed e-con e-parent\" data-id=\"9580ec6\" data-element_type=\"container\" data-e-type=\"container\">\n\t\t\t\t\t<div class=\"e-con-inner\">\n\t\t\t\t<div class=\"elementor-element elementor-element-80bed79 elementor-invisible elementor-widget elementor-widget-heading\" data-id=\"80bed79\" data-element_type=\"widget\" data-e-type=\"widget\" data-settings=\"{&quot;_animation&quot;:&quot;fadeInUp&quot;}\" data-widget_type=\"heading.default\">\n\t\t\t\t<div class=\"elementor-widget-container\">\n\t\t\t\t\t<h1 class=\"elementor-heading-title elementor-size-default\">Elizbarrutiko ikasketa zentroak eta eskolak<\/h1>\t\t\t\t<\/div>\n\t\t\t\t<\/div>\n\t\t\t\t<div class=\"elementor-element elementor-element-ea4f25f elementor-invisible elementor-widget elementor-widget-heading\" data-id=\"ea4f25f\" data-element_type=\"widget\" data-e-type=\"widget\" data-settings=\"{&quot;_animation&quot;:&quot;fadeInUp&quot;}\" data-widget_type=\"heading.default\">\n\t\t\t\t<div class=\"elementor-widget-container\">\n\t\t\t\t\t<h2 class=\"elementor-heading-title elementor-size-default\">\u201cSAN MIGUEL ARC\u00c1NGEL\u201d TEOLOGIA IKASKETARAKO GOI MAILAKO ZENTROA\n<\/h2>\t\t\t\t<\/div>\n\t\t\t\t<\/div>\n\t\t\t\t<div class=\"elementor-element elementor-element-6d62960 elementor-widget elementor-widget-text-editor\" data-id=\"6d62960\" data-element_type=\"widget\" data-e-type=\"widget\" data-widget_type=\"text-editor.default\">\n\t\t\t\t<div class=\"elementor-widget-container\">\n\t\t\t\t\t\t\t\t\t<p>Nafarroa Behereko hiribidea, 64 \u2013 31006 Iru\u00f1ea<br> Telefonoa 948 291 100<br> Posta elektronikoa: <a class=\"email_link email_link_replace\" href=\"mailto:secretariacset@csetpamplona.com\" rel=\"gro\/arravanaiselgi\/\/tesc\">secretariacset@csetpamplona.com<\/a><br> Webgunea: <span class=\"fancy_link\"><a class=\"fancy_link_a target_blank\" href=\"https:\/\/iscr.iglesianavarra.org\/\" target=\"_blank\" rel=\"noopener noreferrer\">https:\/\/iscr.iglesianavarra.org\/<\/a><\/span><\/p><p>LEHENDAKARIA Artzapezpiku jauna, Monse\u00f1or Florencio Rosell\u00f3 Avellanas<br> ZUZENDARIA: Jos\u00e9 Javier Anaut Mainz<br> IDAZKARI NAGUSIA: I\u00f1aki Ilund\u00e1in Go\u00f1i  <\/p>\t\t\t\t\t\t\t\t<\/div>\n\t\t\t\t<\/div>\n\t\t\t\t<div class=\"elementor-element elementor-element-9cccb83 elementor-invisible elementor-widget elementor-widget-heading\" data-id=\"9cccb83\" data-element_type=\"widget\" data-e-type=\"widget\" data-settings=\"{&quot;_animation&quot;:&quot;fadeInUp&quot;}\" data-widget_type=\"heading.default\">\n\t\t\t\t<div class=\"elementor-widget-container\">\n\t\t\t\t\t<h2 class=\"elementor-heading-title elementor-size-default\">IDAZKARIA ETA ADMINISTRAZIOA\n<\/h2>\t\t\t\t<\/div>\n\t\t\t\t<\/div>\n\t\t\t\t<div class=\"elementor-element elementor-element-bd5bea9 elementor-widget elementor-widget-text-editor\" data-id=\"bd5bea9\" data-element_type=\"widget\" data-e-type=\"widget\" data-widget_type=\"text-editor.default\">\n\t\t\t\t<div class=\"elementor-widget-container\">\n\t\t\t\t\t\t\t\t\t<p>Idazkaria eta administratzailea: Ana Isabel \u00c1vila Navarrete<\/p>\t\t\t\t\t\t\t\t<\/div>\n\t\t\t\t<\/div>\n\t\t\t\t<div class=\"elementor-element elementor-element-fbf8d9b elementor-invisible elementor-widget elementor-widget-heading\" data-id=\"fbf8d9b\" data-element_type=\"widget\" data-e-type=\"widget\" data-settings=\"{&quot;_animation&quot;:&quot;fadeInUp&quot;}\" data-widget_type=\"heading.default\">\n\t\t\t\t<div class=\"elementor-widget-container\">\n\t\t\t\t\t<h2 class=\"elementor-heading-title elementor-size-default\">KLASEAK EMATEN DITUZTEN IRAKASLEAK\n<\/h2>\t\t\t\t<\/div>\n\t\t\t\t<\/div>\n\t\t\t\t<div class=\"elementor-element elementor-element-630ffc4 elementor-widget elementor-widget-text-editor\" data-id=\"630ffc4\" data-element_type=\"widget\" data-e-type=\"widget\" data-widget_type=\"text-editor.default\">\n\t\t\t\t<div class=\"elementor-widget-container\">\n\t\t\t\t\t\t\t\t\t<p>Ahechu Zunzarren, Jos\u00e9 Javier<br>Aizp\u00fan Bobadilla, Francisco Javier<br>Araba Torreguitart, Sergio<br>Anaut Mainz, Jos\u00e9 Javier<br>Arrieta Azpilicueta, Abel<br>Aroztegui Esnaola, Juan Pablo<br>Atzo, Karlos bakarrik<br>Beunza Sola, \u00cd\u00f1igo<br>Ca\u00f1ardo Ram\u00edrez, Santiago<br>Dillana Bon\u00eds, Jes\u00fas<br>Dome\u00f1o Mart\u00ednez de Morent\u00edn, Asunci\u00f3n<br>Ech\u00e1varri Gorricho, Alfonso<br>Echeverz Carte, Jesus<br>Erdoz\u00e1in Castiella, Ignacio<br>Esteban Ugalde, Luis Alberto<br>Galarza Fern\u00e1ndez, David<br>Garisoain Otero, Miguel<br>Gonzalez Zugasti, Joseba<br>Go\u00f1i Be\u00e1soain de Paulorena, Jos\u00e9 Antonio<br>Ilund\u00e1in Go\u00f1i, I\u00f1aki<br>Jim\u00e9nez Abad, Andr\u00e9s<br>Larrambebere Oroz, Andr\u00e9s<br>Larrambebere Zabala, Miguel<br>Mendive J\u00e1uregui, Nora<br>Morr\u00e1s Etayo, Jos\u00e9 Luis<br>Porras Vargas, Jos\u00e9 Ram\u00f3n<br>Prieto S\u00e1nchez, Lucas Pablo<br>Sagasti Boquet, Francisco Javier<br>Tejero Ari\u00f1o, Juan<br>Varo Pineda, Francisco<br>Zabala Os\u00e9s, Juan<\/p>\t\t\t\t\t\t\t\t<\/div>\n\t\t\t\t<\/div>\n\t\t\t\t<div class=\"elementor-element elementor-element-f78c86d elementor-invisible elementor-widget elementor-widget-heading\" data-id=\"f78c86d\" data-element_type=\"widget\" data-e-type=\"widget\" data-settings=\"{&quot;_animation&quot;:&quot;fadeInUp&quot;}\" data-widget_type=\"heading.default\">\n\t\t\t\t<div class=\"elementor-widget-container\">\n\t\t\t\t\t<h2 class=\"elementor-heading-title elementor-size-default\">Liburutegia<\/h2>\t\t\t\t<\/div>\n\t\t\t\t<\/div>\n\t\t\t\t<div class=\"elementor-element elementor-element-12a2590 elementor-widget elementor-widget-text-editor\" data-id=\"12a2590\" data-element_type=\"widget\" data-e-type=\"widget\" data-widget_type=\"text-editor.default\">\n\t\t\t\t<div class=\"elementor-widget-container\">\n\t\t\t\t\t\t\t\t\t<p>Nafarroa Behereko hiribidea, 64 \u2013 31006 Iru\u00f1ea<br> Telefonoa 948 291 102<br> Posta elektronikoa: <a class=\"email_link email_link_replace\" href=\"mailto:biblioteca@iglesianavarra.org\" rel=\"gro\/arravanaiselgi\/\/acetoilbib\">library@iglesianavarra.org<\/a><\/p><p>ZUZENDARIA: Jos\u00e9 Javier Anaut<br> ZUZENDARITZA TEKNIKOA: Inmaculada \u00c1vila Ojer<br> LAGUNTZAILEA: Maite Azpilicueta Hernandorena<\/p>\t\t\t\t\t\t\t\t<\/div>\n\t\t\t\t<\/div>\n\t\t\t\t<div class=\"elementor-element elementor-element-afe0b09 elementor-invisible elementor-widget elementor-widget-heading\" data-id=\"afe0b09\" data-element_type=\"widget\" data-e-type=\"widget\" data-settings=\"{&quot;_animation&quot;:&quot;fadeInUp&quot;}\" data-widget_type=\"heading.default\">\n\t\t\t\t<div class=\"elementor-widget-container\">\n\t\t\t\t\t<h2 class=\"elementor-heading-title elementor-size-default\">SAN FRANCISCO JAVIER ERLIJIO ZIENTZIEN GOI MAILAKO INSTITUTUA\n\n<\/h2>\t\t\t\t<\/div>\n\t\t\t\t<\/div>\n\t\t\t\t<div class=\"elementor-element elementor-element-4aac11e elementor-widget elementor-widget-text-editor\" data-id=\"4aac11e\" data-element_type=\"widget\" data-e-type=\"widget\" data-widget_type=\"text-editor.default\">\n\t\t\t\t<div class=\"elementor-widget-container\">\n\t\t\t\t\t\t\t\t\t<p>Nafarroa Behereko hiribidea, 64 \u2013 31006 Iru\u00f1ea<br> Telefonoa 948 291 100<br> Posta elektronikoa: <a class=\"email_link email_link_replace\" href=\"mailto:secretariaiscr@csetpamplona.com\" rel=\"gro\/arravanaiselgi\/\/rcsi\">secretariaiscr@csetpamplona.com<\/a><br> Webgunea: <span class=\"fancy_link\"><a class=\"fancy_link_a target_blank\" href=\"https:\/\/iscr.iglesianavarra.org\/\" target=\"_blank\" rel=\"noopener noreferrer\">https:\/\/iscr.iglesianavarra.org\/<\/a><\/span><\/p><p>LEHENDAKARIA: Florencio Rosell\u00f3 Avellanas artzapezpikua<br> ZUZENDARIA: Luis Alberto Esteban Ugalde<br> IKASKETA-BURUA: I\u00f1aki Ilund\u00e1in Go\u00f1i<br> IDAZKARI NAGUSIA ETA ADMINISTRARIA: Ana Isabel \u00c1vila Navarrete  <\/p>\t\t\t\t\t\t\t\t<\/div>\n\t\t\t\t<\/div>\n\t\t\t\t<div class=\"elementor-element elementor-element-deb5483 elementor-invisible elementor-widget elementor-widget-heading\" data-id=\"deb5483\" data-element_type=\"widget\" data-e-type=\"widget\" data-settings=\"{&quot;_animation&quot;:&quot;fadeInUp&quot;}\" data-widget_type=\"heading.default\">\n\t\t\t\t<div class=\"elementor-widget-container\">\n\t\t\t\t\t<h2 class=\"elementor-heading-title elementor-size-default\">KLASEAK EMATEN DITUZTEN IRAKASLEAK\n<\/h2>\t\t\t\t<\/div>\n\t\t\t\t<\/div>\n\t\t\t\t<div class=\"elementor-element elementor-element-70d45e6 elementor-widget elementor-widget-text-editor\" data-id=\"70d45e6\" data-element_type=\"widget\" data-e-type=\"widget\" data-widget_type=\"text-editor.default\">\n\t\t\t\t<div class=\"elementor-widget-container\">\n\t\t\t\t\t\t\t\t\t<p>Ahechu Zunzarren, Jos\u00e9 Javier<br>Anaut Mainz, Jos\u00e9 Javier<br>Bernad Asiain, I\u00f1aki<br>Beunza Sola, \u00cd\u00f1igo<br>Dillana Bon\u00eds, Jes\u00fas<br>Esteban Ugalde, Luis Alberto<br>Galarza Fern\u00e1ndez, David<br>Garisoain Otero, Miguel<br>Go\u00f1i Be\u00e1soain de Paulorena, Jos\u00e9 Antonio<br>Burdinezko tornuak, Lara<br>Ilund\u00e1in Go\u00f1i, I\u00f1aki<br>Iribarnegaray S\u00e1ez de la Fuente, Teresa<br>Larrambebere Zabala, Miguel<br>Morr\u00e1s Etayo, Jos\u00e9 Luis<br>Porras Vargas, Jos\u00e9 Ram\u00f3n<br>Tejero Ari\u00f1o, Juan<br>Urchaga Litago, Jos\u00e9 David<br>Zabala Os\u00e9s, Juan<\/p>\t\t\t\t\t\t\t\t<\/div>\n\t\t\t\t<\/div>\n\t\t\t\t<div class=\"elementor-element elementor-element-8a2b302 elementor-invisible elementor-widget elementor-widget-heading\" data-id=\"8a2b302\" data-element_type=\"widget\" data-e-type=\"widget\" data-settings=\"{&quot;_animation&quot;:&quot;fadeInUp&quot;}\" data-widget_type=\"heading.default\">\n\t\t\t\t<div class=\"elementor-widget-container\">\n\t\t\t\t\t<h2 class=\"elementor-heading-title elementor-size-default\">NAFARROAKO AISIALDI HEZITZAILEEN ELIZBARRUTIKO ESKOLA\n<\/h2>\t\t\t\t<\/div>\n\t\t\t\t<\/div>\n\t\t\t\t<div class=\"elementor-element elementor-element-0f9d85d elementor-widget elementor-widget-text-editor\" data-id=\"0f9d85d\" data-element_type=\"widget\" data-e-type=\"widget\" data-widget_type=\"text-editor.default\">\n\t\t\t\t<div class=\"elementor-widget-container\">\n\t\t\t\t\t\t\t\t\t<p>Nafarroa Behereko hiribidea, 64 \u2013 31006 Iru\u00f1ea<br> Telefonoa 948 291 100<br> Posta elektronikoa: <a href=\"mailto:edetln@iglesianavarra.org\" target=\"_blank\" rel=\"noopener\">edetln@iglesianavarra.org<\/a><br> Webgunea: <a href=\"https:\/\/iscr.iglesianavarra.org\/\" target=\"_blank\" rel=\"noopener\">https:\/\/iscr.iglesianavarra.org\/<\/a><\/p><p>Lehendakaria: Luis Alberto Esteban Ugalde (ISCR \u201cSan Frantzisko Javier\u201d ko zuzendari gisa)<br> Zuzendaria: Eduardo Ludwig Sanz-Orrio<br> Ikasketa burua: I\u00f1aki Ilund\u00e1in Go\u00f1i<br> Idazkaria eta Diruzaintza: Ana Isabel \u00c1vila Navarrete<\/p>\t\t\t\t\t\t\t\t<\/div>\n\t\t\t\t<\/div>\n\t\t\t\t<div class=\"elementor-element elementor-element-699db31 elementor-invisible elementor-widget elementor-widget-heading\" data-id=\"699db31\" data-element_type=\"widget\" data-e-type=\"widget\" data-settings=\"{&quot;_animation&quot;:&quot;fadeInUp&quot;}\" data-widget_type=\"heading.default\">\n\t\t\t\t<div class=\"elementor-widget-container\">\n\t\t\t\t\t<h2 class=\"elementor-heading-title elementor-size-default\">Hezkuntzarako Navarrako Elizbarrutiko Fundazioa\n\n<\/h2>\t\t\t\t<\/div>\n\t\t\t\t<\/div>\n\t\t\t\t<div class=\"elementor-element elementor-element-5f99d09 elementor-widget elementor-widget-text-editor\" data-id=\"5f99d09\" data-element_type=\"widget\" data-e-type=\"widget\" data-widget_type=\"text-editor.default\">\n\t\t\t\t<div class=\"elementor-widget-container\">\n\t\t\t\t\t\t\t\t\t<p>Santa Maria la Real plaza, 1 \u2013 31001 Iru\u00f1ea<br> Telefonoa 948 227 400 \u2013 Faxa 948 210 440<br> Posta elektronikoa: <a href=\"mailto:FDNE@iglesianavarra.org\">FDNE@iglesianavarra.org<\/a><\/p><p>LEHENDAKARIA: Abel Arrieta Azpilicueta<br> LEHENDAKARIAK: Jos\u00e9 Javier Lasunci\u00f3n Urd\u00e1niz<br> IDAZKARIA: Nicol\u00e1s Iribas S\u00e1nchez de Boado<br> DIRUZANA: Jes\u00fas Galarza Gabirondo<\/p>\t\t\t\t\t\t\t\t<\/div>\n\t\t\t\t<\/div>\n\t\t\t\t<div class=\"elementor-element elementor-element-7c168be elementor-invisible elementor-widget elementor-widget-heading\" data-id=\"7c168be\" data-element_type=\"widget\" data-e-type=\"widget\" data-settings=\"{&quot;_animation&quot;:&quot;fadeInUp&quot;}\" data-widget_type=\"heading.default\">\n\t\t\t\t<div class=\"elementor-widget-container\">\n\t\t\t\t\t<h2 class=\"elementor-heading-title elementor-size-default\">ELIZBARRUTIKO ESKOLAK\n<\/h2>\t\t\t\t<\/div>\n\t\t\t\t<\/div>\n\t\t\t\t<div class=\"elementor-element elementor-element-ff118b7 elementor-invisible elementor-widget elementor-widget-heading\" data-id=\"ff118b7\" data-element_type=\"widget\" data-e-type=\"widget\" data-settings=\"{&quot;_animation&quot;:&quot;fadeInUp&quot;}\" data-widget_type=\"heading.default\">\n\t\t\t\t<div class=\"elementor-widget-container\">\n\t\t\t\t\t<h2 class=\"elementor-heading-title elementor-size-default\">PUYKO ANDRE MARIA IKASTETXEA (BIGARREN HEZKUNTZA ETA BATXILERGOA)\n<\/h2>\t\t\t\t<\/div>\n\t\t\t\t<\/div>\n\t\t\t\t<div class=\"elementor-element elementor-element-f537e56 elementor-widget elementor-widget-text-editor\" data-id=\"f537e56\" data-element_type=\"widget\" data-e-type=\"widget\" data-widget_type=\"text-editor.default\">\n\t\t\t\t<div class=\"elementor-widget-container\">\n\t\t\t\t\t\t\t\t\t<p>San Pol, 1 \u2013 31200 Lizarra\/Lizarra (Nafarroa)<br> Telefonoa 948 550 948 \u2013 Faxa 948 550 872<br> Helbide elektronikoa: <a class=\"email_link email_link_replace\" href=\"mailto:nspuye@planalfa.es\" rel=\"se\/aflanalp\/\/eyupsn\">nspuye@planalfa.es<\/a><br> Webgunea: <span class=\"fancy_link\"><a target=\"_blank\" rel=\"noopener noreferrer\" class=\"fancy_link_a target_blank\" href=\"http:\/\/www.elpuy.es\/\">www.elpuy.es<\/a><\/span><\/p><ul><li>Zuzendari Nagusia: Abel Arrieta Azpilicueta<\/li><li>ZUZENDARIA: Jos\u00e9 Cruz Asarta S\u00e1nchez<\/li><li>ZUZENDARITZA PEDAGOGIKOA: Jos\u00e9 Cruz Asarta S\u00e1nchez<\/li><\/ul>\t\t\t\t\t\t\t\t<\/div>\n\t\t\t\t<\/div>\n\t\t\t\t<div class=\"elementor-element elementor-element-241926a elementor-invisible elementor-widget elementor-widget-heading\" data-id=\"241926a\" data-element_type=\"widget\" data-e-type=\"widget\" data-settings=\"{&quot;_animation&quot;:&quot;fadeInUp&quot;}\" data-widget_type=\"heading.default\">\n\t\t\t\t<div class=\"elementor-widget-container\">\n\t\t\t\t\t<h2 class=\"elementor-heading-title elementor-size-default\">MATER DEI ESKOLA (HAUR HEZKUNTZA ETA LEHEN HEZKUNTZA)\n<\/h2>\t\t\t\t<\/div>\n\t\t\t\t<\/div>\n\t\t\t\t<div class=\"elementor-element elementor-element-655357c elementor-widget elementor-widget-text-editor\" data-id=\"655357c\" data-element_type=\"widget\" data-e-type=\"widget\" data-widget_type=\"text-editor.default\">\n\t\t\t\t<div class=\"elementor-widget-container\">\n\t\t\t\t\t\t\t\t\t<p>Logro\u00f1oko errepidea, 1 \u2013 31240 Ayegui (Nafarroa)<br> Telefonoa 948 556 421 \u2013 Faxa 948 556 421<br> Helbide elektronikoa: <a class=\"email_link email_link_replace\" href=\"mailto:materdei@planalfa.es\" rel=\"se\/aflanalp\/\/iedretam\">materdei@planalfa.es<\/a><\/p><ul><li>Zuzendari Nagusia: Abel Arrieta Azpilicueta<\/li><li>ZUZENDARIA: Jos\u00e9 Cruz Asarta S\u00e1nchez<\/li><li>ZUZENDARITZA PEDAGOGIKOA: Andr\u00e9s Garc\u00eda Ayerra<\/li><\/ul>\t\t\t\t\t\t\t\t<\/div>\n\t\t\t\t<\/div>\n\t\t\t\t<div class=\"elementor-element elementor-element-9b6f6a6 elementor-invisible elementor-widget elementor-widget-heading\" data-id=\"9b6f6a6\" data-element_type=\"widget\" data-e-type=\"widget\" data-settings=\"{&quot;_animation&quot;:&quot;fadeInUp&quot;}\" data-widget_type=\"heading.default\">\n\t\t\t\t<div class=\"elementor-widget-container\">\n\t\t\t\t\t<h2 class=\"elementor-heading-title elementor-size-default\">JESUS \u200b\u200bBIHOTZA IKASTETXEAN \/ BIHOTZ ESKOLA (HAURSHEKLA ETA LEHEN HEZKUNTZA)\n<\/h2>\t\t\t\t<\/div>\n\t\t\t\t<\/div>\n\t\t\t\t<div class=\"elementor-element elementor-element-ced4c03 elementor-widget elementor-widget-text-editor\" data-id=\"ced4c03\" data-element_type=\"widget\" data-e-type=\"widget\" data-widget_type=\"text-editor.default\">\n\t\t\t\t<div class=\"elementor-widget-container\">\n\t\t\t\t\t\t\t\t\t<p>Legu\u00eda, 20 \u2013 31780 Bera (Nafarroa)<br> Telefonoa 948 630 009 \u2013 Faxa 948 630 521<br> Posta elektronikoa: <a class=\"email_link email_link_replace\" href=\"mailto:scorazonbera@planalfa.es\" rel=\"se\/aflanalp\/\/arebnozarocs\">scorazonbera@planalfa.es<\/a><br> Webgunea: <span class=\"fancy_link\"><a target=\"_blank\" rel=\"noopener noreferrer\" class=\"fancy_link_a target_blank\" href=\"http:\/\/www.jesusenbihotza.com\/es\/\">www.jesusenbihotza.com\/es<\/a><\/span><\/p><ul><li>Zuzendari Nagusia: Abel Arrieta Azpilicueta<\/li><li>ZUZENDARITZA PEDAGOGIKOA: M\u00aa Ar\u00e1nzazu Alzugaray Barrios<\/li><li>ZUZENDARIA: Jorge Gonz\u00e1lez G\u00f3mez<\/li><\/ul>\t\t\t\t\t\t\t\t<\/div>\n\t\t\t\t<\/div>\n\t\t\t\t<div class=\"elementor-element elementor-element-a875d81 elementor-invisible elementor-widget elementor-widget-heading\" data-id=\"a875d81\" data-element_type=\"widget\" data-e-type=\"widget\" data-settings=\"{&quot;_animation&quot;:&quot;fadeInUp&quot;}\" data-widget_type=\"heading.default\">\n\t\t\t\t<div class=\"elementor-widget-container\">\n\t\t\t\t\t<h2 class=\"elementor-heading-title elementor-size-default\">LA MILAGROSA IKASTETXEA (HAUR ETA LEHEN HEZKUNTZA)\n<\/h2>\t\t\t\t<\/div>\n\t\t\t\t<\/div>\n\t\t\t\t<div class=\"elementor-element elementor-element-522caa3 elementor-widget elementor-widget-text-editor\" data-id=\"522caa3\" data-element_type=\"widget\" data-e-type=\"widget\" data-widget_type=\"text-editor.default\">\n\t\t\t\t<div class=\"elementor-widget-container\">\n\t\t\t\t\t\t\t\t\t<div id=\"content\" class=\"container\"><div class=\"section-block-upper row\"><div id=\"primary\" class=\"content-area\"><main id=\"main\" class=\"site-main\"><article id=\"post-9276\" class=\"post-9276 page type-page status-publish hentry\"><div class=\"entry-content-wrap\"><div class=\"entry-content\"><p>Nafarroa Etorbidea, 5 \u2013 31580 Lodosa (Nafarroa)<br> Telefonoa 948 693 223 \u2013 Faxa 948 694 531<br> Posta elektronikoa: <a class=\"email_link email_link_replace\" href=\"mailto:lamilagrosalod@planalfa.es\" rel=\"se\/aflanalp\/\/dolasorgalimal\">lamilagrosalod@planalfa.es<\/a><br> Webgunea: <span class=\"fancy_link\"><a target=\"_blank\" rel=\"noopener noreferrer\" class=\"fancy_link_a target_blank\" href=\"http:\/\/www.lamilagrosalodosa.com\/\">www.lamilagrosalodosa.com<\/a><\/span><\/p><ul><li>Zuzendari Nagusia: Abel Arrieta Azpilicueta<\/li><li>ZUZENDARIA: Jos\u00e9 Cruz Asarta S\u00e1nchez<\/li><li>ZUZENDARITZA PEDAGOGIKOA: Rafael Irigaray Murillo<\/li><\/ul><\/div><\/div><\/article><\/main><\/div><\/div><\/div><footer class=\"site-footer\"><div class=\"primary-footer\"><div class=\"container\"><div class=\"row\"><div class=\"col-sm-12\"><div class=\"row\"><div class=\"primary-footer-area footer-first-widgets-section col-md-4 col-sm-12\"><section class=\"widget-area\"><div id=\"text-33\" class=\"widget covernews-widget widget_text\"> <\/div><\/section><\/div><\/div><\/div><\/div><\/div><\/div><\/footer>\t\t\t\t\t\t\t\t<\/div>\n\t\t\t\t<\/div>\n\t\t\t\t\t<\/div>\n\t\t\t\t<\/div>\n\t\t\t\t<\/div>\n\t\t","protected":false},"excerpt":{"rendered":"<p>\u201cSAN MIGUEL ARC\u00c1NGEL\u201d TEOLOGIA IKASKETARAKO GOI MAILAKO ZENTROA Nafarroa Behereko hiribidea, 64 \u2013 31006 Iru\u00f1ea Telefonoa 948 291 100 Posta [&hellip;]<\/p>\n","protected":false},"author":1,"featured_media":0,"parent":0,"menu_order":0,"comment_status":"closed","ping_status":"closed","template":"","meta":{"site-sidebar-layout":"no-sidebar","site-content-layout":"","ast-site-content-layout":"full-width-container","site-content-style":"default","site-sidebar-style":"default","ast-global-header-display":"","ast-banner-title-visibility":"","ast-main-header-display":"","ast-hfb-above-header-display":"","ast-hfb-below-header-display":"","ast-hfb-mobile-header-display":"","site-post-title":"disabled","ast-breadcrumbs-content":"","ast-featured-img":"disabled","footer-sml-layout":"","ast-disable-related-posts":"","theme-transparent-header-meta":"","adv-header-id-meta":"","stick-header-meta":"","header-above-stick-meta":"","header-main-stick-meta":"","header-below-stick-meta":"","astra-migrate-meta-layouts":"default","ast-page-background-enabled":"default","ast-page-background-meta":{"desktop":{"background-color":"var(--ast-global-color-5)","background-image":"","background-repeat":"repeat","background-position":"center center","background-size":"auto","background-attachment":"scroll","background-type":"","background-media":"","overlay-type":"","overlay-color":"","overlay-opacity":"","overlay-gradient":""},"tablet":{"background-color":"","background-image":"","background-repeat":"repeat","background-position":"center center","background-size":"auto","background-attachment":"scroll","background-type":"","background-media":"","overlay-type":"","overlay-color":"","overlay-opacity":"","overlay-gradient":""},"mobile":{"background-color":"","background-image":"","background-repeat":"repeat","background-position":"center center","background-size":"auto","background-attachment":"scroll","background-type":"","background-media":"","overlay-type":"","overlay-color":"","overlay-opacity":"","overlay-gradient":""}},"ast-content-background-meta":{"desktop":{"background-color":"var(--ast-global-color-4)","background-image":"","background-repeat":"repeat","background-position":"center center","background-size":"auto","background-attachment":"scroll","background-type":"","background-media":"","overlay-type":"","overlay-color":"","overlay-opacity":"","overlay-gradient":""},"tablet":{"background-color":"var(--ast-global-color-4)","background-image":"","background-repeat":"repeat","background-position":"center center","background-size":"auto","background-attachment":"scroll","background-type":"","background-media":"","overlay-type":"","overlay-color":"","overlay-opacity":"","overlay-gradient":""},"mobile":{"background-color":"var(--ast-global-color-4)","background-image":"","background-repeat":"repeat","background-position":"center center","background-size":"auto","background-attachment":"scroll","background-type":"","background-media":"","overlay-type":"","overlay-color":"","overlay-opacity":"","overlay-gradient":""}},"footnotes":""},"class_list":["post-1805","page","type-page","status-publish","hentry"],"_links":{"self":[{"href":"https:\/\/iglesianavarra.org\/eu\/wp-json\/wp\/v2\/pages\/1805","targetHints":{"allow":["GET"]}}],"collection":[{"href":"https:\/\/iglesianavarra.org\/eu\/wp-json\/wp\/v2\/pages"}],"about":[{"href":"https:\/\/iglesianavarra.org\/eu\/wp-json\/wp\/v2\/types\/page"}],"author":[{"embeddable":true,"href":"https:\/\/iglesianavarra.org\/eu\/wp-json\/wp\/v2\/users\/1"}],"replies":[{"embeddable":true,"href":"https:\/\/iglesianavarra.org\/eu\/wp-json\/wp\/v2\/comments?post=1805"}],"version-history":[{"count":1,"href":"https:\/\/iglesianavarra.org\/eu\/wp-json\/wp\/v2\/pages\/1805\/revisions"}],"predecessor-version":[{"id":1806,"href":"https:\/\/iglesianavarra.org\/eu\/wp-json\/wp\/v2\/pages\/1805\/revisions\/1806"}],"wp:attachment":[{"href":"https:\/\/iglesianavarra.org\/eu\/wp-json\/wp\/v2\/media?parent=1805"}],"curies":[{"name":"wp","href":"https:\/\/api.w.org\/{rel}","templated":true}]}}