{"id":35625,"date":"2025-06-03T11:14:42","date_gmt":"2025-06-03T09:14:42","guid":{"rendered":"https:\/\/www.iglesianavarra.org\/franciscoren-biografia\/"},"modified":"2025-06-03T11:14:42","modified_gmt":"2025-06-03T09:14:42","slug":"franciscoren-biografia","status":"publish","type":"page","link":"https:\/\/iglesianavarra.org\/eu\/franciscoren-biografia\/","title":{"rendered":"Franciscoren biografia"},"content":{"rendered":"\t\t<div data-elementor-type=\"wp-page\" data-elementor-id=\"35625\" class=\"elementor elementor-35625 elementor-548\" data-elementor-post-type=\"page\">\n\t\t\t\t\t\t<section class=\"elementor-section elementor-top-section elementor-element elementor-element-cf93105 elementor-section-content-middle elementor-section-boxed elementor-section-height-default elementor-section-height-default\" data-id=\"cf93105\" data-element_type=\"section\" data-e-type=\"section\" data-settings=\"{&quot;background_background&quot;:&quot;classic&quot;}\">\n\t\t\t\t\t\t\t<div class=\"elementor-background-overlay\"><\/div>\n\t\t\t\t\t\t\t<div class=\"elementor-container elementor-column-gap-default\">\n\t\t\t\t\t<div class=\"elementor-column elementor-col-100 elementor-top-column elementor-element elementor-element-78d4a2c\" data-id=\"78d4a2c\" data-element_type=\"column\" data-e-type=\"column\">\n\t\t\t<div class=\"elementor-widget-wrap\">\n\t\t\t\t\t\t\t<\/div>\n\t\t<\/div>\n\t\t\t\t\t<\/div>\n\t\t<\/section>\n\t\t\t\t<section class=\"elementor-section elementor-top-section elementor-element elementor-element-708a745 elementor-section-boxed elementor-section-height-default elementor-section-height-default\" data-id=\"708a745\" data-element_type=\"section\" data-e-type=\"section\" data-settings=\"{&quot;background_background&quot;:&quot;classic&quot;}\">\n\t\t\t\t\t\t<div class=\"elementor-container elementor-column-gap-default\">\n\t\t\t\t\t<div class=\"elementor-column elementor-col-50 elementor-top-column elementor-element elementor-element-3fb9d76\" data-id=\"3fb9d76\" data-element_type=\"column\" data-e-type=\"column\">\n\t\t\t<div class=\"elementor-widget-wrap elementor-element-populated\">\n\t\t\t\t\t\t<div class=\"elementor-element elementor-element-4f7d760 elementor-invisible elementor-widget elementor-widget-heading\" data-id=\"4f7d760\" data-element_type=\"widget\" data-e-type=\"widget\" data-settings=\"{&quot;_animation&quot;:&quot;fadeInUp&quot;}\" data-widget_type=\"heading.default\">\n\t\t\t\t<div class=\"elementor-widget-container\">\n\t\t\t\t\t<h2 class=\"elementor-heading-title elementor-size-default\">Zuzendaria<br> Francisco P\u00e9rez Gonz\u00e1lez<\/h2>\t\t\t\t<\/div>\n\t\t\t\t<\/div>\n\t\t\t\t<div class=\"elementor-element elementor-element-85d54a0 elementor-invisible elementor-widget elementor-widget-heading\" data-id=\"85d54a0\" data-element_type=\"widget\" data-e-type=\"widget\" data-settings=\"{&quot;_animation&quot;:&quot;fadeInUp&quot;}\" data-widget_type=\"heading.default\">\n\t\t\t\t<div class=\"elementor-widget-container\">\n\t\t\t\t\t<h3 class=\"elementor-heading-title elementor-size-default\">Biografia<\/h3>\t\t\t\t<\/div>\n\t\t\t\t<\/div>\n\t\t\t\t<div class=\"elementor-element elementor-element-a9b54ec elementor-invisible elementor-widget elementor-widget-text-editor\" data-id=\"a9b54ec\" data-element_type=\"widget\" data-e-type=\"widget\" data-settings=\"{&quot;_animation&quot;:&quot;fadeInUp&quot;,&quot;_animation_delay&quot;:100}\" data-widget_type=\"text-editor.default\">\n\t\t\t\t<div class=\"elementor-widget-container\">\n\t\t\t\t\t\t\t\t\t<p>Francisco P\u00e9rez Gonz\u00e1lez monsinorea 1947ko urtarrilaren 13an jaio zen, Frandov\u00ednezen, Burgosko probintziako herri txiki batean, Gaztelako probintziako hiriburutik 14 kilometrora. Hamaika urte besterik ez zituela, 1958an Burgosko San Jose elizbarrutiko seminarioan sartu zen, eta bertan Humanitateak, Filosofia eta Teologia ikasi zituen. Ia hamabost urteko prestakuntzaren ondoren, 1973an apaiz ordenatu zuten Italiako iparraldeko Trento hirian.  <\/p><p><strong>Ikasketak eta lehen artzain lana<\/strong><\/p><p>Apaiz-ministerioan, Erromako Santo Tomas \u201cAng\u00e9licum\u201d Unibertsitate Pontifizean egin zituen ikasketa aurreratuak. Comillaseko Unibertsitate Pontifizean burutu zituen ikasketak, non Teologia Dogmatikoan lizentziatu zen. Madrilen parrokia-bikario gisa eta Madrilgo Kontzilio Seminarioko formatzaile eta zuzendari espiritual gisa aritu zen. Madrilgo Artzapezpikutzako Diakonatu Iraunkorraren arduraduna izan zen eta Espainiako Gotzainen Konferentziako Diakonatu Iraunkorreko Batzordeko kide izan zen. Getafeko Diozesia eratzean, Getafeko Diozesiko Apostoluen Ama Birjinaren Seminarioko eta Madrilgo Joan Paulo II.a Apaiz Eskola Militarreko Zuzendari Espiritual gisa aritu zen.    <\/p>\t\t\t\t\t\t\t\t<\/div>\n\t\t\t\t<\/div>\n\t\t\t\t\t<\/div>\n\t\t<\/div>\n\t\t\t\t<div class=\"elementor-column elementor-col-50 elementor-top-column elementor-element elementor-element-260b661\" data-id=\"260b661\" data-element_type=\"column\" data-e-type=\"column\">\n\t\t\t<div class=\"elementor-widget-wrap elementor-element-populated\">\n\t\t\t\t\t\t<div class=\"elementor-element elementor-element-5c98e1a elementor-invisible elementor-widget elementor-widget-image\" data-id=\"5c98e1a\" data-element_type=\"widget\" data-e-type=\"widget\" data-settings=\"{&quot;_animation&quot;:&quot;fadeIn&quot;}\" data-widget_type=\"image.default\">\n\t\t\t\t<div class=\"elementor-widget-container\">\n\t\t\t\t\t\t\t\t\t\t\t\t\t\t\t<img fetchpriority=\"high\" decoding=\"async\" width=\"815\" height=\"1024\" src=\"https:\/\/iglesianavarra.org\/wp-content\/uploads\/2025\/05\/Arzobispo1-815x1024-1.jpg\" class=\"attachment-full size-full wp-image-1586\" alt=\"\" srcset=\"https:\/\/iglesianavarra.org\/wp-content\/uploads\/2025\/05\/Arzobispo1-815x1024-1.jpg 815w, https:\/\/iglesianavarra.org\/wp-content\/uploads\/2025\/05\/Arzobispo1-815x1024-1-239x300.jpg 239w, https:\/\/iglesianavarra.org\/wp-content\/uploads\/2025\/05\/Arzobispo1-815x1024-1-768x965.jpg 768w\" sizes=\"(max-width: 815px) 100vw, 815px\" \/>\t\t\t\t\t\t\t\t\t\t\t\t\t\t\t<\/div>\n\t\t\t\t<\/div>\n\t\t\t\t\t<\/div>\n\t\t<\/div>\n\t\t\t\t\t<\/div>\n\t\t<\/section>\n\t\t<div class=\"elementor-element elementor-element-eace1be e-flex e-con-boxed e-con e-parent\" data-id=\"eace1be\" data-element_type=\"container\" data-e-type=\"container\">\n\t\t\t\t\t<div class=\"e-con-inner\">\n\t\t<div class=\"elementor-element elementor-element-fee12da e-con-full e-flex e-con e-child\" data-id=\"fee12da\" data-element_type=\"container\" data-e-type=\"container\">\n\t\t\t\t<div class=\"elementor-element elementor-element-50ae8e8 elementor-invisible elementor-widget elementor-widget-heading\" data-id=\"50ae8e8\" data-element_type=\"widget\" data-e-type=\"widget\" data-settings=\"{&quot;_animation&quot;:&quot;fadeInUp&quot;}\" data-widget_type=\"heading.default\">\n\t\t\t\t<div class=\"elementor-widget-container\">\n\t\t\t\t\t<h2 class=\"elementor-heading-title elementor-size-default\">Osmako (Soria) gotzaina\n\n<\/h2>\t\t\t\t<\/div>\n\t\t\t\t<\/div>\n\t\t\t\t<div class=\"elementor-element elementor-element-a54b9c1 elementor-invisible elementor-widget elementor-widget-text-editor\" data-id=\"a54b9c1\" data-element_type=\"widget\" data-e-type=\"widget\" data-settings=\"{&quot;_animation&quot;:&quot;fadeInUp&quot;,&quot;_animation_delay&quot;:100}\" data-widget_type=\"text-editor.default\">\n\t\t\t\t<div class=\"elementor-widget-container\">\n\t\t\t\t\t\t\t\t\t<p>1995ean, Osma-Soriako elizbarrutiko gotzain izendapena publiko egin zen eta Joan Paulo II.a Aita Santuak Vatikanoko San Pedro basilikan sagaratu zuen 1996ko urtarrilaren 6an. Osma-Soriako elizbarrutiaren jabetza hartu zuen 1996ko otsailaren 11n, San Pedroren Konkatedralean. <\/p><p>Diozesi honetan egon zen bitartean, Elizbarrutiko Sinodoaren lana amaitzeko aukera izan zuen, eta horren ondorioak 1998ko abenduaren 27an sinatu ziren, 16. Elizbarrutiko Sinodoa modu solemnean itxiz. Gainera, Soriako gotzain gisa zazpi urtez, jarduera pastoral bizia egin zuen eta elizbarrutiko Elizarentzako hainbat ekitaldi zuzentzeko aukera izan zuen. 1997an, Osma-Soriako bere elizbarrutiak \u201cSei Solairuko Hiria\u201d hartu zuen, Gaztela eta Leongo Diozesiek antolatutako Gizakiaren Aroen edizioetako bat.  <\/p><p>2000. urteko Jubileu Urtea ospakizunez bete zen elizbarruti osoan. Juan de Palafox y Mendoza agurgarriaren inguruko erakusketa bat egin zen katedralean, bere jaiotzaren 4. mendeurrena gogoratuz. 2001ean, Osmako elizbarrutiaren Berrezarkuntzaren 9. mendeurrena ospatu zuen San Pedro de Osma gotzainak. Hain zuzen ere, 2001ean, Gotzainen Konferentziak izendatu zuen Pontifize Misio Elkarteen Zuzendari Nazional. 2002an, Osma-Soriako bere elizbarrutian, Mar\u00eda de Jes\u00fas de \u00c1greda ahizpa agurgarriaren jaiotzaren 4. mendeurrena ospatzeko ekitaldiak zuzentzeko aukera izan zuen.      <\/p>\t\t\t\t\t\t\t\t<\/div>\n\t\t\t\t<\/div>\n\t\t\t\t<\/div>\n\t\t\t\t\t<\/div>\n\t\t\t\t<\/div>\n\t\t<div class=\"elementor-element elementor-element-a3f3c6a e-flex e-con-boxed e-con e-parent\" data-id=\"a3f3c6a\" data-element_type=\"container\" data-e-type=\"container\" data-settings=\"{&quot;background_background&quot;:&quot;classic&quot;}\">\n\t\t\t\t\t<div class=\"e-con-inner\">\n\t\t<div class=\"elementor-element elementor-element-d2d4f9b e-con-full e-flex e-con e-child\" data-id=\"d2d4f9b\" data-element_type=\"container\" data-e-type=\"container\">\n\t\t\t\t<div class=\"elementor-element elementor-element-921c91c elementor-invisible elementor-widget elementor-widget-heading\" data-id=\"921c91c\" data-element_type=\"widget\" data-e-type=\"widget\" data-settings=\"{&quot;_animation&quot;:&quot;fadeInUp&quot;}\" data-widget_type=\"heading.default\">\n\t\t\t\t<div class=\"elementor-widget-container\">\n\t\t\t\t\t<h2 class=\"elementor-heading-title elementor-size-default\">Artzapezpiku militarra<\/h2>\t\t\t\t<\/div>\n\t\t\t\t<\/div>\n\t\t\t\t<div class=\"elementor-element elementor-element-5f131c3 elementor-invisible elementor-widget elementor-widget-text-editor\" data-id=\"5f131c3\" data-element_type=\"widget\" data-e-type=\"widget\" data-settings=\"{&quot;_animation&quot;:&quot;fadeInUp&quot;,&quot;_animation_delay&quot;:100}\" data-widget_type=\"text-editor.default\">\n\t\t\t\t<div class=\"elementor-widget-container\">\n\t\t\t\t\t\t\t\t\t<p>2003ko azaroaren 30ean, Egoitza Santuak Espainiako Artzapezpiku Militar izendapena iragarri zuen, 2003ko abenduaren 11n hartu zuen egoitza. Artzapezpiku Militar gisa, Espainiako tropak bisitatu ditu bake misioak egiten dituzten hainbat lekutan. Era berean, hainbat Armadako kidegoetako soldaduen bataio eta konfirmazio zeremonietan parte hartu du, kapilau militarrek entrenatuta. Misioan hil diren soldaduen hiletetan ere aritu da.   <\/p>\t\t\t\t\t\t\t\t<\/div>\n\t\t\t\t<\/div>\n\t\t\t\t<\/div>\n\t\t\t\t\t<\/div>\n\t\t\t\t<\/div>\n\t\t<div class=\"elementor-element elementor-element-2b3ccf9 e-flex e-con-boxed e-con e-parent\" data-id=\"2b3ccf9\" data-element_type=\"container\" data-e-type=\"container\">\n\t\t\t\t\t<div class=\"e-con-inner\">\n\t\t<div class=\"elementor-element elementor-element-b9a4245 e-con-full e-flex e-con e-child\" data-id=\"b9a4245\" data-element_type=\"container\" data-e-type=\"container\">\n\t\t\t\t<div class=\"elementor-element elementor-element-40b90fa elementor-invisible elementor-widget elementor-widget-heading\" data-id=\"40b90fa\" data-element_type=\"widget\" data-e-type=\"widget\" data-settings=\"{&quot;_animation&quot;:&quot;fadeInUp&quot;}\" data-widget_type=\"heading.default\">\n\t\t\t\t<div class=\"elementor-widget-container\">\n\t\t\t\t\t<h2 class=\"elementor-heading-title elementor-size-default\">Iru\u00f1eko eta Tuterako artzapezpikua<\/h2>\t\t\t\t<\/div>\n\t\t\t\t<\/div>\n\t\t\t\t<div class=\"elementor-element elementor-element-962b72d elementor-invisible elementor-widget elementor-widget-text-editor\" data-id=\"962b72d\" data-element_type=\"widget\" data-e-type=\"widget\" data-settings=\"{&quot;_animation&quot;:&quot;fadeInUp&quot;,&quot;_animation_delay&quot;:100}\" data-widget_type=\"text-editor.default\">\n\t\t\t\t<div class=\"elementor-widget-container\">\n\t\t\t\t\t\t\t\t\t<p>2007ko uztailaren 31n, Benedikto XVI.ak Iru\u00f1eko artzapezpiku eta Tuterako gotzain izendatu zuen, 1993tik elizbarruti hauek gobernatu zituen Fernando Sebasti\u00e1n monsinorea ordezkatuz. 2007ko irailaren 30ean, igandean, hartu zuen kargua, Iru\u00f1eko katedralean. Benedikto XVI.a Aita Santuak artzapezpikuaren palioa eman zion Pedro eta Paulo santuen egunean, 2008ko ekainaren 29an Vatikanoko basilikan egindako meza solemne batean.  <\/p><p>2011ko apirilaren 8an, Espainiako Misio Elkarte Pontifizeen Zuzendari Nazional kargua utzi zuen, bost urterako izendatu baitzuten kargu horretarako, eta 2006an beste bost urterako berriro izendatu zuten. Bigarren agintaldi honen ondoren, ezinezkoa da berriro izendatzea. <\/p><p>Espainiako Gotzainen Konferentzian, Kleroaren eta Seminario eta Unibertsitateen Gotzain Batzordeetako kide izan zen (1996-1999), eta Eliza arteko Misio eta Lankidetzarako (1999-2011\/2014-2017). Batzorde Exekutiboko kide izan zen 2011tik 2014ra. Iru\u00f1eko Eliza Probintzia ordezkatzen zuen Batzorde Iraunkorreko kide izan zen (2016-2017). 2017ko martxoaz geroztik, Eliza arteko Misio eta Lankidetzarako Gotzain Batzordeko presidente izan zen.   <\/p><p>Gaur egun, 2020ko martxoaz geroztik, EEEko Misio eta Elizarekin Lankidetzarako Batzorde Episkopaleko presidentea da. Batzorde Iraunkorreko kidea ere bada. <\/p><p>2022ko urtarrilaren 13an, Zuzenbide Kanonikoaren Kodeak agindutako 75 urte bete zituenean, Iru\u00f1eko artzapezpiku kargua utzi zion Aita Santuari.<\/p><p>2022ko otsailaren 12an, Aita Santuak Donostiako Elizbarrutiko Administratzaile Apostoliko izendatu zuen, kargu hori bete zuen 2022ko abenduaren 17ra arte, Fernando Prado Ayuso Monse\u00f1or Donostiako Gotzain berriak kargua hartzen duen arte. <\/p><p>2023ko azaroaren 9an, Frantzisko Aita Santuak Iru\u00f1eko artzapezpiku karguaren dimisioa onartu zuen, Florencio Rosell\u00f3 Avellanas monsinorea izendatuz haren ordezko. <\/p><p>Egun berean, Aita Santuak Iru\u00f1eko eta Tuterako artzapezpikutzako Administratzaile Apostoliko izendatu zuen, artzapezpiku berria sagaratu eta izendatu arte.<\/p><p>2024ko urtarrilaren 13an, Don Francisco P\u00e9rezen 77. urtebetetzearekin bat eginez, agur meza jendetsua egin zen Iru\u00f1eko katedralean, eta bertan, nafarrek eskerrak eman zizkioten Iru\u00f1ea-Tuterako elizbarrutiaren 17 urtez gidaritza pastorala emateagatik.<\/p>\t\t\t\t\t\t\t\t<\/div>\n\t\t\t\t<\/div>\n\t\t\t\t<\/div>\n\t\t\t\t\t<\/div>\n\t\t\t\t<\/div>\n\t\t\t\t<\/div>\n\t\t","protected":false},"excerpt":{"rendered":"<p>Zuzendaria Francisco P\u00e9rez Gonz\u00e1lez Biografia Francisco P\u00e9rez Gonz\u00e1lez monsinorea 1947ko urtarrilaren 13an jaio zen, Frandov\u00ednezen, Burgosko probintziako herri txiki batean, [&hellip;]<\/p>\n","protected":false},"author":1,"featured_media":0,"parent":0,"menu_order":0,"comment_status":"closed","ping_status":"closed","template":"","meta":{"site-sidebar-layout":"no-sidebar","site-content-layout":"","ast-site-content-layout":"full-width-container","site-content-style":"default","site-sidebar-style":"default","ast-global-header-display":"","ast-banner-title-visibility":"","ast-main-header-display":"","ast-hfb-above-header-display":"","ast-hfb-below-header-display":"","ast-hfb-mobile-header-display":"","site-post-title":"disabled","ast-breadcrumbs-content":"","ast-featured-img":"disabled","footer-sml-layout":"","ast-disable-related-posts":"","theme-transparent-header-meta":"","adv-header-id-meta":"","stick-header-meta":"","header-above-stick-meta":"","header-main-stick-meta":"","header-below-stick-meta":"","astra-migrate-meta-layouts":"default","ast-page-background-enabled":"default","ast-page-background-meta":{"desktop":{"background-color":"var(--ast-global-color-5)","background-image":"","background-repeat":"repeat","background-position":"center center","background-size":"auto","background-attachment":"scroll","background-type":"","background-media":"","overlay-type":"","overlay-color":"","overlay-opacity":"","overlay-gradient":""},"tablet":{"background-color":"","background-image":"","background-repeat":"repeat","background-position":"center center","background-size":"auto","background-attachment":"scroll","background-type":"","background-media":"","overlay-type":"","overlay-color":"","overlay-opacity":"","overlay-gradient":""},"mobile":{"background-color":"","background-image":"","background-repeat":"repeat","background-position":"center center","background-size":"auto","background-attachment":"scroll","background-type":"","background-media":"","overlay-type":"","overlay-color":"","overlay-opacity":"","overlay-gradient":""}},"ast-content-background-meta":{"desktop":{"background-color":"var(--ast-global-color-4)","background-image":"","background-repeat":"repeat","background-position":"center center","background-size":"auto","background-attachment":"scroll","background-type":"","background-media":"","overlay-type":"","overlay-color":"","overlay-opacity":"","overlay-gradient":""},"tablet":{"background-color":"var(--ast-global-color-4)","background-image":"","background-repeat":"repeat","background-position":"center center","background-size":"auto","background-attachment":"scroll","background-type":"","background-media":"","overlay-type":"","overlay-color":"","overlay-opacity":"","overlay-gradient":""},"mobile":{"background-color":"var(--ast-global-color-4)","background-image":"","background-repeat":"repeat","background-position":"center center","background-size":"auto","background-attachment":"scroll","background-type":"","background-media":"","overlay-type":"","overlay-color":"","overlay-opacity":"","overlay-gradient":""}},"footnotes":""},"class_list":["post-35625","page","type-page","status-publish","hentry"],"_links":{"self":[{"href":"https:\/\/iglesianavarra.org\/eu\/wp-json\/wp\/v2\/pages\/35625","targetHints":{"allow":["GET"]}}],"collection":[{"href":"https:\/\/iglesianavarra.org\/eu\/wp-json\/wp\/v2\/pages"}],"about":[{"href":"https:\/\/iglesianavarra.org\/eu\/wp-json\/wp\/v2\/types\/page"}],"author":[{"embeddable":true,"href":"https:\/\/iglesianavarra.org\/eu\/wp-json\/wp\/v2\/users\/1"}],"replies":[{"embeddable":true,"href":"https:\/\/iglesianavarra.org\/eu\/wp-json\/wp\/v2\/comments?post=35625"}],"version-history":[{"count":1,"href":"https:\/\/iglesianavarra.org\/eu\/wp-json\/wp\/v2\/pages\/35625\/revisions"}],"predecessor-version":[{"id":35626,"href":"https:\/\/iglesianavarra.org\/eu\/wp-json\/wp\/v2\/pages\/35625\/revisions\/35626"}],"wp:attachment":[{"href":"https:\/\/iglesianavarra.org\/eu\/wp-json\/wp\/v2\/media?parent=35625"}],"curies":[{"name":"wp","href":"https:\/\/api.w.org\/{rel}","templated":true}]}}