{"id":35696,"date":"2025-06-03T11:30:16","date_gmt":"2025-06-03T09:30:16","guid":{"rendered":"https:\/\/www.iglesianavarra.org\/egutegi-liturgikoa\/"},"modified":"2025-06-03T11:30:17","modified_gmt":"2025-06-03T09:30:17","slug":"egutegi-liturgikoa","status":"publish","type":"page","link":"https:\/\/iglesianavarra.org\/eu\/egutegi-liturgikoa\/","title":{"rendered":"Egutegi liturgikoa"},"content":{"rendered":"\t\t<div data-elementor-type=\"wp-page\" data-elementor-id=\"35696\" class=\"elementor elementor-35696 elementor-1132\" data-elementor-post-type=\"page\">\n\t\t\t\t<div class=\"elementor-element elementor-element-cd02c9f e-con-full e-flex e-con e-parent\" data-id=\"cd02c9f\" data-element_type=\"container\" data-e-type=\"container\">\n\t\t\t\t<div class=\"elementor-element elementor-element-ac77346 elementor-invisible elementor-widget elementor-widget-heading\" data-id=\"ac77346\" data-element_type=\"widget\" data-e-type=\"widget\" data-settings=\"{&quot;_animation&quot;:&quot;fadeInUp&quot;}\" data-widget_type=\"heading.default\">\n\t\t\t\t<div class=\"elementor-widget-container\">\n\t\t\t\t\t<h1 class=\"elementor-heading-title elementor-size-default\">Egutegi liturgikoa<\/h1>\t\t\t\t<\/div>\n\t\t\t\t<\/div>\n\t\t\t\t<div class=\"elementor-element elementor-element-25ee122 elementor-widget elementor-widget-image\" data-id=\"25ee122\" data-element_type=\"widget\" data-e-type=\"widget\" data-widget_type=\"image.default\">\n\t\t\t\t<div class=\"elementor-widget-container\">\n\t\t\t\t\t\t\t\t\t\t\t\t\t\t\t<img fetchpriority=\"high\" decoding=\"async\" width=\"800\" height=\"530\" src=\"https:\/\/iglesianavarra.org\/wp-content\/uploads\/2025\/05\/Misa-Crismal.jpg\" class=\"attachment-large size-large wp-image-1723\" alt=\"\" srcset=\"https:\/\/iglesianavarra.org\/wp-content\/uploads\/2025\/05\/Misa-Crismal.jpg 800w, https:\/\/iglesianavarra.org\/wp-content\/uploads\/2025\/05\/Misa-Crismal-300x199.jpg 300w, https:\/\/iglesianavarra.org\/wp-content\/uploads\/2025\/05\/Misa-Crismal-768x509.jpg 768w\" sizes=\"(max-width: 800px) 100vw, 800px\" \/>\t\t\t\t\t\t\t\t\t\t\t\t\t\t\t<\/div>\n\t\t\t\t<\/div>\n\t\t\t\t<div class=\"elementor-element elementor-element-aa68d49 elementor-widget elementor-widget-text-editor\" data-id=\"aa68d49\" data-element_type=\"widget\" data-e-type=\"widget\" data-widget_type=\"text-editor.default\">\n\t\t\t\t<div class=\"elementor-widget-container\">\n\t\t\t\t\t\t\t\t\t<p>Jainkozko Kulturarako eta Sakramentuen Diziplinarako Kongregazioak 2016ko apirilaren 4ko dekretuaren bidez onartua (Prot. N. 82\/16)<\/p>\t\t\t\t\t\t\t\t<\/div>\n\t\t\t\t<\/div>\n\t\t\t\t<div class=\"elementor-element elementor-element-94a9c7f elementor-invisible elementor-widget elementor-widget-heading\" data-id=\"94a9c7f\" data-element_type=\"widget\" data-e-type=\"widget\" data-settings=\"{&quot;_animation&quot;:&quot;fadeInUp&quot;}\" data-widget_type=\"heading.default\">\n\t\t\t\t<div class=\"elementor-widget-container\">\n\t\t\t\t\t<h2 class=\"elementor-heading-title elementor-size-default\">OTSAILA<\/h2>\t\t\t\t<\/div>\n\t\t\t\t<\/div>\n\t\t\t\t<div class=\"elementor-element elementor-element-9747315 elementor-widget elementor-widget-n-accordion\" data-id=\"9747315\" data-element_type=\"widget\" data-e-type=\"widget\" data-settings=\"{&quot;default_state&quot;:&quot;all_collapsed&quot;,&quot;max_items_expended&quot;:&quot;one&quot;,&quot;n_accordion_animation_duration&quot;:{&quot;unit&quot;:&quot;ms&quot;,&quot;size&quot;:400,&quot;sizes&quot;:[]}}\" data-widget_type=\"nested-accordion.default\">\n\t\t\t\t<div class=\"elementor-widget-container\">\n\t\t\t\t\t\t\t<div class=\"e-n-accordion\" aria-label=\"Accordion. Open links with Enter or Space, close with Escape, and navigate with Arrow Keys\">\n\t\t\t\t\t\t<details id=\"e-n-accordion-item-1580\" class=\"e-n-accordion-item\" >\n\t\t\t\t<summary class=\"e-n-accordion-item-title\" data-accordion-index=\"1\" tabindex=\"0\" aria-expanded=\"false\" aria-controls=\"e-n-accordion-item-1580\" >\n\t\t\t\t\t<span class='e-n-accordion-item-title-header'><div class=\"e-n-accordion-item-title-text\"> Otsailak 1: San Raimundo Fiterokoa, abadea <\/div><\/span>\n\t\t\t\t\t\t\t<span class='e-n-accordion-item-title-icon'>\n\t\t\t<span class='e-opened' ><svg aria-hidden=\"true\" class=\"e-font-icon-svg e-fas-minus\" viewBox=\"0 0 448 512\" xmlns=\"http:\/\/www.w3.org\/2000\/svg\"><path d=\"M416 208H32c-17.67 0-32 14.33-32 32v32c0 17.67 14.33 32 32 32h384c17.67 0 32-14.33 32-32v-32c0-17.67-14.33-32-32-32z\"><\/path><\/svg><\/span>\n\t\t\t<span class='e-closed'><svg aria-hidden=\"true\" class=\"e-font-icon-svg e-fas-plus\" viewBox=\"0 0 448 512\" xmlns=\"http:\/\/www.w3.org\/2000\/svg\"><path d=\"M416 208H272V64c0-17.67-14.33-32-32-32h-32c-17.67 0-32 14.33-32 32v144H32c-17.67 0-32 14.33-32 32v32c0 17.67 14.33 32 32 32h144v144c0 17.67 14.33 32 32 32h32c17.67 0 32-14.33 32-32V304h144c17.67 0 32-14.33 32-32v-32c0-17.67-14.33-32-32-32z\"><\/path><\/svg><\/span>\n\t\t<\/span>\n\n\t\t\t\t\t\t<\/summary>\n\t\t\t\t<div role=\"region\" aria-labelledby=\"e-n-accordion-item-1580\" class=\"elementor-element elementor-element-7431ae4 e-con-full e-flex e-con e-child\" data-id=\"7431ae4\" data-element_type=\"container\" data-e-type=\"container\">\n\t\t<div role=\"region\" aria-labelledby=\"e-n-accordion-item-1580\" class=\"elementor-element elementor-element-fc7aba3 e-con-full e-flex e-con e-child\" data-id=\"fc7aba3\" data-element_type=\"container\" data-e-type=\"container\">\n\t\t<div role=\"region\" aria-labelledby=\"e-n-accordion-item-1580\" class=\"elementor-element elementor-element-cc07ea8 e-con-full e-flex e-con e-child\" data-id=\"cc07ea8\" data-element_type=\"container\" data-e-type=\"container\">\n\t\t\t\t<div class=\"elementor-element elementor-element-974f354 elementor-widget elementor-widget-text-editor\" data-id=\"974f354\" data-element_type=\"widget\" data-e-type=\"widget\" data-widget_type=\"text-editor.default\">\n\t\t\t\t<div class=\"elementor-widget-container\">\n\t\t\t\t\t\t\t\t\t<p><strong>Memoria librea<\/strong><\/p><div class=\"su-spoiler su-spoiler-style-fancy su-spoiler-icon-plus\" data-scroll-offset=\"0\" data-anchor-in-url=\"no\"><div class=\"su-spoiler-content su-u-clearfix su-u-trim\"><p>IX. mendearen amaieran jaio zen, nahiz eta bere kokapen zehatza ezezaguna den. Gaztetan, Tarazonako kanonigo izendatu zuten, eta urte batzuk geroago Gaskoniako (Frantzia) Scala Deiko zistertar monasterioan sartu zen. Nianzabasko monasterioa sortzera bidali zuten, gaur egungo Alfaroko Errioxako udalerritik gertu, eta han abade hautatu zuten, monasterio-komunitatea Fiterora eraman behar izan zuelarik 1140an. 1158an, arabiarren menpetik berreskuratutako Ciudad Real ondoko Calatrava hiri estrategikoaren jabetza mantentzeko, Calatravako Ordena izeneko ordena militar bat sortu zuen \u2014erdi monje, erdi soldadu\u2014, musulmanen inbasioari aurre egiteko. Gaur egun, ohorezko eta nobleziazko izaera baino ez du. Ciruelosen (Toledo) hil zen 1163an, bollandisten arabera, 1. urtean. Bere gorpua Toledoko Monte Si\u00f3n monasteriora eraman zuten 1471n, Paulo II.a Aita Santuak 1468ko martxoaren 15ean emandako baimenari esker, beraz, denbora luzez bere ospakizuna egun horretan inskribatu zen. Geroago, 1835ean, monasterioaren esklaustrazioarekin, bere gorpuzkiak Toledoko katedralera eraman zituzten.      <\/p><\/div><\/div><div class=\"su-spoiler su-spoiler-style-fancy su-spoiler-icon-plus su-spoiler-closed\" data-scroll-offset=\"0\" data-anchor-in-url=\"no\"><div class=\"su-spoiler-title\" tabindex=\"0\" role=\"button\"> <\/div><\/div>\t\t\t\t\t\t\t\t<\/div>\n\t\t\t\t<\/div>\n\t\t\t\t<\/div>\n\t\t<div role=\"region\" aria-labelledby=\"e-n-accordion-item-1580\" class=\"elementor-element elementor-element-4f60822 e-con-full e-flex e-con e-child\" data-id=\"4f60822\" data-element_type=\"container\" data-e-type=\"container\" data-settings=\"{&quot;background_background&quot;:&quot;classic&quot;}\">\n\t\t\t\t<\/div>\n\t\t\t\t<\/div>\n\t\t\t\t<\/div>\n\t\t\t\t\t<\/details>\n\t\t\t\t\t\t<details id=\"e-n-accordion-item-1581\" class=\"e-n-accordion-item\" >\n\t\t\t\t<summary class=\"e-n-accordion-item-title\" data-accordion-index=\"2\" tabindex=\"-1\" aria-expanded=\"false\" aria-controls=\"e-n-accordion-item-1581\" >\n\t\t\t\t\t<span class='e-n-accordion-item-title-header'><div class=\"e-n-accordion-item-title-text\"> Otsailak 24: Jesusen Bihotzaren Igokunde Bedeinkatua Nicol Go\u00f1i, birjina. <\/div><\/span>\n\t\t\t\t\t\t\t<span class='e-n-accordion-item-title-icon'>\n\t\t\t<span class='e-opened' ><svg aria-hidden=\"true\" class=\"e-font-icon-svg e-fas-minus\" viewBox=\"0 0 448 512\" xmlns=\"http:\/\/www.w3.org\/2000\/svg\"><path d=\"M416 208H32c-17.67 0-32 14.33-32 32v32c0 17.67 14.33 32 32 32h384c17.67 0 32-14.33 32-32v-32c0-17.67-14.33-32-32-32z\"><\/path><\/svg><\/span>\n\t\t\t<span class='e-closed'><svg aria-hidden=\"true\" class=\"e-font-icon-svg e-fas-plus\" viewBox=\"0 0 448 512\" xmlns=\"http:\/\/www.w3.org\/2000\/svg\"><path d=\"M416 208H272V64c0-17.67-14.33-32-32-32h-32c-17.67 0-32 14.33-32 32v144H32c-17.67 0-32 14.33-32 32v32c0 17.67 14.33 32 32 32h144v144c0 17.67 14.33 32 32 32h32c17.67 0 32-14.33 32-32V304h144c17.67 0 32-14.33 32-32v-32c0-17.67-14.33-32-32-32z\"><\/path><\/svg><\/span>\n\t\t<\/span>\n\n\t\t\t\t\t\t<\/summary>\n\t\t\t\t<div role=\"region\" aria-labelledby=\"e-n-accordion-item-1581\" class=\"elementor-element elementor-element-cee5b69 e-con-full e-flex e-con e-child\" data-id=\"cee5b69\" data-element_type=\"container\" data-e-type=\"container\">\n\t\t<div role=\"region\" aria-labelledby=\"e-n-accordion-item-1581\" class=\"elementor-element elementor-element-c1bdea0 e-con-full e-flex e-con e-child\" data-id=\"c1bdea0\" data-element_type=\"container\" data-e-type=\"container\">\n\t\t<div role=\"region\" aria-labelledby=\"e-n-accordion-item-1581\" class=\"elementor-element elementor-element-c8309f8 e-con-full e-flex e-con e-child\" data-id=\"c8309f8\" data-element_type=\"container\" data-e-type=\"container\">\n\t\t\t\t<div class=\"elementor-element elementor-element-a6beb95 elementor-widget elementor-widget-text-editor\" data-id=\"a6beb95\" data-element_type=\"widget\" data-e-type=\"widget\" data-widget_type=\"text-editor.default\">\n\t\t\t\t<div class=\"elementor-widget-container\">\n\t\t\t\t\t\t\t\t\t<p><strong>Memoria librea<\/strong><\/p><p><span style=\"font-size: 16px;\">Jesusen Bihotzaren Igoera (munduan Florentina Nicol Go\u00f1i) Tafallan (Nafarroa) jaio zen 1868ko martxoaren 14an. Haurra zela galdu zuen ama. Aitak, hezkuntza egokia bermatzeko, Huescako hiriko Santa Rosako Dominikar Ahizpei eman zien. Han, Jaunak Berari guztiz dedikatzera deitzen ari zela ulertu zuen, eta 1885eko urriaren 22an hasi zuen nobiziotza. Hurrengo urtean, erlijio-profesia egin zuen Jesusen Bihotzaren Igoera ahizpa izenarekin. Hiri honetan egon zen bitartean, gazteen hezkuntzari eskaini zion buru-belarri. Huescako beaterioa 1912an itxi ondoren, 1913. urtearen amaieran Limara (Peru) joan zen, ordenako lau ahizparekin eta dominikar apezpikuarekin, Fray Ram\u00f3n Zubietarekin, Urubambako eta Peruko Amazoniako Madre de Dioseko bikario apostolikoarekin. Han Patrocinio beaterioan lan egin zuen, eta bertan priora hautatu zuten. Misiolari bizitzaren behar espezifikoek eta ahizpen kopuruaren hazkundeak bultzatu zuten, aipatutako gotzainarekin batera, Errosario Santuaren Domingo Misiolarien Kongregazioa sortzera 1918ko urriaren 5ean, Elizak gehien behar zuen misio-egoeretan pobreak ebanjelizatzeko karismarekin. Ascensi\u00f3n Bedeinkatua nagusi jeneral izendatu zuten. Nobiziatua ireki zuten Espainian eta etxeak sortu zituzten Perun, Espainian, Portugalen eta Txinan. 1936an, Espainiako egoera larria ikusita, bere sorterrira itzuli zen bere alaba espiritualak bere presentziarekin laguntzeko. Santutasun ospearekin hil zen Iru\u00f1ean 1940ko otsailaren 24an.            <\/span><\/p>\t\t\t\t\t\t\t\t<\/div>\n\t\t\t\t<\/div>\n\t\t\t\t<\/div>\n\t\t<div role=\"region\" aria-labelledby=\"e-n-accordion-item-1581\" class=\"elementor-element elementor-element-b53ce5b e-con-full e-flex e-con e-child\" data-id=\"b53ce5b\" data-element_type=\"container\" data-e-type=\"container\" data-settings=\"{&quot;background_background&quot;:&quot;classic&quot;}\">\n\t\t\t\t<\/div>\n\t\t\t\t<\/div>\n\t\t\t\t<\/div>\n\t\t\t\t\t<\/details>\n\t\t\t\t\t<\/div>\n\t\t\t\t\t\t<\/div>\n\t\t\t\t<\/div>\n\t\t\t\t<div class=\"elementor-element elementor-element-50be432 elementor-invisible elementor-widget elementor-widget-heading\" data-id=\"50be432\" data-element_type=\"widget\" data-e-type=\"widget\" data-settings=\"{&quot;_animation&quot;:&quot;fadeInUp&quot;}\" data-widget_type=\"heading.default\">\n\t\t\t\t<div class=\"elementor-widget-container\">\n\t\t\t\t\t<h2 class=\"elementor-heading-title elementor-size-default\">MARTXOA<\/h2>\t\t\t\t<\/div>\n\t\t\t\t<\/div>\n\t\t\t\t<div class=\"elementor-element elementor-element-3849b0f elementor-widget elementor-widget-n-accordion\" data-id=\"3849b0f\" data-element_type=\"widget\" data-e-type=\"widget\" data-settings=\"{&quot;default_state&quot;:&quot;all_collapsed&quot;,&quot;max_items_expended&quot;:&quot;one&quot;,&quot;n_accordion_animation_duration&quot;:{&quot;unit&quot;:&quot;ms&quot;,&quot;size&quot;:400,&quot;sizes&quot;:[]}}\" data-widget_type=\"nested-accordion.default\">\n\t\t\t\t<div class=\"elementor-widget-container\">\n\t\t\t\t\t\t\t<div class=\"e-n-accordion\" aria-label=\"Accordion. Open links with Enter or Space, close with Escape, and navigate with Arrow Keys\">\n\t\t\t\t\t\t<details id=\"e-n-accordion-item-5900\" class=\"e-n-accordion-item\" >\n\t\t\t\t<summary class=\"e-n-accordion-item-title\" data-accordion-index=\"1\" tabindex=\"0\" aria-expanded=\"false\" aria-controls=\"e-n-accordion-item-5900\" >\n\t\t\t\t\t<span class='e-n-accordion-item-title-header'><div class=\"e-n-accordion-item-title-text\"> Martxoak 8: San Veremundo de Irache, abadea. <\/div><\/span>\n\t\t\t\t\t\t\t<span class='e-n-accordion-item-title-icon'>\n\t\t\t<span class='e-opened' ><svg aria-hidden=\"true\" class=\"e-font-icon-svg e-fas-minus\" viewBox=\"0 0 448 512\" xmlns=\"http:\/\/www.w3.org\/2000\/svg\"><path d=\"M416 208H32c-17.67 0-32 14.33-32 32v32c0 17.67 14.33 32 32 32h384c17.67 0 32-14.33 32-32v-32c0-17.67-14.33-32-32-32z\"><\/path><\/svg><\/span>\n\t\t\t<span class='e-closed'><svg aria-hidden=\"true\" class=\"e-font-icon-svg e-fas-plus\" viewBox=\"0 0 448 512\" xmlns=\"http:\/\/www.w3.org\/2000\/svg\"><path d=\"M416 208H272V64c0-17.67-14.33-32-32-32h-32c-17.67 0-32 14.33-32 32v144H32c-17.67 0-32 14.33-32 32v32c0 17.67 14.33 32 32 32h144v144c0 17.67 14.33 32 32 32h32c17.67 0 32-14.33 32-32V304h144c17.67 0 32-14.33 32-32v-32c0-17.67-14.33-32-32-32z\"><\/path><\/svg><\/span>\n\t\t<\/span>\n\n\t\t\t\t\t\t<\/summary>\n\t\t\t\t<div role=\"region\" aria-labelledby=\"e-n-accordion-item-5900\" class=\"elementor-element elementor-element-1137f58 e-con-full e-flex e-con e-child\" data-id=\"1137f58\" data-element_type=\"container\" data-e-type=\"container\">\n\t\t<div role=\"region\" aria-labelledby=\"e-n-accordion-item-5900\" class=\"elementor-element elementor-element-e6a1319 e-con-full e-flex e-con e-child\" data-id=\"e6a1319\" data-element_type=\"container\" data-e-type=\"container\">\n\t\t<div role=\"region\" aria-labelledby=\"e-n-accordion-item-5900\" class=\"elementor-element elementor-element-6f7bf73 e-con-full e-flex e-con e-child\" data-id=\"6f7bf73\" data-element_type=\"container\" data-e-type=\"container\">\n\t\t\t\t<div class=\"elementor-element elementor-element-88e0020 elementor-widget elementor-widget-text-editor\" data-id=\"88e0020\" data-element_type=\"widget\" data-e-type=\"widget\" data-widget_type=\"text-editor.default\">\n\t\t\t\t<div class=\"elementor-widget-container\">\n\t\t\t\t\t\t\t\t\t<p><strong>Memoria librea<\/strong><\/p><div class=\"su-spoiler su-spoiler-style-fancy su-spoiler-icon-plus\" data-scroll-offset=\"0\" data-anchor-in-url=\"no\"><div class=\"su-spoiler-content su-u-clearfix su-u-trim\"><div class=\"su-spoiler su-spoiler-style-fancy su-spoiler-icon-plus\" data-scroll-offset=\"0\" data-anchor-in-url=\"no\"><div class=\"su-spoiler-content su-u-clearfix su-u-trim\"><p>San Veremundo Iracheko monasterioko abadea izan zen; haren erregealdian, bere unerik distiratsuenetako bat izan zuen. Bertan zegoen erromesentzako ospitalea ezinbesteko geldialdia zen Santiagora zihoazenentzat. Pe\u00f1al\u00e9neko Antso IV.a erregeak dohaintza ugari eman zizkion monasterioari, beste dohaintza pribatu batzuez gain. Badirudi hil eta gutxira santu gisa gurtu zutela. Hala ere, hari buruzko lehen informazio hagiografikoa oso berantiar kontakizunetatik dator (\u201cIracheko irakurgaia\u201d, 1547). Tradizio jainkotiar horien arabera, santua Villatuertan edo Arellanon jaio zen 1020 inguruan eta bere aurreko Munio abadearen iloba zen. Bere bertute nabarmenenetako bat Iru\u00f1eko erreinua astindu zuten izurrite eta gosete garaian erakutsitako karitate arduratsua izan zen. 1090eko martxoaren 8an hil zen. Elizaren ondasunen konfiskatzearen ondorioz, santuaren gorpuzkiak Ayeguira eraman zituzten (1839), eta ordutik, txandaka kontserbatu dituzte bost urtez San Veremundoren jaioterria direla dioten bi herriek. Monasterioak paper garrantzitsua izan zuen gure liturgia hispaniarra edo mozarabiarra defendatzeko erritu aldaketaren inguruko eztabaidan. Alexandro II.aren aitasantutzan, Iracheren \u201cLiber ordinum\u201d Erromara eraman zuten (1065 edo 1069) ikuskatzeko eta onartzeko, San Martin de Albelda (Errioxa) eta Santa Gemma (gaur egungo Lizarratik gertu) monasterioetatik hautatutako beste kodez liturgiko batzuekin batera, heresia salaketak uxatzeko.          <\/p><\/div><\/div><\/div><\/div><div class=\"su-spoiler su-spoiler-style-fancy su-spoiler-icon-plus su-spoiler-closed\" data-scroll-offset=\"0\" data-anchor-in-url=\"no\"><div class=\"su-spoiler-title\" tabindex=\"0\" role=\"button\"> <\/div><\/div>\t\t\t\t\t\t\t\t<\/div>\n\t\t\t\t<\/div>\n\t\t\t\t<\/div>\n\t\t<div role=\"region\" aria-labelledby=\"e-n-accordion-item-5900\" class=\"elementor-element elementor-element-6696390 e-con-full e-flex e-con e-child\" data-id=\"6696390\" data-element_type=\"container\" data-e-type=\"container\" data-settings=\"{&quot;background_background&quot;:&quot;classic&quot;}\">\n\t\t\t\t<\/div>\n\t\t\t\t<\/div>\n\t\t\t\t<\/div>\n\t\t\t\t\t<\/details>\n\t\t\t\t\t<\/div>\n\t\t\t\t\t\t<\/div>\n\t\t\t\t<\/div>\n\t\t\t\t<div class=\"elementor-element elementor-element-d21b8ae elementor-invisible elementor-widget elementor-widget-heading\" data-id=\"d21b8ae\" data-element_type=\"widget\" data-e-type=\"widget\" data-settings=\"{&quot;_animation&quot;:&quot;fadeInUp&quot;}\" data-widget_type=\"heading.default\">\n\t\t\t\t<div class=\"elementor-widget-container\">\n\t\t\t\t\t<h2 class=\"elementor-heading-title elementor-size-default\">MARTXOA\/APIRILA<\/h2>\t\t\t\t<\/div>\n\t\t\t\t<\/div>\n\t\t\t\t<div class=\"elementor-element elementor-element-3453d76 elementor-widget elementor-widget-n-accordion\" data-id=\"3453d76\" data-element_type=\"widget\" data-e-type=\"widget\" data-settings=\"{&quot;default_state&quot;:&quot;all_collapsed&quot;,&quot;max_items_expended&quot;:&quot;one&quot;,&quot;n_accordion_animation_duration&quot;:{&quot;unit&quot;:&quot;ms&quot;,&quot;size&quot;:400,&quot;sizes&quot;:[]}}\" data-widget_type=\"nested-accordion.default\">\n\t\t\t\t<div class=\"elementor-widget-container\">\n\t\t\t\t\t\t\t<div class=\"e-n-accordion\" aria-label=\"Accordion. Open links with Enter or Space, close with Escape, and navigate with Arrow Keys\">\n\t\t\t\t\t\t<details id=\"e-n-accordion-item-5480\" class=\"e-n-accordion-item\" >\n\t\t\t\t<summary class=\"e-n-accordion-item-title\" data-accordion-index=\"1\" tabindex=\"0\" aria-expanded=\"false\" aria-controls=\"e-n-accordion-item-5480\" >\n\t\t\t\t\t<span class='e-n-accordion-item-title-header'><div class=\"e-n-accordion-item-title-text\"> Iru\u00f1eko Santa Maria Katedrale Metropolitarraren Dedikazioa. <\/div><\/span>\n\t\t\t\t\t\t\t<span class='e-n-accordion-item-title-icon'>\n\t\t\t<span class='e-opened' ><svg aria-hidden=\"true\" class=\"e-font-icon-svg e-fas-minus\" viewBox=\"0 0 448 512\" xmlns=\"http:\/\/www.w3.org\/2000\/svg\"><path d=\"M416 208H32c-17.67 0-32 14.33-32 32v32c0 17.67 14.33 32 32 32h384c17.67 0 32-14.33 32-32v-32c0-17.67-14.33-32-32-32z\"><\/path><\/svg><\/span>\n\t\t\t<span class='e-closed'><svg aria-hidden=\"true\" class=\"e-font-icon-svg e-fas-plus\" viewBox=\"0 0 448 512\" xmlns=\"http:\/\/www.w3.org\/2000\/svg\"><path d=\"M416 208H272V64c0-17.67-14.33-32-32-32h-32c-17.67 0-32 14.33-32 32v144H32c-17.67 0-32 14.33-32 32v32c0 17.67 14.33 32 32 32h144v144c0 17.67 14.33 32 32 32h32c17.67 0 32-14.33 32-32V304h144c17.67 0 32-14.33 32-32v-32c0-17.67-14.33-32-32-32z\"><\/path><\/svg><\/span>\n\t\t<\/span>\n\n\t\t\t\t\t\t<\/summary>\n\t\t\t\t<div role=\"region\" aria-labelledby=\"e-n-accordion-item-5480\" class=\"elementor-element elementor-element-38ddf96 e-con-full e-flex e-con e-child\" data-id=\"38ddf96\" data-element_type=\"container\" data-e-type=\"container\">\n\t\t<div role=\"region\" aria-labelledby=\"e-n-accordion-item-5480\" class=\"elementor-element elementor-element-adf0214 e-con-full e-flex e-con e-child\" data-id=\"adf0214\" data-element_type=\"container\" data-e-type=\"container\">\n\t\t<div role=\"region\" aria-labelledby=\"e-n-accordion-item-5480\" class=\"elementor-element elementor-element-a11ee06 e-con-full e-flex e-con e-child\" data-id=\"a11ee06\" data-element_type=\"container\" data-e-type=\"container\">\n\t\t\t\t<div class=\"elementor-element elementor-element-f91dbde elementor-widget elementor-widget-text-editor\" data-id=\"f91dbde\" data-element_type=\"widget\" data-e-type=\"widget\" data-widget_type=\"text-editor.default\">\n\t\t\t\t<div class=\"elementor-widget-container\">\n\t\t\t\t\t\t\t\t\t<p><strong>Pazkoko bigarren igandearen ondorengo asteartea. Iru\u00f1eko elizbarrutiko jaieguna (katedralean: solemnitatea). <\/strong><\/p><div class=\"su-spoiler su-spoiler-style-fancy su-spoiler-icon-plus\" data-scroll-offset=\"0\" data-anchor-in-url=\"no\"><div class=\"su-spoiler-content su-u-clearfix su-u-trim\"><div class=\"su-spoiler su-spoiler-style-fancy su-spoiler-icon-plus\" data-scroll-offset=\"0\" data-anchor-in-url=\"no\"><div class=\"su-spoiler-content su-u-clearfix su-u-trim\"><div class=\"su-spoiler su-spoiler-style-fancy su-spoiler-icon-plus\" data-scroll-offset=\"0\" data-anchor-in-url=\"no\"><div class=\"su-spoiler-content su-u-clearfix su-u-trim\"><p>Toledoko Hirugarren Kontzilioan (589) eta Zaragozako Bigarren Kontzilioan (592) Iru\u00f1eko gotzainen presentziari buruzko berriek adierazten dute garai hartan Iru\u00f1ean katedral bat zegoela. Gaiari buruzko ondorengo dokumentazio-informazioak adierazten du 924an Abd-al-Rahman III.ak, Iru\u00f1eko erreinu jaioberriaren aurkako kanpainan zehar, bertan zegoen eliza suntsitu zuela. Ez da ezer geratzen Antso III.ak Handiak XI. mendearen hasieran zaharberritu zuen elizbarrutiko tenplutik, gotzain-aulkia hartzeko. Eraikin hau eraitsi egin zen katedral erromaniko handi bat hutsetik eraikitzeko, 1100ean Pedro de Roda gotzainak hasi zuena, oinarrizko harria jarri zuena. Katedraleko lanak William gotzainak (1115-1122) jarraitu zituen, kapitulu-gelan lurperatu zuten lehena izan baitzen. 1127an, Antso Larrosaren aitasantzan (1122-1142), modu solemnean sagaratu zen Alfontso I.a Borrokalariaren eta hainbat gotzain, abade, noble eta fededun jendetza ugariren aurrean. Garai hartan, kanonigo erregularrak, lehenago sekularrak zirenak, agertu ziren San Agustinen agindupean. 1137rako, klaustroa amaituta zegoen, baina 1276ko San Migel jaiaren inguruan katedralaren arpilaketa bandaliko baten ondoren desagertu zen. Klaustro berriaren lanak 1280an hasi ziren, Miguel S\u00e1nchez de Uncastillo gotzainaren eskariz. Arnaldo de Barbaz\u00e1n gotzainak (1318-1355) klaustroaren beste erdia eta bere izena daraman kapera eraikitzea agindu zuen. 1390ean, katedral erromanikoa erori zen. Katedral gotikoaren eraikuntza 1394an hasi zen Karlos III.a erregearen eta Iru\u00f1eko gotzain Mart\u00edn de Zalba kardinalaren bultzadari esker, eta XVI. mendearen hasieran amaitu zen. Katedralak ez zuen berritze lan handirik jasan mende honetara arte, XVIII. mendearen amaieran eraikitako fatxada neoklasikoa izan ezik. 1940 eta 1946 artean, zenbait berritze lan egin ziren, hala nola erretaula nagusia kendu eta korua absidera lekualdatu. 1992ko abuztuan, Iru\u00f1eko katedralaren zaharberritze zabala hasi zen: indusketa arkeologikoak, ikerketa historiko eta artistikoak eta egituraren zaharberritze osoa. Lanak 1994ko urrian amaitu ziren. Urte horretako azaroaren 6an, Santa Maria katedraleko eliza berriro inauguratu zen. Mendeetan zehar, katedrala gotzain-egoitza izan da; 1956tik, Iru\u00f1eko artzapezpikutzaren metropoli-egoitza da. Dedikazioaren jaiak ez du data finkorik, baina beti ospatzen da Albiseko igandeko hirugarren ferian. Arau hau 1301ean ezarri zen, ez gauza berri gisa, baizik eta antzinatik jarraitutako tradizio gisa. Tutera, Ablitas, Fontellas, Murchante eta Ribaforada izan ezik, Nafarroako parrokia guztiak Iru\u00f1eko elizbarrutiarenak dira.                    <\/p><\/div><\/div><\/div><\/div><\/div><\/div><div class=\"su-spoiler su-spoiler-style-fancy su-spoiler-icon-plus su-spoiler-closed\" data-scroll-offset=\"0\" data-anchor-in-url=\"no\"><div class=\"su-spoiler-title\" tabindex=\"0\" role=\"button\"> <\/div><\/div>\t\t\t\t\t\t\t\t<\/div>\n\t\t\t\t<\/div>\n\t\t\t\t<\/div>\n\t\t<div role=\"region\" aria-labelledby=\"e-n-accordion-item-5480\" class=\"elementor-element elementor-element-e201217 e-con-full e-flex e-con e-child\" data-id=\"e201217\" data-element_type=\"container\" data-e-type=\"container\" data-settings=\"{&quot;background_background&quot;:&quot;classic&quot;}\">\n\t\t\t\t<\/div>\n\t\t\t\t<\/div>\n\t\t\t\t<\/div>\n\t\t\t\t\t<\/details>\n\t\t\t\t\t<\/div>\n\t\t\t\t\t\t<\/div>\n\t\t\t\t<\/div>\n\t\t\t\t<div class=\"elementor-element elementor-element-10cf3a4 elementor-invisible elementor-widget elementor-widget-heading\" data-id=\"10cf3a4\" data-element_type=\"widget\" data-e-type=\"widget\" data-settings=\"{&quot;_animation&quot;:&quot;fadeInUp&quot;}\" data-widget_type=\"heading.default\">\n\t\t\t\t<div class=\"elementor-widget-container\">\n\t\t\t\t\t<h2 class=\"elementor-heading-title elementor-size-default\">MAIATZA<\/h2>\t\t\t\t<\/div>\n\t\t\t\t<\/div>\n\t\t\t\t<div class=\"elementor-element elementor-element-342208b elementor-widget elementor-widget-n-accordion\" data-id=\"342208b\" data-element_type=\"widget\" data-e-type=\"widget\" data-settings=\"{&quot;default_state&quot;:&quot;all_collapsed&quot;,&quot;max_items_expended&quot;:&quot;one&quot;,&quot;n_accordion_animation_duration&quot;:{&quot;unit&quot;:&quot;ms&quot;,&quot;size&quot;:400,&quot;sizes&quot;:[]}}\" data-widget_type=\"nested-accordion.default\">\n\t\t\t\t<div class=\"elementor-widget-container\">\n\t\t\t\t\t\t\t<div class=\"e-n-accordion\" aria-label=\"Accordion. Open links with Enter or Space, close with Escape, and navigate with Arrow Keys\">\n\t\t\t\t\t\t<details id=\"e-n-accordion-item-5460\" class=\"e-n-accordion-item\" >\n\t\t\t\t<summary class=\"e-n-accordion-item-title\" data-accordion-index=\"1\" tabindex=\"0\" aria-expanded=\"false\" aria-controls=\"e-n-accordion-item-5460\" >\n\t\t\t\t\t<span class='e-n-accordion-item-title-header'><div class=\"e-n-accordion-item-title-text\"> Maiatzak 9: Berruezako San Gregorio, gotzaina <\/div><\/span>\n\t\t\t\t\t\t\t<span class='e-n-accordion-item-title-icon'>\n\t\t\t<span class='e-opened' ><svg aria-hidden=\"true\" class=\"e-font-icon-svg e-fas-minus\" viewBox=\"0 0 448 512\" xmlns=\"http:\/\/www.w3.org\/2000\/svg\"><path d=\"M416 208H32c-17.67 0-32 14.33-32 32v32c0 17.67 14.33 32 32 32h384c17.67 0 32-14.33 32-32v-32c0-17.67-14.33-32-32-32z\"><\/path><\/svg><\/span>\n\t\t\t<span class='e-closed'><svg aria-hidden=\"true\" class=\"e-font-icon-svg e-fas-plus\" viewBox=\"0 0 448 512\" xmlns=\"http:\/\/www.w3.org\/2000\/svg\"><path d=\"M416 208H272V64c0-17.67-14.33-32-32-32h-32c-17.67 0-32 14.33-32 32v144H32c-17.67 0-32 14.33-32 32v32c0 17.67 14.33 32 32 32h144v144c0 17.67 14.33 32 32 32h32c17.67 0 32-14.33 32-32V304h144c17.67 0 32-14.33 32-32v-32c0-17.67-14.33-32-32-32z\"><\/path><\/svg><\/span>\n\t\t<\/span>\n\n\t\t\t\t\t\t<\/summary>\n\t\t\t\t<div role=\"region\" aria-labelledby=\"e-n-accordion-item-5460\" class=\"elementor-element elementor-element-8d2e065 e-con-full e-flex e-con e-child\" data-id=\"8d2e065\" data-element_type=\"container\" data-e-type=\"container\">\n\t\t<div role=\"region\" aria-labelledby=\"e-n-accordion-item-5460\" class=\"elementor-element elementor-element-b9f2ba0 e-con-full e-flex e-con e-child\" data-id=\"b9f2ba0\" data-element_type=\"container\" data-e-type=\"container\">\n\t\t<div role=\"region\" aria-labelledby=\"e-n-accordion-item-5460\" class=\"elementor-element elementor-element-adefdb3 e-con-full e-flex e-con e-child\" data-id=\"adefdb3\" data-element_type=\"container\" data-e-type=\"container\">\n\t\t\t\t<div class=\"elementor-element elementor-element-5491008 elementor-widget elementor-widget-text-editor\" data-id=\"5491008\" data-element_type=\"widget\" data-e-type=\"widget\" data-widget_type=\"text-editor.default\">\n\t\t\t\t<div class=\"elementor-widget-container\">\n\t\t\t\t\t\t\t\t\t<p><strong>Memoria librea<\/strong><\/p><p><span style=\"font-size: 16px;\">San Gregorioren kultua kristau tradizioan belarriko gaitzen sendatzearekin eta, batez ere, uztak babestearekin lotu izan da. Hauek dira Sorladako Ostienseko San Gregorioren santutegi ezagunean zentratutako debozioaren ezaugarriak, batez ere La Berrueza eta Valdega herrietatik datozen erromesaldien helmuga. Erdi Arotik, Nafarroa, Gaztela eta Aragoiko jendea leku honetara etorri da nekazaritzako izurriteen aurkako erremedio gisa San Gregorioren ura bilatzera. Santuaren erlikiak dituen urna batez gain, santutegiak eta bere kofradiak \u20141348an sortuak\u2014 zilarrezko erlikia-buru bat zaintzen dute, eta bertatik pasatzen da soroak bedeinkatzeko erabiltzen den ura. Aro modernoan, La Berruezako San Gregoriorekiko debozioak hazkunde ikusgarria izan zuen. XVII. eta XVIII. mendeen artean, basilika barroko ederra eraiki zen lehenagoko eliza baten gainean. Santuaren buruaren erlikia-ontzia prozesioan eraman zen herri askotara: 1755-1756an ere, Fernando VI.aren aginduz, santuaren burua Aragoi, Valentzia, Murtzia, Andaluzia, Extremadura eta Mantxatik ibili zen. Gaur egun, Nafarroako herrietara joaten jarraitzen du haien soroak bedeinkatzeko. Santuaren identitateari dagokionez, frogarik zaharrenak Naziantzeko San Gregorioren jatorrizko dedikazioari egiten diola dirudi, XVII. mendearen hasieran egungo Ostiako San Gregoriok ordezkatu zuena.        <\/span><\/p>\t\t\t\t\t\t\t\t<\/div>\n\t\t\t\t<\/div>\n\t\t\t\t<\/div>\n\t\t<div role=\"region\" aria-labelledby=\"e-n-accordion-item-5460\" class=\"elementor-element elementor-element-054997f e-con-full e-flex e-con e-child\" data-id=\"054997f\" data-element_type=\"container\" data-e-type=\"container\" data-settings=\"{&quot;background_background&quot;:&quot;classic&quot;}\">\n\t\t\t\t<\/div>\n\t\t\t\t<\/div>\n\t\t\t\t<\/div>\n\t\t\t\t\t<\/details>\n\t\t\t\t\t\t<details id=\"e-n-accordion-item-5461\" class=\"e-n-accordion-item\" >\n\t\t\t\t<summary class=\"e-n-accordion-item-title\" data-accordion-index=\"2\" tabindex=\"-1\" aria-expanded=\"false\" aria-controls=\"e-n-accordion-item-5461\" >\n\t\t\t\t\t<span class='e-n-accordion-item-title-header'><div class=\"e-n-accordion-item-title-text\"> Maiatzak 16: San Migel Garikoitz, apaiza <\/div><\/span>\n\t\t\t\t\t\t\t<span class='e-n-accordion-item-title-icon'>\n\t\t\t<span class='e-opened' ><svg aria-hidden=\"true\" class=\"e-font-icon-svg e-fas-minus\" viewBox=\"0 0 448 512\" xmlns=\"http:\/\/www.w3.org\/2000\/svg\"><path d=\"M416 208H32c-17.67 0-32 14.33-32 32v32c0 17.67 14.33 32 32 32h384c17.67 0 32-14.33 32-32v-32c0-17.67-14.33-32-32-32z\"><\/path><\/svg><\/span>\n\t\t\t<span class='e-closed'><svg aria-hidden=\"true\" class=\"e-font-icon-svg e-fas-plus\" viewBox=\"0 0 448 512\" xmlns=\"http:\/\/www.w3.org\/2000\/svg\"><path d=\"M416 208H272V64c0-17.67-14.33-32-32-32h-32c-17.67 0-32 14.33-32 32v144H32c-17.67 0-32 14.33-32 32v32c0 17.67 14.33 32 32 32h144v144c0 17.67 14.33 32 32 32h32c17.67 0 32-14.33 32-32V304h144c17.67 0 32-14.33 32-32v-32c0-17.67-14.33-32-32-32z\"><\/path><\/svg><\/span>\n\t\t<\/span>\n\n\t\t\t\t\t\t<\/summary>\n\t\t\t\t<div role=\"region\" aria-labelledby=\"e-n-accordion-item-5461\" class=\"elementor-element elementor-element-8570f6a e-con-full e-flex e-con e-child\" data-id=\"8570f6a\" data-element_type=\"container\" data-e-type=\"container\">\n\t\t<div role=\"region\" aria-labelledby=\"e-n-accordion-item-5461\" class=\"elementor-element elementor-element-f821c1a e-con-full e-flex e-con e-child\" data-id=\"f821c1a\" data-element_type=\"container\" data-e-type=\"container\">\n\t\t<div role=\"region\" aria-labelledby=\"e-n-accordion-item-5461\" class=\"elementor-element elementor-element-809395f e-con-full e-flex e-con e-child\" data-id=\"809395f\" data-element_type=\"container\" data-e-type=\"container\">\n\t\t\t\t<div class=\"elementor-element elementor-element-b405019 elementor-widget elementor-widget-text-editor\" data-id=\"b405019\" data-element_type=\"widget\" data-e-type=\"widget\" data-widget_type=\"text-editor.default\">\n\t\t\t\t<div class=\"elementor-widget-container\">\n\t\t\t\t\t\t\t\t\t<p><strong>Memoria librea<\/strong><\/p><p>1797ko apirilaren 15ean jaio zen Ibarran (Nafarroa Beherea). Apaiz ordenatu ondoren, parrokiako laguntzaile gisa bidali zuten eta geroago Betharrameko (Frantzia) seminario nagusiko filosofia irakasle eta errektore bihurtu zen. Bertan, Bihotz Sakratuaren Apaizen Institutua sortzea planifikatu zuen \u2014Betharramarrak bezala ezagutzen zirenak\u2014, eta haren helburua parrokietako, ikastetxeetako eta seminarioetako apaizei prediku eta irakaskuntzaren bidez laguntzea zen. Gurutzeko Alaben sortzailekidea zen Joana Elisabeth Bichier des Agesen laguntza morala jaso zuen, San Migel Garikoitzek zuzendu zuena. Institutua onartu ondoren (1841), Betharram predikatzen, irakasten, ikasten, otoitz egiten eta erretiro espiritualak ematen eman zituen urteak bertan. 1853tik paralizatuta, bere arima Jaunari eman zion 1863ko maiatzaren 14an, Igokunde Egunean.     <\/p>\t\t\t\t\t\t\t\t<\/div>\n\t\t\t\t<\/div>\n\t\t\t\t<\/div>\n\t\t<div role=\"region\" aria-labelledby=\"e-n-accordion-item-5461\" class=\"elementor-element elementor-element-52b79ac e-con-full e-flex e-con e-child\" data-id=\"52b79ac\" data-element_type=\"container\" data-e-type=\"container\" data-settings=\"{&quot;background_background&quot;:&quot;classic&quot;}\">\n\t\t\t\t<\/div>\n\t\t\t\t<\/div>\n\t\t\t\t<\/div>\n\t\t\t\t\t<\/details>\n\t\t\t\t\t\t<details id=\"e-n-accordion-item-5462\" class=\"e-n-accordion-item\" >\n\t\t\t\t<summary class=\"e-n-accordion-item-title\" data-accordion-index=\"3\" tabindex=\"-1\" aria-expanded=\"false\" aria-controls=\"e-n-accordion-item-5462\" >\n\t\t\t\t\t<span class='e-n-accordion-item-title-header'><div class=\"e-n-accordion-item-title-text\"> Maiatzak 25: Santa Vicente Maria Lopez Vicu\u00f1a, birjina <\/div><\/span>\n\t\t\t\t\t\t\t<span class='e-n-accordion-item-title-icon'>\n\t\t\t<span class='e-opened' ><svg aria-hidden=\"true\" class=\"e-font-icon-svg e-fas-minus\" viewBox=\"0 0 448 512\" xmlns=\"http:\/\/www.w3.org\/2000\/svg\"><path d=\"M416 208H32c-17.67 0-32 14.33-32 32v32c0 17.67 14.33 32 32 32h384c17.67 0 32-14.33 32-32v-32c0-17.67-14.33-32-32-32z\"><\/path><\/svg><\/span>\n\t\t\t<span class='e-closed'><svg aria-hidden=\"true\" class=\"e-font-icon-svg e-fas-plus\" viewBox=\"0 0 448 512\" xmlns=\"http:\/\/www.w3.org\/2000\/svg\"><path d=\"M416 208H272V64c0-17.67-14.33-32-32-32h-32c-17.67 0-32 14.33-32 32v144H32c-17.67 0-32 14.33-32 32v32c0 17.67 14.33 32 32 32h144v144c0 17.67 14.33 32 32 32h32c17.67 0 32-14.33 32-32V304h144c17.67 0 32-14.33 32-32v-32c0-17.67-14.33-32-32-32z\"><\/path><\/svg><\/span>\n\t\t<\/span>\n\n\t\t\t\t\t\t<\/summary>\n\t\t\t\t<div role=\"region\" aria-labelledby=\"e-n-accordion-item-5462\" class=\"elementor-element elementor-element-4fd80fd e-con-full e-flex e-con e-child\" data-id=\"4fd80fd\" data-element_type=\"container\" data-e-type=\"container\">\n\t\t<div role=\"region\" aria-labelledby=\"e-n-accordion-item-5462\" class=\"elementor-element elementor-element-d8b0a44 e-con-full e-flex e-con e-child\" data-id=\"d8b0a44\" data-element_type=\"container\" data-e-type=\"container\">\n\t\t<div role=\"region\" aria-labelledby=\"e-n-accordion-item-5462\" class=\"elementor-element elementor-element-dc67589 e-con-full e-flex e-con e-child\" data-id=\"dc67589\" data-element_type=\"container\" data-e-type=\"container\">\n\t\t\t\t<div class=\"elementor-element elementor-element-4f71b29 elementor-widget elementor-widget-text-editor\" data-id=\"4f71b29\" data-element_type=\"widget\" data-e-type=\"widget\" data-widget_type=\"text-editor.default\">\n\t\t\t\t<div class=\"elementor-widget-container\">\n\t\t\t\t\t\t\t\t\t<p><strong>Memoria librea<\/strong><\/p><div class=\"su-spoiler su-spoiler-style-fancy su-spoiler-icon-plus\" data-scroll-offset=\"0\" data-anchor-in-url=\"no\"><div class=\"su-spoiler-content su-u-clearfix su-u-trim\"><p>1847ko martxoaren 22an Cascanten jaioa, txikitatik nabarmendu zen kristau doktrinarekiko zuen maitasunagatik. 1866an, eskaini zioten ezkontza-proposamena baztertuz, kastitate-botoa egin zuen. Etxeko zerbitzura dedikatzen ziren emakume gazteen beharrei erantzuteko, Maria Sortzez Garbiaren Erlijiosoen Institutua sortu zuen Madrilen 1876ko ekainaren 11n, non jantziak hartu eta, bi urte geroago, erlijio-botoak egin zituen. Bere bizitza arimen onerako eskuzabaltasunez eskainiz, Jainkoarekiko eta bere anai-arrebekiko, batez ere pobre eta xumeekiko, karitate bikainagatik nabarmendu zen, bere alabei utzi zien ezaugarria. Bizitza hilkor honetatik Madrilen joan zen 1890eko abenduaren 26an. Paulo VI.a Aita Santuak aldarera igo zuen 1975eko maiatzaren 25ean.     <\/p><\/div><\/div>\t\t\t\t\t\t\t\t<\/div>\n\t\t\t\t<\/div>\n\t\t\t\t<\/div>\n\t\t<div role=\"region\" aria-labelledby=\"e-n-accordion-item-5462\" class=\"elementor-element elementor-element-05e9872 e-con-full e-flex e-con e-child\" data-id=\"05e9872\" data-element_type=\"container\" data-e-type=\"container\" data-settings=\"{&quot;background_background&quot;:&quot;classic&quot;}\">\n\t\t\t\t<\/div>\n\t\t\t\t<\/div>\n\t\t\t\t<\/div>\n\t\t\t\t\t<\/details>\n\t\t\t\t\t<\/div>\n\t\t\t\t\t\t<\/div>\n\t\t\t\t<\/div>\n\t\t\t\t<div class=\"elementor-element elementor-element-1e73e94 elementor-invisible elementor-widget elementor-widget-heading\" data-id=\"1e73e94\" data-element_type=\"widget\" data-e-type=\"widget\" data-settings=\"{&quot;_animation&quot;:&quot;fadeInUp&quot;}\" data-widget_type=\"heading.default\">\n\t\t\t\t<div class=\"elementor-widget-container\">\n\t\t\t\t\t<h2 class=\"elementor-heading-title elementor-size-default\">EKAINA<\/h2>\t\t\t\t<\/div>\n\t\t\t\t<\/div>\n\t\t\t\t<div class=\"elementor-element elementor-element-e4914ac elementor-widget elementor-widget-n-accordion\" data-id=\"e4914ac\" data-element_type=\"widget\" data-e-type=\"widget\" data-settings=\"{&quot;default_state&quot;:&quot;all_collapsed&quot;,&quot;max_items_expended&quot;:&quot;one&quot;,&quot;n_accordion_animation_duration&quot;:{&quot;unit&quot;:&quot;ms&quot;,&quot;size&quot;:400,&quot;sizes&quot;:[]}}\" data-widget_type=\"nested-accordion.default\">\n\t\t\t\t<div class=\"elementor-widget-container\">\n\t\t\t\t\t\t\t<div class=\"e-n-accordion\" aria-label=\"Accordion. Open links with Enter or Space, close with Escape, and navigate with Arrow Keys\">\n\t\t\t\t\t\t<details id=\"e-n-accordion-item-2390\" class=\"e-n-accordion-item\" >\n\t\t\t\t<summary class=\"e-n-accordion-item-title\" data-accordion-index=\"1\" tabindex=\"0\" aria-expanded=\"false\" aria-controls=\"e-n-accordion-item-2390\" >\n\t\t\t\t\t<span class='e-n-accordion-item-title-header'><div class=\"e-n-accordion-item-title-text\"> Ekainak 26: San Josemar\u00eda Escriv\u00e1 de Balaguer, apaiza <\/div><\/span>\n\t\t\t\t\t\t\t<span class='e-n-accordion-item-title-icon'>\n\t\t\t<span class='e-opened' ><svg aria-hidden=\"true\" class=\"e-font-icon-svg e-fas-minus\" viewBox=\"0 0 448 512\" xmlns=\"http:\/\/www.w3.org\/2000\/svg\"><path d=\"M416 208H32c-17.67 0-32 14.33-32 32v32c0 17.67 14.33 32 32 32h384c17.67 0 32-14.33 32-32v-32c0-17.67-14.33-32-32-32z\"><\/path><\/svg><\/span>\n\t\t\t<span class='e-closed'><svg aria-hidden=\"true\" class=\"e-font-icon-svg e-fas-plus\" viewBox=\"0 0 448 512\" xmlns=\"http:\/\/www.w3.org\/2000\/svg\"><path d=\"M416 208H272V64c0-17.67-14.33-32-32-32h-32c-17.67 0-32 14.33-32 32v144H32c-17.67 0-32 14.33-32 32v32c0 17.67 14.33 32 32 32h144v144c0 17.67 14.33 32 32 32h32c17.67 0 32-14.33 32-32V304h144c17.67 0 32-14.33 32-32v-32c0-17.67-14.33-32-32-32z\"><\/path><\/svg><\/span>\n\t\t<\/span>\n\n\t\t\t\t\t\t<\/summary>\n\t\t\t\t<div role=\"region\" aria-labelledby=\"e-n-accordion-item-2390\" class=\"elementor-element elementor-element-c81cd15 e-con-full e-flex e-con e-child\" data-id=\"c81cd15\" data-element_type=\"container\" data-e-type=\"container\">\n\t\t<div role=\"region\" aria-labelledby=\"e-n-accordion-item-2390\" class=\"elementor-element elementor-element-23e5081 e-con-full e-flex e-con e-child\" data-id=\"23e5081\" data-element_type=\"container\" data-e-type=\"container\">\n\t\t<div role=\"region\" aria-labelledby=\"e-n-accordion-item-2390\" class=\"elementor-element elementor-element-ca92ba4 e-con-full e-flex e-con e-child\" data-id=\"ca92ba4\" data-element_type=\"container\" data-e-type=\"container\">\n\t\t\t\t<div class=\"elementor-element elementor-element-0fb537c elementor-widget elementor-widget-text-editor\" data-id=\"0fb537c\" data-element_type=\"widget\" data-e-type=\"widget\" data-widget_type=\"text-editor.default\">\n\t\t\t\t<div class=\"elementor-widget-container\">\n\t\t\t\t\t\t\t\t\t<p><strong>Memoria librea<\/strong><\/p><div class=\"su-spoiler su-spoiler-style-fancy su-spoiler-icon-plus\" data-scroll-offset=\"0\" data-anchor-in-url=\"no\"><div class=\"su-spoiler-content su-u-clearfix su-u-trim\"><p>1902an jaio zen Barbastron (Huesca) eta apaiz ordenatu zuten 1925ean. 1928ko urriaren 2an Opus Dei sortu zuen, Elizan bide berri bat irekiz edozein baldintzatako gizon-emakumeek beren kristau bokazioa bete-betean bizi zezaten, beren munduko jardueren santutzearen bidez. Opus Dei prelatutza pertsonal gisa eratu zen 1982an. Estudi\u00f3 General de Navarra (1952) sortu zuen, 1960an unibertsitate bihurtu zena, eta urte berean Estudi\u00f3 de Pamplonako seme adoptibo izendatu zuten. Erroman hil zen 1975eko ekainaren 26an.    <\/p><\/div><\/div>\t\t\t\t\t\t\t\t<\/div>\n\t\t\t\t<\/div>\n\t\t\t\t<\/div>\n\t\t<div role=\"region\" aria-labelledby=\"e-n-accordion-item-2390\" class=\"elementor-element elementor-element-59410d3 e-con-full e-flex e-con e-child\" data-id=\"59410d3\" data-element_type=\"container\" data-e-type=\"container\" data-settings=\"{&quot;background_background&quot;:&quot;classic&quot;}\">\n\t\t\t\t<\/div>\n\t\t\t\t<\/div>\n\t\t\t\t<\/div>\n\t\t\t\t\t<\/details>\n\t\t\t\t\t<\/div>\n\t\t\t\t\t\t<\/div>\n\t\t\t\t<\/div>\n\t\t\t\t<div class=\"elementor-element elementor-element-17d22f9 elementor-invisible elementor-widget elementor-widget-heading\" data-id=\"17d22f9\" data-element_type=\"widget\" data-e-type=\"widget\" data-settings=\"{&quot;_animation&quot;:&quot;fadeInUp&quot;}\" data-widget_type=\"heading.default\">\n\t\t\t\t<div class=\"elementor-widget-container\">\n\t\t\t\t\t<h2 class=\"elementor-heading-title elementor-size-default\">UZTAILA<\/h2>\t\t\t\t<\/div>\n\t\t\t\t<\/div>\n\t\t\t\t<div class=\"elementor-element elementor-element-6bcbcab elementor-widget elementor-widget-n-accordion\" data-id=\"6bcbcab\" data-element_type=\"widget\" data-e-type=\"widget\" data-settings=\"{&quot;default_state&quot;:&quot;all_collapsed&quot;,&quot;max_items_expended&quot;:&quot;one&quot;,&quot;n_accordion_animation_duration&quot;:{&quot;unit&quot;:&quot;ms&quot;,&quot;size&quot;:400,&quot;sizes&quot;:[]}}\" data-widget_type=\"nested-accordion.default\">\n\t\t\t\t<div class=\"elementor-widget-container\">\n\t\t\t\t\t\t\t<div class=\"e-n-accordion\" aria-label=\"Accordion. Open links with Enter or Space, close with Escape, and navigate with Arrow Keys\">\n\t\t\t\t\t\t<details id=\"e-n-accordion-item-1130\" class=\"e-n-accordion-item\" >\n\t\t\t\t<summary class=\"e-n-accordion-item-title\" data-accordion-index=\"1\" tabindex=\"0\" aria-expanded=\"false\" aria-controls=\"e-n-accordion-item-1130\" >\n\t\t\t\t\t<span class='e-n-accordion-item-title-header'><div class=\"e-n-accordion-item-title-text\"> Uztailak 7: San Fermin, gotzaina eta martiria <\/div><\/span>\n\t\t\t\t\t\t\t<span class='e-n-accordion-item-title-icon'>\n\t\t\t<span class='e-opened' ><svg aria-hidden=\"true\" class=\"e-font-icon-svg e-fas-minus\" viewBox=\"0 0 448 512\" xmlns=\"http:\/\/www.w3.org\/2000\/svg\"><path d=\"M416 208H32c-17.67 0-32 14.33-32 32v32c0 17.67 14.33 32 32 32h384c17.67 0 32-14.33 32-32v-32c0-17.67-14.33-32-32-32z\"><\/path><\/svg><\/span>\n\t\t\t<span class='e-closed'><svg aria-hidden=\"true\" class=\"e-font-icon-svg e-fas-plus\" viewBox=\"0 0 448 512\" xmlns=\"http:\/\/www.w3.org\/2000\/svg\"><path d=\"M416 208H272V64c0-17.67-14.33-32-32-32h-32c-17.67 0-32 14.33-32 32v144H32c-17.67 0-32 14.33-32 32v32c0 17.67 14.33 32 32 32h144v144c0 17.67 14.33 32 32 32h32c17.67 0 32-14.33 32-32V304h144c17.67 0 32-14.33 32-32v-32c0-17.67-14.33-32-32-32z\"><\/path><\/svg><\/span>\n\t\t<\/span>\n\n\t\t\t\t\t\t<\/summary>\n\t\t\t\t<div role=\"region\" aria-labelledby=\"e-n-accordion-item-1130\" class=\"elementor-element elementor-element-d1ea579 e-con-full e-flex e-con e-child\" data-id=\"d1ea579\" data-element_type=\"container\" data-e-type=\"container\">\n\t\t<div role=\"region\" aria-labelledby=\"e-n-accordion-item-1130\" class=\"elementor-element elementor-element-301eb51 e-con-full e-flex e-con e-child\" data-id=\"301eb51\" data-element_type=\"container\" data-e-type=\"container\">\n\t\t<div role=\"region\" aria-labelledby=\"e-n-accordion-item-1130\" class=\"elementor-element elementor-element-1b845df e-con-full e-flex e-con e-child\" data-id=\"1b845df\" data-element_type=\"container\" data-e-type=\"container\">\n\t\t\t\t<div class=\"elementor-element elementor-element-4c0586c elementor-widget elementor-widget-text-editor\" data-id=\"4c0586c\" data-element_type=\"widget\" data-e-type=\"widget\" data-widget_type=\"text-editor.default\">\n\t\t\t\t<div class=\"elementor-widget-container\">\n\t\t\t\t\t\t\t\t\t<p><strong>Jaialdia. <em>Iru\u00f1eko hirian:<\/em> Ospakizuna<\/strong><\/p><p><span style=\"font-size: 16px;\">Tradizio berantiar baten arabera, Ferm\u00edn Firmoren semea zen, Iru\u00f1eko senatari erromatarra, eta honek bere familia osoa kristau federa bihurtu zuen San Honestoren, San Saturninoren, dizipuluaren, predikuei jarraituz. Denborarekin, Ferm\u00edn gaztea bere jaioterriko lehen gotzaina eta Galiako ebanjelizatzailea bihurtuko zen, eta hiri horietako batean, Amiensen, martirioa jasango zuen Dioklezianoren inperioaren garaian, 290eko irailaren 25ean, burua moztuz. Iru\u00f1ean haren kultuari buruz iritsi zaigun lekukotasunik zaharrena 1186koa da, Pedro Parisko gotzainak (1167-1193), martiriaren buruaren erlikia bat lortu zuenean, San Fermin jaiaren maila liturgikoa igo zuenean, apostoluen jaiarekin parekatuz. 1466an, santuaren jaieguna eta haren oktaba elizbarruti osora zabaldu ziren, baina katedraleko aldare batean gurtzen zen santua Iru\u00f1ean bakarrik zen ezaguna. Garai hartan, beste jaialdi bat ospatzen zen haren omenez, solemnitate handiagoz, urriaren 10ean (San Fermin Amiensen sartu zela gogoratuz) eta hiriak Iru\u00f1eko apezpiku Bernardo de Rojas y Sandovalengandik eskatu eta lortu zuen uztailaren 7ra aldatzeko, azokarekin bat etortzeko (1591). Bere kultua XVII. mendean areagotu egin zen, batez ere klero sekularrak jesuitek babestutako San Frantzisko Xabierkoarekin alderatu zuenean. \u201cFerministen\u201d eta \u201cxavieristen\u201d arteko gatazka konpondu zen Alexandro VII.a Aita Santuak, 1657ko apirilaren 14an, San Fermin eta San Frantzisko Xabier Nafarroako babesle nagusi izendatu zituenean.<\/span><\/p>\t\t\t\t\t\t\t\t<\/div>\n\t\t\t\t<\/div>\n\t\t\t\t<\/div>\n\t\t<div role=\"region\" aria-labelledby=\"e-n-accordion-item-1130\" class=\"elementor-element elementor-element-7a0c8e5 e-con-full e-flex e-con e-child\" data-id=\"7a0c8e5\" data-element_type=\"container\" data-e-type=\"container\" data-settings=\"{&quot;background_background&quot;:&quot;classic&quot;}\">\n\t\t\t\t<\/div>\n\t\t\t\t<\/div>\n\t\t\t\t<\/div>\n\t\t\t\t\t<\/details>\n\t\t\t\t\t\t<details id=\"e-n-accordion-item-1131\" class=\"e-n-accordion-item\" >\n\t\t\t\t<summary class=\"e-n-accordion-item-title\" data-accordion-index=\"2\" tabindex=\"-1\" aria-expanded=\"false\" aria-controls=\"e-n-accordion-item-1131\" >\n\t\t\t\t\t<span class='e-n-accordion-item-title-header'><div class=\"e-n-accordion-item-title-text\"> Uztailak 10: Faustino Villanueva Villanueva dohatsua   <\/div><\/span>\n\t\t\t\t\t\t\t<span class='e-n-accordion-item-title-icon'>\n\t\t\t<span class='e-opened' ><svg aria-hidden=\"true\" class=\"e-font-icon-svg e-fas-minus\" viewBox=\"0 0 448 512\" xmlns=\"http:\/\/www.w3.org\/2000\/svg\"><path d=\"M416 208H32c-17.67 0-32 14.33-32 32v32c0 17.67 14.33 32 32 32h384c17.67 0 32-14.33 32-32v-32c0-17.67-14.33-32-32-32z\"><\/path><\/svg><\/span>\n\t\t\t<span class='e-closed'><svg aria-hidden=\"true\" class=\"e-font-icon-svg e-fas-plus\" viewBox=\"0 0 448 512\" xmlns=\"http:\/\/www.w3.org\/2000\/svg\"><path d=\"M416 208H272V64c0-17.67-14.33-32-32-32h-32c-17.67 0-32 14.33-32 32v144H32c-17.67 0-32 14.33-32 32v32c0 17.67 14.33 32 32 32h144v144c0 17.67 14.33 32 32 32h32c17.67 0 32-14.33 32-32V304h144c17.67 0 32-14.33 32-32v-32c0-17.67-14.33-32-32-32z\"><\/path><\/svg><\/span>\n\t\t<\/span>\n\n\t\t\t\t\t\t<\/summary>\n\t\t\t\t<div role=\"region\" aria-labelledby=\"e-n-accordion-item-1131\" class=\"elementor-element elementor-element-02c4421 e-con-full e-flex e-con e-child\" data-id=\"02c4421\" data-element_type=\"container\" data-e-type=\"container\">\n\t\t<div role=\"region\" aria-labelledby=\"e-n-accordion-item-1131\" class=\"elementor-element elementor-element-04fd1e9 e-con-full e-flex e-con e-child\" data-id=\"04fd1e9\" data-element_type=\"container\" data-e-type=\"container\">\n\t\t<div role=\"region\" aria-labelledby=\"e-n-accordion-item-1131\" class=\"elementor-element elementor-element-90db932 e-con-full e-flex e-con e-child\" data-id=\"90db932\" data-element_type=\"container\" data-e-type=\"container\">\n\t\t\t\t<div class=\"elementor-element elementor-element-df29ee9 elementor-widget elementor-widget-text-editor\" data-id=\"df29ee9\" data-element_type=\"widget\" data-e-type=\"widget\" data-widget_type=\"text-editor.default\">\n\t\t\t\t<div class=\"elementor-widget-container\">\n\t\t\t\t\t\t\t\t\t<p><strong>Memoria librea<\/strong><\/p><p><span style=\"font-size: 16px;\">  Villanueva Yesan jaio zen, 1931ko otsailaren 15ean. Bihotz Sakratuaren Misiolarien Kongregazioan sartu zen 1943an, eta bost urte geroago egin zuen bere profesioa. 1956an apaiz ordenatu zuten. Hiru urte geroago, El Quich\u00e9ko (Guatemala) misiora bidali zuten, eta ondoren Nikaraguan lan egitera joan zen. Guatemalara itzuli ondoren, Joyabaj parrokiara bidali zuten, eta han, 1980ko uztailaren 10eko arratsaldean, bere parrokiko bulegoan hil zuten bi sikariren eskutik, buruan tiro eginez.    <\/span><\/p>\t\t\t\t\t\t\t\t<\/div>\n\t\t\t\t<\/div>\n\t\t\t\t<\/div>\n\t\t<div role=\"region\" aria-labelledby=\"e-n-accordion-item-1131\" class=\"elementor-element elementor-element-ead09f4 e-con-full e-flex e-con e-child\" data-id=\"ead09f4\" data-element_type=\"container\" data-e-type=\"container\" data-settings=\"{&quot;background_background&quot;:&quot;classic&quot;}\">\n\t\t\t\t<\/div>\n\t\t\t\t<\/div>\n\t\t\t\t<\/div>\n\t\t\t\t\t<\/details>\n\t\t\t\t\t\t<details id=\"e-n-accordion-item-1132\" class=\"e-n-accordion-item\" >\n\t\t\t\t<summary class=\"e-n-accordion-item-title\" data-accordion-index=\"3\" tabindex=\"-1\" aria-expanded=\"false\" aria-controls=\"e-n-accordion-item-1132\" >\n\t\t\t\t\t<span class='e-n-accordion-item-title-header'><div class=\"e-n-accordion-item-title-text\"> Uztailak 14: Zudaireko Esteban dohatsua eta lagunak, martiriak <\/div><\/span>\n\t\t\t\t\t\t\t<span class='e-n-accordion-item-title-icon'>\n\t\t\t<span class='e-opened' ><svg aria-hidden=\"true\" class=\"e-font-icon-svg e-fas-minus\" viewBox=\"0 0 448 512\" xmlns=\"http:\/\/www.w3.org\/2000\/svg\"><path d=\"M416 208H32c-17.67 0-32 14.33-32 32v32c0 17.67 14.33 32 32 32h384c17.67 0 32-14.33 32-32v-32c0-17.67-14.33-32-32-32z\"><\/path><\/svg><\/span>\n\t\t\t<span class='e-closed'><svg aria-hidden=\"true\" class=\"e-font-icon-svg e-fas-plus\" viewBox=\"0 0 448 512\" xmlns=\"http:\/\/www.w3.org\/2000\/svg\"><path d=\"M416 208H272V64c0-17.67-14.33-32-32-32h-32c-17.67 0-32 14.33-32 32v144H32c-17.67 0-32 14.33-32 32v32c0 17.67 14.33 32 32 32h144v144c0 17.67 14.33 32 32 32h32c17.67 0 32-14.33 32-32V304h144c17.67 0 32-14.33 32-32v-32c0-17.67-14.33-32-32-32z\"><\/path><\/svg><\/span>\n\t\t<\/span>\n\n\t\t\t\t\t\t<\/summary>\n\t\t\t\t<div role=\"region\" aria-labelledby=\"e-n-accordion-item-1132\" class=\"elementor-element elementor-element-ced2f0e e-con-full e-flex e-con e-child\" data-id=\"ced2f0e\" data-element_type=\"container\" data-e-type=\"container\">\n\t\t<div role=\"region\" aria-labelledby=\"e-n-accordion-item-1132\" class=\"elementor-element elementor-element-88ab616 e-con-full e-flex e-con e-child\" data-id=\"88ab616\" data-element_type=\"container\" data-e-type=\"container\">\n\t\t<div role=\"region\" aria-labelledby=\"e-n-accordion-item-1132\" class=\"elementor-element elementor-element-964f1da e-con-full e-flex e-con e-child\" data-id=\"964f1da\" data-element_type=\"container\" data-e-type=\"container\">\n\t\t\t\t<div class=\"elementor-element elementor-element-0d9ee02 elementor-widget elementor-widget-text-editor\" data-id=\"0d9ee02\" data-element_type=\"widget\" data-e-type=\"widget\" data-widget_type=\"text-editor.default\">\n\t\t\t\t<div class=\"elementor-widget-container\">\n\t\t\t\t\t\t\t\t\t<p><strong>Memoria librea<\/strong><\/p><p>Esteban Zudaire-n (Amescoa Baja) jaio zen 1548an. Jesusen Lagundian sartu zen anaia laguntzaile gisa 19 urte zituela, 1567ko udazkenean, Villarejo de Fuentes-en (Cuenca). <\/p><p>Jostuna zen bere ofizioa. Ikasketak amaitu ondoren, Plasenciako (C\u00e1ceres) ikastetxera joan zen. Beste hogeita hemezortzi lagunekin batera, jesuitak ere baziren, \u201cSantiago\u201d izeneko itsasontzi batean igo ziren Valentziatik abiatuta, Ignacio de Acevedo apaiz portugaldarrak gidatuta, Brasilera zihoala lurralde horiek ebanjelizatzeko.  <\/p><p>1570eko uztailaren 15ean, La Palma uhartean (Kanariar Uharteak) dagoen Tazacorte udalerritik gertu, lau itsasontzik eta Jacques de Sores korsarioak gidatzen zuen hugonote pirata galeoi batek eraso zieten. Erlijio katolikoarekiko gorrotoagatik, guztiak ezpataz eta lantzez zulatu zituzten, eta gero bizirik itsasora bota zituzten. <\/p>\t\t\t\t\t\t\t\t<\/div>\n\t\t\t\t<\/div>\n\t\t\t\t<\/div>\n\t\t<div role=\"region\" aria-labelledby=\"e-n-accordion-item-1132\" class=\"elementor-element elementor-element-4ec68ba e-con-full e-flex e-con e-child\" data-id=\"4ec68ba\" data-element_type=\"container\" data-e-type=\"container\" data-settings=\"{&quot;background_background&quot;:&quot;classic&quot;}\">\n\t\t\t\t<\/div>\n\t\t\t\t<\/div>\n\t\t\t\t<\/div>\n\t\t\t\t\t<\/details>\n\t\t\t\t\t\t<details id=\"e-n-accordion-item-1133\" class=\"e-n-accordion-item\" >\n\t\t\t\t<summary class=\"e-n-accordion-item-title\" data-accordion-index=\"4\" tabindex=\"-1\" aria-expanded=\"false\" aria-controls=\"e-n-accordion-item-1133\" >\n\t\t\t\t\t<span class='e-n-accordion-item-title-header'><div class=\"e-n-accordion-item-title-text\"> Uztailak 26: San Joakin eta Santa Ana <\/div><\/span>\n\t\t\t\t\t\t\t<span class='e-n-accordion-item-title-icon'>\n\t\t\t<span class='e-opened' ><svg aria-hidden=\"true\" class=\"e-font-icon-svg e-fas-minus\" viewBox=\"0 0 448 512\" xmlns=\"http:\/\/www.w3.org\/2000\/svg\"><path d=\"M416 208H32c-17.67 0-32 14.33-32 32v32c0 17.67 14.33 32 32 32h384c17.67 0 32-14.33 32-32v-32c0-17.67-14.33-32-32-32z\"><\/path><\/svg><\/span>\n\t\t\t<span class='e-closed'><svg aria-hidden=\"true\" class=\"e-font-icon-svg e-fas-plus\" viewBox=\"0 0 448 512\" xmlns=\"http:\/\/www.w3.org\/2000\/svg\"><path d=\"M416 208H272V64c0-17.67-14.33-32-32-32h-32c-17.67 0-32 14.33-32 32v144H32c-17.67 0-32 14.33-32 32v32c0 17.67 14.33 32 32 32h144v144c0 17.67 14.33 32 32 32h32c17.67 0 32-14.33 32-32V304h144c17.67 0 32-14.33 32-32v-32c0-17.67-14.33-32-32-32z\"><\/path><\/svg><\/span>\n\t\t<\/span>\n\n\t\t\t\t\t\t<\/summary>\n\t\t\t\t<div role=\"region\" aria-labelledby=\"e-n-accordion-item-1133\" class=\"elementor-element elementor-element-fae3854 e-con-full e-flex e-con e-child\" data-id=\"fae3854\" data-element_type=\"container\" data-e-type=\"container\">\n\t\t<div role=\"region\" aria-labelledby=\"e-n-accordion-item-1133\" class=\"elementor-element elementor-element-5769323 e-con-full e-flex e-con e-child\" data-id=\"5769323\" data-element_type=\"container\" data-e-type=\"container\">\n\t\t<div role=\"region\" aria-labelledby=\"e-n-accordion-item-1133\" class=\"elementor-element elementor-element-e998a08 e-con-full e-flex e-con e-child\" data-id=\"e998a08\" data-element_type=\"container\" data-e-type=\"container\">\n\t\t\t\t<div class=\"elementor-element elementor-element-107e655 elementor-widget elementor-widget-text-editor\" data-id=\"107e655\" data-element_type=\"widget\" data-e-type=\"widget\" data-widget_type=\"text-editor.default\">\n\t\t\t\t<div class=\"elementor-widget-container\">\n\t\t\t\t\t\t\t\t\t<p><strong>Santa Ana, Tudelako zaindaria (Tudelako hirian, jai nagusia)<\/strong><\/p><div class=\"su-spoiler su-spoiler-style-fancy su-spoiler-icon-plus\" data-scroll-offset=\"0\" data-anchor-in-url=\"no\"><div class=\"su-spoiler-content su-u-clearfix su-u-trim\"><p>II. mendeko tradizio zahar batek izen hauek Ama Birjinaren gurasoei egozten dizkie. San Joakinen kultua berria da. Santa Anaren kultua VI. mendean sartu zen Ekialdeko Elizan eta X. mendean Mendebaldeko Elizara pasa zen. Santa Anarekiko debozioaren jatorria ez da ezagutzen Nafarroan, baina lehen idatzizko aipamena Nafarroako errege Teobaldo II.aren (1253-1270) testamentutik dator. Tutelako bidesarirako 20 soldo utzi zituen Santa Ana jaia katedralean ospatzen zen egunerako. 1530ean, Santa Ana Tuterako zaindari izendatu zuten.<\/p><\/div><\/div>\t\t\t\t\t\t\t\t<\/div>\n\t\t\t\t<\/div>\n\t\t\t\t<\/div>\n\t\t<div role=\"region\" aria-labelledby=\"e-n-accordion-item-1133\" class=\"elementor-element elementor-element-b7c6d49 e-con-full e-flex e-con e-child\" data-id=\"b7c6d49\" data-element_type=\"container\" data-e-type=\"container\" data-settings=\"{&quot;background_background&quot;:&quot;classic&quot;}\">\n\t\t\t\t<\/div>\n\t\t\t\t<\/div>\n\t\t\t\t<\/div>\n\t\t\t\t\t<\/details>\n\t\t\t\t\t<\/div>\n\t\t\t\t\t\t<\/div>\n\t\t\t\t<\/div>\n\t\t\t\t<div class=\"elementor-element elementor-element-6275b1c elementor-invisible elementor-widget elementor-widget-heading\" data-id=\"6275b1c\" data-element_type=\"widget\" data-e-type=\"widget\" data-settings=\"{&quot;_animation&quot;:&quot;fadeInUp&quot;}\" data-widget_type=\"heading.default\">\n\t\t\t\t<div class=\"elementor-widget-container\">\n\t\t\t\t\t<h2 class=\"elementor-heading-title elementor-size-default\">ABUZTUA<\/h2>\t\t\t\t<\/div>\n\t\t\t\t<\/div>\n\t\t\t\t<div class=\"elementor-element elementor-element-f1f00dd elementor-widget elementor-widget-n-accordion\" data-id=\"f1f00dd\" data-element_type=\"widget\" data-e-type=\"widget\" data-settings=\"{&quot;default_state&quot;:&quot;all_collapsed&quot;,&quot;max_items_expended&quot;:&quot;one&quot;,&quot;n_accordion_animation_duration&quot;:{&quot;unit&quot;:&quot;ms&quot;,&quot;size&quot;:400,&quot;sizes&quot;:[]}}\" data-widget_type=\"nested-accordion.default\">\n\t\t\t\t<div class=\"elementor-widget-container\">\n\t\t\t\t\t\t\t<div class=\"e-n-accordion\" aria-label=\"Accordion. Open links with Enter or Space, close with Escape, and navigate with Arrow Keys\">\n\t\t\t\t\t\t<details id=\"e-n-accordion-item-2530\" class=\"e-n-accordion-item\" >\n\t\t\t\t<summary class=\"e-n-accordion-item-title\" data-accordion-index=\"1\" tabindex=\"0\" aria-expanded=\"false\" aria-controls=\"e-n-accordion-item-2530\" >\n\t\t\t\t\t<span class='e-n-accordion-item-title-header'><div class=\"e-n-accordion-item-title-text\"> Abuztuak 28: San Agustin, Elizako gotzaina eta doktorea <\/div><\/span>\n\t\t\t\t\t\t\t<span class='e-n-accordion-item-title-icon'>\n\t\t\t<span class='e-opened' ><svg aria-hidden=\"true\" class=\"e-font-icon-svg e-fas-minus\" viewBox=\"0 0 448 512\" xmlns=\"http:\/\/www.w3.org\/2000\/svg\"><path d=\"M416 208H32c-17.67 0-32 14.33-32 32v32c0 17.67 14.33 32 32 32h384c17.67 0 32-14.33 32-32v-32c0-17.67-14.33-32-32-32z\"><\/path><\/svg><\/span>\n\t\t\t<span class='e-closed'><svg aria-hidden=\"true\" class=\"e-font-icon-svg e-fas-plus\" viewBox=\"0 0 448 512\" xmlns=\"http:\/\/www.w3.org\/2000\/svg\"><path d=\"M416 208H272V64c0-17.67-14.33-32-32-32h-32c-17.67 0-32 14.33-32 32v144H32c-17.67 0-32 14.33-32 32v32c0 17.67 14.33 32 32 32h144v144c0 17.67 14.33 32 32 32h32c17.67 0 32-14.33 32-32V304h144c17.67 0 32-14.33 32-32v-32c0-17.67-14.33-32-32-32z\"><\/path><\/svg><\/span>\n\t\t<\/span>\n\n\t\t\t\t\t\t<\/summary>\n\t\t\t\t<div role=\"region\" aria-labelledby=\"e-n-accordion-item-2530\" class=\"elementor-element elementor-element-070ecc3 e-con-full e-flex e-con e-child\" data-id=\"070ecc3\" data-element_type=\"container\" data-e-type=\"container\">\n\t\t<div role=\"region\" aria-labelledby=\"e-n-accordion-item-2530\" class=\"elementor-element elementor-element-e176ca2 e-con-full e-flex e-con e-child\" data-id=\"e176ca2\" data-element_type=\"container\" data-e-type=\"container\">\n\t\t<div role=\"region\" aria-labelledby=\"e-n-accordion-item-2530\" class=\"elementor-element elementor-element-3eb009b e-con-full e-flex e-con e-child\" data-id=\"3eb009b\" data-element_type=\"container\" data-e-type=\"container\">\n\t\t\t\t<div class=\"elementor-element elementor-element-3e2d3dc elementor-widget elementor-widget-text-editor\" data-id=\"3e2d3dc\" data-element_type=\"widget\" data-e-type=\"widget\" data-widget_type=\"text-editor.default\">\n\t\t\t\t<div class=\"elementor-widget-container\">\n\t\t\t\t\t\t\t\t\t<p><strong><span class=\"su-label su-label-type-info\">Tuterako elizbarrutiko zaindaria (Tuterako elizbarrutian, Jaia)<\/span><\/strong><\/p><div class=\"su-spoiler su-spoiler-style-fancy su-spoiler-icon-plus\" data-scroll-offset=\"0\" data-anchor-in-url=\"no\"><div class=\"su-spoiler-content su-u-clearfix su-u-trim\"><p>354. urtean Tagasten jaio zen (Afrika). Gaztaro doktrinalki eta moralki nahiko aldakorra izan ondoren, Milanen zegoela bihurtu zen, eta 387an San Anbrosio gotzainak bataiatu zuen. Bere sorterrira itzuli zenean, aszetizismoari eskainitako bizitza eraman zuen eta Hiponako gotzain izendatu zuten. Hogeita hamalau urteetan bere ministerioa bete zuen, eredu izan zen bere artaldearentzat, heziketa sendoa emanez bere sermoien eta idazki ugarien bidez, eta horiekin asko lagundu zuen kristau fedea sakontzen bere garaiko doktrina-erroreen aurka. 430. urtean hil zen. Mendebaldeko teologiaren sortzailea eta Mendebaldeko aita espirituala da. Bizitza monastikoari buruzko bere idazkiek Erregela inspiratu zuten, eta ondoren, besteak beste, Iru\u00f1eko, Tuterako, Aralarko eta Orreagako kapituluak.      <\/p><\/div><\/div>\t\t\t\t\t\t\t\t<\/div>\n\t\t\t\t<\/div>\n\t\t\t\t<\/div>\n\t\t<div role=\"region\" aria-labelledby=\"e-n-accordion-item-2530\" class=\"elementor-element elementor-element-211d724 e-con-full e-flex e-con e-child\" data-id=\"211d724\" data-element_type=\"container\" data-e-type=\"container\" data-settings=\"{&quot;background_background&quot;:&quot;classic&quot;}\">\n\t\t\t\t<\/div>\n\t\t\t\t<\/div>\n\t\t\t\t<\/div>\n\t\t\t\t\t<\/details>\n\t\t\t\t\t<\/div>\n\t\t\t\t\t\t<\/div>\n\t\t\t\t<\/div>\n\t\t\t\t<div class=\"elementor-element elementor-element-146e9c9 elementor-invisible elementor-widget elementor-widget-heading\" data-id=\"146e9c9\" data-element_type=\"widget\" data-e-type=\"widget\" data-settings=\"{&quot;_animation&quot;:&quot;fadeInUp&quot;}\" data-widget_type=\"heading.default\">\n\t\t\t\t<div class=\"elementor-widget-container\">\n\t\t\t\t\t<h2 class=\"elementor-heading-title elementor-size-default\">IRAILA<\/h2>\t\t\t\t<\/div>\n\t\t\t\t<\/div>\n\t\t\t\t<div class=\"elementor-element elementor-element-0c03dfe elementor-widget elementor-widget-n-accordion\" data-id=\"0c03dfe\" data-element_type=\"widget\" data-e-type=\"widget\" data-settings=\"{&quot;default_state&quot;:&quot;all_collapsed&quot;,&quot;max_items_expended&quot;:&quot;one&quot;,&quot;n_accordion_animation_duration&quot;:{&quot;unit&quot;:&quot;ms&quot;,&quot;size&quot;:400,&quot;sizes&quot;:[]}}\" data-widget_type=\"nested-accordion.default\">\n\t\t\t\t<div class=\"elementor-widget-container\">\n\t\t\t\t\t\t\t<div class=\"e-n-accordion\" aria-label=\"Accordion. Open links with Enter or Space, close with Escape, and navigate with Arrow Keys\">\n\t\t\t\t\t\t<details id=\"e-n-accordion-item-1250\" class=\"e-n-accordion-item\" >\n\t\t\t\t<summary class=\"e-n-accordion-item-title\" data-accordion-index=\"1\" tabindex=\"0\" aria-expanded=\"false\" aria-controls=\"e-n-accordion-item-1250\" >\n\t\t\t\t\t<span class='e-n-accordion-item-title-header'><div class=\"e-n-accordion-item-title-text\"> Irailak 2: Tuterako katedralaren inaugurazioa <\/div><\/span>\n\t\t\t\t\t\t\t<span class='e-n-accordion-item-title-icon'>\n\t\t\t<span class='e-opened' ><svg aria-hidden=\"true\" class=\"e-font-icon-svg e-fas-minus\" viewBox=\"0 0 448 512\" xmlns=\"http:\/\/www.w3.org\/2000\/svg\"><path d=\"M416 208H32c-17.67 0-32 14.33-32 32v32c0 17.67 14.33 32 32 32h384c17.67 0 32-14.33 32-32v-32c0-17.67-14.33-32-32-32z\"><\/path><\/svg><\/span>\n\t\t\t<span class='e-closed'><svg aria-hidden=\"true\" class=\"e-font-icon-svg e-fas-plus\" viewBox=\"0 0 448 512\" xmlns=\"http:\/\/www.w3.org\/2000\/svg\"><path d=\"M416 208H272V64c0-17.67-14.33-32-32-32h-32c-17.67 0-32 14.33-32 32v144H32c-17.67 0-32 14.33-32 32v32c0 17.67 14.33 32 32 32h144v144c0 17.67 14.33 32 32 32h32c17.67 0 32-14.33 32-32V304h144c17.67 0 32-14.33 32-32v-32c0-17.67-14.33-32-32-32z\"><\/path><\/svg><\/span>\n\t\t<\/span>\n\n\t\t\t\t\t\t<\/summary>\n\t\t\t\t<div role=\"region\" aria-labelledby=\"e-n-accordion-item-1250\" class=\"elementor-element elementor-element-a62f159 e-con-full e-flex e-con e-child\" data-id=\"a62f159\" data-element_type=\"container\" data-e-type=\"container\">\n\t\t<div role=\"region\" aria-labelledby=\"e-n-accordion-item-1250\" class=\"elementor-element elementor-element-a5cc581 e-con-full e-flex e-con e-child\" data-id=\"a5cc581\" data-element_type=\"container\" data-e-type=\"container\">\n\t\t<div role=\"region\" aria-labelledby=\"e-n-accordion-item-1250\" class=\"elementor-element elementor-element-fa5f2df e-con-full e-flex e-con e-child\" data-id=\"fa5f2df\" data-element_type=\"container\" data-e-type=\"container\">\n\t\t\t\t<div class=\"elementor-element elementor-element-86441fb elementor-widget elementor-widget-text-editor\" data-id=\"86441fb\" data-element_type=\"widget\" data-e-type=\"widget\" data-widget_type=\"text-editor.default\">\n\t\t\t\t<div class=\"elementor-widget-container\">\n\t\t\t\t\t\t\t\t\t<p><strong>Tuterako elizbarrutian, Jaia. Katedralean: Solemnitatea <\/strong><\/p><div class=\"su-spoiler su-spoiler-style-fancy su-spoiler-icon-plus\" data-scroll-offset=\"0\" data-anchor-in-url=\"no\"><div class=\"su-spoiler-content su-u-clearfix su-u-trim\"><p>1119ko otsailean, Alfontso I.a Borrokalari Iru\u00f1eko eta Aragoiko erregeak Tutelako hiria konkistatu zuen, eta horrela bere monarkiaren parte bihurtu zen. Ondoren, meskita nagusiaren eraikina Santa Maria kolegiata bihurtu zen, 1121eko apirilaren 14an Miguel de Tarazona gotzainak bedeinkatua eta 1149an sagaratua Iru\u00f1eko erregea, Garc\u00eda Ram\u00edrez Berrezartzailea, eta bere bigarren emaztea, Urraka, bertan zirela. Lehenengo tenplu hori gaur egun katedral erromanikoa denak ordezkatu zuen, eta 1168an hasi zen eraikitzen. Eliza berriaren sagaratzea 1188ko irailaren 2an egin zen, Tutelako Dekanotzaren \u201cBrebiarioaren\u201d arabera, eta aldarea 1204an sagaratu zuen Tarragonako artzapezpiku Ram\u00f3n de Rocabert\u00edk. Lanak 1263. urtearen ondoren amaitu ziren. 2002ko apiriletik 2006ko uztailera, Tutelako katedrala zaharberritze lan sorta bat jasan zuen, eta horien artean katedralaren barnealde osoa zegoen, higiezinak, teilatua eta eraikin osagarriak barne. 2006ko uztailaren 16an berriro ireki zen gurtzarako, Iru\u00f1eko artzapezpiku eta Tutelako gotzain Fernando Sebasti\u00e1n Aguilarrek zuzendutako ospakizun solemne batekin, eta bertan aldarea eskaini zen. Kapituluak San Agustinen araua jarraitu zuen eta hamar priore izan zituen 1239an sekularizatu zen arte. Urte berean, lehen dekanoa, Pedro Jim\u00e9nez, izendatu zuten. Geroago, 1258an, Alexandro IV.a Aita Santuak, Navarrako Teobaldo II.a erregearen eskariz, dekanoei eraztun eta mitra erabiltzeko aukera eman zien. Bi aldiz jarraian, XIV. eta XV. mendeetan, Santa Maria eliza Tutelako katedrala bihurtzeko saiakera egin zen, baina ez zen lortu. 1783ko martxoaren 27an, Pio VI.a Aita Santuak Tutelako elizbarrutia ezarri zuenean, kolegiata honen maila katedral eliza bihurtu zuen. Katedral honen existentzia bere apezpikuarekin oso laburra izan zen, 1844ra arte. Data horretatik aurrera, Tutelako elizbarrutia Tarazonako apezpikuak gobernatu zuen 1955era arte, eta 1955etik aurrera, Iru\u00f1eko apezpikuak, Tutelako administratzaile apostoliko gisa jardunez. 1984ko abuztuaren 11n, Joan Paulo II.a Aita Santuak Iru\u00f1eko eta Tutelako elizbarrutiak batu zituen artzain bakar baten gidaritzapean, Iru\u00f1eko artzapezpikua eta Tutelako apezpikua izango zena batera. Tutera, Ablitas, Fontellas, Murchante eta Ribaforada parrokiak Tutelako elizbarrutiari dagozkio.               <\/p><\/div><\/div><div class=\"su-spoiler su-spoiler-style-fancy su-spoiler-icon-plus su-spoiler-closed\" data-scroll-offset=\"0\" data-anchor-in-url=\"no\"><div class=\"su-spoiler-title\" tabindex=\"0\" role=\"button\"> <\/div><\/div>\t\t\t\t\t\t\t\t<\/div>\n\t\t\t\t<\/div>\n\t\t\t\t<\/div>\n\t\t<div role=\"region\" aria-labelledby=\"e-n-accordion-item-1250\" class=\"elementor-element elementor-element-2fa330a e-con-full e-flex e-con e-child\" data-id=\"2fa330a\" data-element_type=\"container\" data-e-type=\"container\" data-settings=\"{&quot;background_background&quot;:&quot;classic&quot;}\">\n\t\t\t\t<\/div>\n\t\t\t\t<\/div>\n\t\t\t\t<\/div>\n\t\t\t\t\t<\/details>\n\t\t\t\t\t\t<details id=\"e-n-accordion-item-1251\" class=\"e-n-accordion-item\" >\n\t\t\t\t<summary class=\"e-n-accordion-item-title\" data-accordion-index=\"2\" tabindex=\"-1\" aria-expanded=\"false\" aria-controls=\"e-n-accordion-item-1251\" >\n\t\t\t\t\t<span class='e-n-accordion-item-title-header'><div class=\"e-n-accordion-item-title-text\"> Irailak 25: San Fermin gotzainaren martirioa <\/div><\/span>\n\t\t\t\t\t\t\t<span class='e-n-accordion-item-title-icon'>\n\t\t\t<span class='e-opened' ><svg aria-hidden=\"true\" class=\"e-font-icon-svg e-fas-minus\" viewBox=\"0 0 448 512\" xmlns=\"http:\/\/www.w3.org\/2000\/svg\"><path d=\"M416 208H32c-17.67 0-32 14.33-32 32v32c0 17.67 14.33 32 32 32h384c17.67 0 32-14.33 32-32v-32c0-17.67-14.33-32-32-32z\"><\/path><\/svg><\/span>\n\t\t\t<span class='e-closed'><svg aria-hidden=\"true\" class=\"e-font-icon-svg e-fas-plus\" viewBox=\"0 0 448 512\" xmlns=\"http:\/\/www.w3.org\/2000\/svg\"><path d=\"M416 208H272V64c0-17.67-14.33-32-32-32h-32c-17.67 0-32 14.33-32 32v144H32c-17.67 0-32 14.33-32 32v32c0 17.67 14.33 32 32 32h144v144c0 17.67 14.33 32 32 32h32c17.67 0 32-14.33 32-32V304h144c17.67 0 32-14.33 32-32v-32c0-17.67-14.33-32-32-32z\"><\/path><\/svg><\/span>\n\t\t<\/span>\n\n\t\t\t\t\t\t<\/summary>\n\t\t\t\t<div role=\"region\" aria-labelledby=\"e-n-accordion-item-1251\" class=\"elementor-element elementor-element-75629fb e-con-full e-flex e-con e-child\" data-id=\"75629fb\" data-element_type=\"container\" data-e-type=\"container\">\n\t\t<div role=\"region\" aria-labelledby=\"e-n-accordion-item-1251\" class=\"elementor-element elementor-element-a3fc51f e-con-full e-flex e-con e-child\" data-id=\"a3fc51f\" data-element_type=\"container\" data-e-type=\"container\">\n\t\t<div role=\"region\" aria-labelledby=\"e-n-accordion-item-1251\" class=\"elementor-element elementor-element-266693e e-con-full e-flex e-con e-child\" data-id=\"266693e\" data-element_type=\"container\" data-e-type=\"container\">\n\t\t\t\t<div class=\"elementor-element elementor-element-9436022 elementor-widget elementor-widget-text-editor\" data-id=\"9436022\" data-element_type=\"widget\" data-e-type=\"widget\" data-widget_type=\"text-editor.default\">\n\t\t\t\t<div class=\"elementor-widget-container\">\n\t\t\t\t\t\t\t\t\t<p><strong>Memoria librea<\/strong><\/p><div class=\"su-spoiler su-spoiler-style-fancy su-spoiler-icon-plus\" data-scroll-offset=\"0\" data-anchor-in-url=\"no\"><div class=\"su-spoiler-content su-u-clearfix su-u-trim\"><p>Navarreko Elizak, tradizioaren arabera, bere lehen gotzain izan zen gizonaren dies natalis ospatzen du, Diokleziano enperadorearen erregealdian Amiensen (Frantzia) 290eko irailaren 25ean burua moztu ziotelarik. Nafarroan gordetzen diren San Ferminen erlikia ugariak martiriak gure lurraldean zuen kultu oparoaren lekuko dira. Honi buruzko lehen berriak 1186ko dokumentu batean agertzen dira, eta bertan agertzen da Pedro de Par\u00edsek (1167-1193), Iru\u00f1eko gotzainak, San Ferminen burezurraren erlikiak jaso zituela Amiensetik. Fermin de Lubian kronikagilearen (1754) arabera, erlikia hauek katedralean gordetzen ziren, zilarrezko irudi batean sartutako zilarrezko kutxa txiki batean. Geroago, 1532ko urriaren 9an, Martin de Azpilicuetak beste erlikia bat jaso zuen, Juan Brit kardinalak, Amienseko gotzainak, emana. 1569ko apirilaren 8an, Antonio de Crequi Amienseko gotzainak San Ferminen buruaren erlikia eman zion Parisen Filipe II.aren enbaxadoreari, Francisco de \u00c1labari, Iru\u00f1eko bere lehengusu Beatrice de Beaumont-en eskariz. Erlikia hau 1572ko apirilaren 13an jaso zuten gotzainak, kabildoak, San Lorentzo elizako kleroak, Vespasiano Gonzagak, Navarrako erregeordeak, eta Iru\u00f1eko herritarrek. Espainiako tropek Amiens okupatu zutenean 1597ko martxoan, Mart\u00edn de Olag\u00fce kapitainak eta bere soldaduek katedrala eta hiri horretako gotzainaren pertsona zaindu zituzten istiluen prebentzioan. Zerbitzu honen aitortza gisa, Teogfridus de la Martonia gotzainak San Ferminen buruaren erlikia eman zion Martin kapitainari. Kapitaina handik gutxira hil ondoren, Joanet\u00edn de Casanova sarjentu nagusiak erlikia Olag\u00fcera eraman zuen. 1638ko uztailaren 22an, Olag\u00fceko herritarrek erlikiaren erdia eman zioten Iru\u00f1eko batzordeari, zeinak ofizialki eskatu baitzuen. Hiru egun geroago, San Lorentzo parrokian dagoen San Ferminen bustoaren kutxan jarri zuten modu solemnean. Pergaminoak, zigiluekin eta lekualdatzeen erregistroekin, busto berean gordetzen dira. 1941eko martxoaren 16an, Amienseko gotzainak, Luciano Martinek, San Ferminen erlikia ospetsu bat ekarri zuen pertsonalki. Gotzainak, kleroak, agintariek eta Iru\u00f1eko fededunek jaso zuten Diputazioaren Jauregian. Gaur egun, bere erlikia-ontziarekin batera Iru\u00f1eko katedralean gordeta dago.               <\/p><\/div><\/div>\t\t\t\t\t\t\t\t<\/div>\n\t\t\t\t<\/div>\n\t\t\t\t<\/div>\n\t\t<div role=\"region\" aria-labelledby=\"e-n-accordion-item-1251\" class=\"elementor-element elementor-element-13078f4 e-con-full e-flex e-con e-child\" data-id=\"13078f4\" data-element_type=\"container\" data-e-type=\"container\" data-settings=\"{&quot;background_background&quot;:&quot;classic&quot;}\">\n\t\t\t\t<\/div>\n\t\t\t\t<\/div>\n\t\t\t\t<\/div>\n\t\t\t\t\t<\/details>\n\t\t\t\t\t<\/div>\n\t\t\t\t\t\t<\/div>\n\t\t\t\t<\/div>\n\t\t\t\t<div class=\"elementor-element elementor-element-487b9fe elementor-invisible elementor-widget elementor-widget-heading\" data-id=\"487b9fe\" data-element_type=\"widget\" data-e-type=\"widget\" data-settings=\"{&quot;_animation&quot;:&quot;fadeInUp&quot;}\" data-widget_type=\"heading.default\">\n\t\t\t\t<div class=\"elementor-widget-container\">\n\t\t\t\t\t<h2 class=\"elementor-heading-title elementor-size-default\">URRIA<\/h2>\t\t\t\t<\/div>\n\t\t\t\t<\/div>\n\t\t\t\t<div class=\"elementor-element elementor-element-8e70a95 elementor-widget elementor-widget-n-accordion\" data-id=\"8e70a95\" data-element_type=\"widget\" data-e-type=\"widget\" data-settings=\"{&quot;default_state&quot;:&quot;all_collapsed&quot;,&quot;max_items_expended&quot;:&quot;one&quot;,&quot;n_accordion_animation_duration&quot;:{&quot;unit&quot;:&quot;ms&quot;,&quot;size&quot;:400,&quot;sizes&quot;:[]}}\" data-widget_type=\"nested-accordion.default\">\n\t\t\t\t<div class=\"elementor-widget-container\">\n\t\t\t\t\t\t\t<div class=\"e-n-accordion\" aria-label=\"Accordion. Open links with Enter or Space, close with Escape, and navigate with Arrow Keys\">\n\t\t\t\t\t\t<details id=\"e-n-accordion-item-1490\" class=\"e-n-accordion-item\" >\n\t\t\t\t<summary class=\"e-n-accordion-item-title\" data-accordion-index=\"1\" tabindex=\"0\" aria-expanded=\"false\" aria-controls=\"e-n-accordion-item-1490\" >\n\t\t\t\t\t<span class='e-n-accordion-item-title-header'><div class=\"e-n-accordion-item-title-text\"> Urriak 3: Santa Virila de Leyre, abadea <\/div><\/span>\n\t\t\t\t\t\t\t<span class='e-n-accordion-item-title-icon'>\n\t\t\t<span class='e-opened' ><svg aria-hidden=\"true\" class=\"e-font-icon-svg e-fas-minus\" viewBox=\"0 0 448 512\" xmlns=\"http:\/\/www.w3.org\/2000\/svg\"><path d=\"M416 208H32c-17.67 0-32 14.33-32 32v32c0 17.67 14.33 32 32 32h384c17.67 0 32-14.33 32-32v-32c0-17.67-14.33-32-32-32z\"><\/path><\/svg><\/span>\n\t\t\t<span class='e-closed'><svg aria-hidden=\"true\" class=\"e-font-icon-svg e-fas-plus\" viewBox=\"0 0 448 512\" xmlns=\"http:\/\/www.w3.org\/2000\/svg\"><path d=\"M416 208H272V64c0-17.67-14.33-32-32-32h-32c-17.67 0-32 14.33-32 32v144H32c-17.67 0-32 14.33-32 32v32c0 17.67 14.33 32 32 32h144v144c0 17.67 14.33 32 32 32h32c17.67 0 32-14.33 32-32V304h144c17.67 0 32-14.33 32-32v-32c0-17.67-14.33-32-32-32z\"><\/path><\/svg><\/span>\n\t\t<\/span>\n\n\t\t\t\t\t\t<\/summary>\n\t\t\t\t<div role=\"region\" aria-labelledby=\"e-n-accordion-item-1490\" class=\"elementor-element elementor-element-56a8bd6 e-con-full e-flex e-con e-child\" data-id=\"56a8bd6\" data-element_type=\"container\" data-e-type=\"container\">\n\t\t<div role=\"region\" aria-labelledby=\"e-n-accordion-item-1490\" class=\"elementor-element elementor-element-b5db4ed e-con-full e-flex e-con e-child\" data-id=\"b5db4ed\" data-element_type=\"container\" data-e-type=\"container\">\n\t\t<div role=\"region\" aria-labelledby=\"e-n-accordion-item-1490\" class=\"elementor-element elementor-element-6108652 e-con-full e-flex e-con e-child\" data-id=\"6108652\" data-element_type=\"container\" data-e-type=\"container\">\n\t\t\t\t<div class=\"elementor-element elementor-element-f4c070c elementor-widget elementor-widget-text-editor\" data-id=\"f4c070c\" data-element_type=\"widget\" data-e-type=\"widget\" data-widget_type=\"text-editor.default\">\n\t\t\t\t<div class=\"elementor-widget-container\">\n\t\t\t\t\t\t\t\t\t<p><strong>Memoria librea<\/strong><\/p><div class=\"su-spoiler su-spoiler-style-fancy su-spoiler-icon-plus\" data-scroll-offset=\"0\" data-anchor-in-url=\"no\"><div class=\"su-spoiler-content su-u-clearfix su-u-trim\"><div class=\"su-spoiler su-spoiler-style-fancy su-spoiler-icon-plus\" data-scroll-offset=\"0\" data-anchor-in-url=\"no\"><div class=\"su-spoiler-content su-u-clearfix su-u-trim\"><p>X. mendearen lehen erdian Leireko abadea izan zen, eta haren kultua hil zenetik gaur egun arte jarraitu du. Tradizioak Tiermasen jaio zela baieztatzen du. Iru\u00f1eko Galindo gotzainak idatzitako dokumentu batean (928an) abade gisa aipatzen da, katedraleko \u201cLiburu Gotikoan\u201d gordeta dagoena. Geroagoko idazki batzuek (1014 eta 1037 artean) santua \u201cabade eta aitorle\u201d gisa aipatzen dute; hala ere, sinesgarritasun zalantzagarriko dokumentu manipulatuak dira. XI. mendearen bigarren erdira arte itxaron beharko dugu jatorrizko testu batean monastegi-komunitatean Virila santuari egiten zitzaion kultuaren lehen erreferentzia aurkitzeko. Leireko monasterioan, Tiermasen desagertu arte bezala, abade santuaren jaia beti urriaren 1ean ospatu izan da; Abesbatza Bulegoak etengabe aipatu du. Vatikanoko II. Kontzilioak sustatutako Erromako Egutegi Orokorraren erreforman, data hori Jesus Haurraren Teresa Santaren oroimenez gorde zen, beraz, Virilaren ospakizuna jaiegun hurbilenera eraman behar izan zen. Bere gorputzaren erlikiak Leyren gorde ziren 1835era arte, 1820tik 1825era bitartean izan ezik, Tiermasen gorde baitziren. Monasterioak jasan zuen elizako ondasunen azken konfiskazioan, Iru\u00f1eko katedralera eraman zituzten 1979ko urriaren 24ra arte, katedralaren kapituluak beneditarren monjeei itzuli zizkien arte. San Virilaren hiru mendeko ametsaren istorioa ezaguna da. Hala ere, denbora igarotzen den bitartean urretxindorra entzuten estasiatzen den monjearen kondaira hau \u2014zeruaren betikotasunaren misterioaren alegoria\u2014 ez da Leyren bakarrik gertatzen. Aitzitik, Erdi Aroan, istorio hau, aldaerekin, Mendebaldeko Europan zehar zabaldu zen. Badirudi bere hedapena zistertar komunitateekin lotuta egon zela; horrela, kondairaren bertsio zaharrena XII. mendearen erdialdekoa da eta Afflingheneko (Belgika) monasterioan aurkitzen da. Antzeko istorioak daude Iberiar penintsulako Armenteirako (Galizia) eta Villar de Fradeseko (Portugal) monasterioetan.             <\/p><\/div><\/div><div class=\"su-spoiler su-spoiler-style-fancy su-spoiler-icon-plus su-spoiler-closed\" data-scroll-offset=\"0\" data-anchor-in-url=\"no\"><div class=\"su-spoiler-title\" tabindex=\"0\" role=\"button\"> <\/div><\/div><\/div><\/div><div class=\"su-spoiler su-spoiler-style-fancy su-spoiler-icon-plus su-spoiler-closed\" data-scroll-offset=\"0\" data-anchor-in-url=\"no\"><div class=\"su-spoiler-title\" tabindex=\"0\" role=\"button\"> <\/div><\/div>\t\t\t\t\t\t\t\t<\/div>\n\t\t\t\t<\/div>\n\t\t\t\t<\/div>\n\t\t<div role=\"region\" aria-labelledby=\"e-n-accordion-item-1490\" class=\"elementor-element elementor-element-8028d42 e-con-full e-flex e-con e-child\" data-id=\"8028d42\" data-element_type=\"container\" data-e-type=\"container\" data-settings=\"{&quot;background_background&quot;:&quot;classic&quot;}\">\n\t\t\t\t<\/div>\n\t\t\t\t<\/div>\n\t\t\t\t<\/div>\n\t\t\t\t\t<\/details>\n\t\t\t\t\t\t<details id=\"e-n-accordion-item-1491\" class=\"e-n-accordion-item\" >\n\t\t\t\t<summary class=\"e-n-accordion-item-title\" data-accordion-index=\"2\" tabindex=\"-1\" aria-expanded=\"false\" aria-controls=\"e-n-accordion-item-1491\" >\n\t\t\t\t\t<span class='e-n-accordion-item-title-header'><div class=\"e-n-accordion-item-title-text\"> Urriak 6: Juan de Palafox y Mendoza dohatsua, apezpikua <\/div><\/span>\n\t\t\t\t\t\t\t<span class='e-n-accordion-item-title-icon'>\n\t\t\t<span class='e-opened' ><svg aria-hidden=\"true\" class=\"e-font-icon-svg e-fas-minus\" viewBox=\"0 0 448 512\" xmlns=\"http:\/\/www.w3.org\/2000\/svg\"><path d=\"M416 208H32c-17.67 0-32 14.33-32 32v32c0 17.67 14.33 32 32 32h384c17.67 0 32-14.33 32-32v-32c0-17.67-14.33-32-32-32z\"><\/path><\/svg><\/span>\n\t\t\t<span class='e-closed'><svg aria-hidden=\"true\" class=\"e-font-icon-svg e-fas-plus\" viewBox=\"0 0 448 512\" xmlns=\"http:\/\/www.w3.org\/2000\/svg\"><path d=\"M416 208H272V64c0-17.67-14.33-32-32-32h-32c-17.67 0-32 14.33-32 32v144H32c-17.67 0-32 14.33-32 32v32c0 17.67 14.33 32 32 32h144v144c0 17.67 14.33 32 32 32h32c17.67 0 32-14.33 32-32V304h144c17.67 0 32-14.33 32-32v-32c0-17.67-14.33-32-32-32z\"><\/path><\/svg><\/span>\n\t\t<\/span>\n\n\t\t\t\t\t\t<\/summary>\n\t\t\t\t<div role=\"region\" aria-labelledby=\"e-n-accordion-item-1491\" class=\"elementor-element elementor-element-9a9457d e-con-full e-flex e-con e-child\" data-id=\"9a9457d\" data-element_type=\"container\" data-e-type=\"container\">\n\t\t<div role=\"region\" aria-labelledby=\"e-n-accordion-item-1491\" class=\"elementor-element elementor-element-e54b25f e-con-full e-flex e-con e-child\" data-id=\"e54b25f\" data-element_type=\"container\" data-e-type=\"container\">\n\t\t<div role=\"region\" aria-labelledby=\"e-n-accordion-item-1491\" class=\"elementor-element elementor-element-6bf5f62 e-con-full e-flex e-con e-child\" data-id=\"6bf5f62\" data-element_type=\"container\" data-e-type=\"container\">\n\t\t\t\t<div class=\"elementor-element elementor-element-b25ede7 elementor-widget elementor-widget-text-editor\" data-id=\"b25ede7\" data-element_type=\"widget\" data-e-type=\"widget\" data-widget_type=\"text-editor.default\">\n\t\t\t\t<div class=\"elementor-widget-container\">\n\t\t\t\t\t\t\t\t\t<p><strong>Memoria librea<\/strong><\/p><div class=\"su-spoiler su-spoiler-style-fancy su-spoiler-icon-plus\" data-scroll-offset=\"0\" data-anchor-in-url=\"no\"><div class=\"su-spoiler-content su-u-clearfix su-u-trim\"><div class=\"su-spoiler su-spoiler-style-fancy su-spoiler-icon-plus\" data-scroll-offset=\"0\" data-anchor-in-url=\"no\"><div class=\"su-spoiler-content su-u-clearfix su-u-trim\"><p>Juan de Palafox y Mendoza 1600eko ekainaren 24an jaio zen Fiteron (Nafarroa), eta 29an bataiatu zuten, San Pedroren jaiaren egunean, zeinaren zaletasun berezia izan baitzen beti. 1629an apaiz eta 1639an gotzain ordenatu zuten, eta kargu garrantzitsuak izan zituen Espainiako monarkiaren zerbitzura, besteak beste, Espainia Berriko bisitari eta erregeorde izan zen, baina batez ere, Puebla de los \u00c1ngeleseko (Mexiko) elizbarrutietako artzain sutsua izan zen 1639tik 1654ra, eta Osmakoa (Espainia) 1654tik 1659ra. Osman hil zen 1659ko urriaren 1ean.  <\/p><\/div><\/div><div class=\"su-spoiler su-spoiler-style-fancy su-spoiler-icon-plus su-spoiler-closed\" data-scroll-offset=\"0\" data-anchor-in-url=\"no\"><div class=\"su-spoiler-title\" tabindex=\"0\" role=\"button\"> <\/div><\/div><\/div><\/div>\t\t\t\t\t\t\t\t<\/div>\n\t\t\t\t<\/div>\n\t\t\t\t<\/div>\n\t\t<div role=\"region\" aria-labelledby=\"e-n-accordion-item-1491\" class=\"elementor-element elementor-element-e55a447 e-con-full e-flex e-con e-child\" data-id=\"e55a447\" data-element_type=\"container\" data-e-type=\"container\" data-settings=\"{&quot;background_background&quot;:&quot;classic&quot;}\">\n\t\t\t\t<\/div>\n\t\t\t\t<\/div>\n\t\t\t\t<\/div>\n\t\t\t\t\t<\/details>\n\t\t\t\t\t\t<details id=\"e-n-accordion-item-1492\" class=\"e-n-accordion-item\" >\n\t\t\t\t<summary class=\"e-n-accordion-item-title\" data-accordion-index=\"3\" tabindex=\"-1\" aria-expanded=\"false\" aria-controls=\"e-n-accordion-item-1492\" >\n\t\t\t\t\t<span class='e-n-accordion-item-title-header'><div class=\"e-n-accordion-item-title-text\"> Urriak 10: Maria Katalina Irigoyen Echegaray dohatsua, birjina <\/div><\/span>\n\t\t\t\t\t\t\t<span class='e-n-accordion-item-title-icon'>\n\t\t\t<span class='e-opened' ><svg aria-hidden=\"true\" class=\"e-font-icon-svg e-fas-minus\" viewBox=\"0 0 448 512\" xmlns=\"http:\/\/www.w3.org\/2000\/svg\"><path d=\"M416 208H32c-17.67 0-32 14.33-32 32v32c0 17.67 14.33 32 32 32h384c17.67 0 32-14.33 32-32v-32c0-17.67-14.33-32-32-32z\"><\/path><\/svg><\/span>\n\t\t\t<span class='e-closed'><svg aria-hidden=\"true\" class=\"e-font-icon-svg e-fas-plus\" viewBox=\"0 0 448 512\" xmlns=\"http:\/\/www.w3.org\/2000\/svg\"><path d=\"M416 208H272V64c0-17.67-14.33-32-32-32h-32c-17.67 0-32 14.33-32 32v144H32c-17.67 0-32 14.33-32 32v32c0 17.67 14.33 32 32 32h144v144c0 17.67 14.33 32 32 32h32c17.67 0 32-14.33 32-32V304h144c17.67 0 32-14.33 32-32v-32c0-17.67-14.33-32-32-32z\"><\/path><\/svg><\/span>\n\t\t<\/span>\n\n\t\t\t\t\t\t<\/summary>\n\t\t\t\t<div role=\"region\" aria-labelledby=\"e-n-accordion-item-1492\" class=\"elementor-element elementor-element-664c687 e-con-full e-flex e-con e-child\" data-id=\"664c687\" data-element_type=\"container\" data-e-type=\"container\">\n\t\t<div role=\"region\" aria-labelledby=\"e-n-accordion-item-1492\" class=\"elementor-element elementor-element-9fd5168 e-con-full e-flex e-con e-child\" data-id=\"9fd5168\" data-element_type=\"container\" data-e-type=\"container\">\n\t\t<div role=\"region\" aria-labelledby=\"e-n-accordion-item-1492\" class=\"elementor-element elementor-element-1533bdd e-con-full e-flex e-con e-child\" data-id=\"1533bdd\" data-element_type=\"container\" data-e-type=\"container\">\n\t\t\t\t<div class=\"elementor-element elementor-element-9031cc3 elementor-widget elementor-widget-text-editor\" data-id=\"9031cc3\" data-element_type=\"widget\" data-e-type=\"widget\" data-widget_type=\"text-editor.default\">\n\t\t\t\t<div class=\"elementor-widget-container\">\n\t\t\t\t\t\t\t\t\t<p><strong>Memoria librea<\/strong><\/p><div class=\"su-spoiler su-spoiler-style-fancy su-spoiler-icon-plus\" data-scroll-offset=\"0\" data-anchor-in-url=\"no\"><div class=\"su-spoiler-content su-u-clearfix su-u-trim\"><div class=\"su-spoiler su-spoiler-style-fancy su-spoiler-icon-plus\" data-scroll-offset=\"0\" data-anchor-in-url=\"no\"><div class=\"su-spoiler-content su-u-clearfix su-u-trim\"><div class=\"su-spoiler su-spoiler-style-fancy su-spoiler-icon-plus\" data-scroll-offset=\"0\" data-anchor-in-url=\"no\"><div class=\"su-spoiler-content su-u-clearfix su-u-trim\"><p>Mar\u00eda Catalina Irigoyen Echegaray Iru\u00f1ean (Nafarroa) jaio zen 1848ko azaroaren 25ean. Familia kristau sakon batekoa, txikitatik nabarmendu zen Eukaristiarekiko maitasunagatik eta Ama Birjinarekiko debozioagatik. 1881eko abenduaren 31n sartu zen Mariaren Zerbitzarien, Gaixoen Ministroen, artean. Madrilen egon zen bizitzaren amaierara arte, non karitateari eskaini zion buru-belarri, kutsaduraren beldurrik gabe, nekaezin gaixoak zaintzen urte haietan Espainia astindu zuten epidemia errepikatuetan. 1913an, hezur-tuberkulosia diagnostikatu zioten, eta Jainkoaren eskuetan guztiz utzita onartu zuen sufrimendu luze baten ondoren, Madrilen hil zen 1918ko urriaren 10ean.    <\/p><\/div><\/div><div class=\"su-spoiler su-spoiler-style-fancy su-spoiler-icon-plus su-spoiler-closed\" data-scroll-offset=\"0\" data-anchor-in-url=\"no\"><div class=\"su-spoiler-title\" tabindex=\"0\" role=\"button\"> <\/div><\/div><\/div><\/div><div class=\"su-spoiler su-spoiler-style-fancy su-spoiler-icon-plus su-spoiler-closed\" data-scroll-offset=\"0\" data-anchor-in-url=\"no\"><div class=\"su-spoiler-title\" tabindex=\"0\" role=\"button\"> <\/div><\/div><\/div><\/div>\t\t\t\t\t\t\t\t<\/div>\n\t\t\t\t<\/div>\n\t\t\t\t<\/div>\n\t\t<div role=\"region\" aria-labelledby=\"e-n-accordion-item-1492\" class=\"elementor-element elementor-element-3621056 e-con-full e-flex e-con e-child\" data-id=\"3621056\" data-element_type=\"container\" data-e-type=\"container\" data-settings=\"{&quot;background_background&quot;:&quot;classic&quot;}\">\n\t\t\t\t<\/div>\n\t\t\t\t<\/div>\n\t\t\t\t<\/div>\n\t\t\t\t\t<\/details>\n\t\t\t\t\t\t<details id=\"e-n-accordion-item-1493\" class=\"e-n-accordion-item\" >\n\t\t\t\t<summary class=\"e-n-accordion-item-title\" data-accordion-index=\"4\" tabindex=\"-1\" aria-expanded=\"false\" aria-controls=\"e-n-accordion-item-1493\" >\n\t\t\t\t\t<span class='e-n-accordion-item-title-header'><div class=\"e-n-accordion-item-title-text\"> Urriak 21: Nunilo eta Alodia santuak, birjinak eta martiriak <\/div><\/span>\n\t\t\t\t\t\t\t<span class='e-n-accordion-item-title-icon'>\n\t\t\t<span class='e-opened' ><svg aria-hidden=\"true\" class=\"e-font-icon-svg e-fas-minus\" viewBox=\"0 0 448 512\" xmlns=\"http:\/\/www.w3.org\/2000\/svg\"><path d=\"M416 208H32c-17.67 0-32 14.33-32 32v32c0 17.67 14.33 32 32 32h384c17.67 0 32-14.33 32-32v-32c0-17.67-14.33-32-32-32z\"><\/path><\/svg><\/span>\n\t\t\t<span class='e-closed'><svg aria-hidden=\"true\" class=\"e-font-icon-svg e-fas-plus\" viewBox=\"0 0 448 512\" xmlns=\"http:\/\/www.w3.org\/2000\/svg\"><path d=\"M416 208H272V64c0-17.67-14.33-32-32-32h-32c-17.67 0-32 14.33-32 32v144H32c-17.67 0-32 14.33-32 32v32c0 17.67 14.33 32 32 32h144v144c0 17.67 14.33 32 32 32h32c17.67 0 32-14.33 32-32V304h144c17.67 0 32-14.33 32-32v-32c0-17.67-14.33-32-32-32z\"><\/path><\/svg><\/span>\n\t\t<\/span>\n\n\t\t\t\t\t\t<\/summary>\n\t\t\t\t<div role=\"region\" aria-labelledby=\"e-n-accordion-item-1493\" class=\"elementor-element elementor-element-af3eedd e-con-full e-flex e-con e-child\" data-id=\"af3eedd\" data-element_type=\"container\" data-e-type=\"container\">\n\t\t<div role=\"region\" aria-labelledby=\"e-n-accordion-item-1493\" class=\"elementor-element elementor-element-d63a983 e-con-full e-flex e-con e-child\" data-id=\"d63a983\" data-element_type=\"container\" data-e-type=\"container\">\n\t\t<div role=\"region\" aria-labelledby=\"e-n-accordion-item-1493\" class=\"elementor-element elementor-element-4959d66 e-con-full e-flex e-con e-child\" data-id=\"4959d66\" data-element_type=\"container\" data-e-type=\"container\">\n\t\t\t\t<div class=\"elementor-element elementor-element-2358637 elementor-widget elementor-widget-text-editor\" data-id=\"2358637\" data-element_type=\"widget\" data-e-type=\"widget\" data-widget_type=\"text-editor.default\">\n\t\t\t\t<div class=\"elementor-widget-container\">\n\t\t\t\t\t\t\t\t\t<p><strong>Memoria librea<\/strong><\/p><div class=\"su-spoiler su-spoiler-style-fancy su-spoiler-icon-plus\" data-scroll-offset=\"0\" data-anchor-in-url=\"no\"><div class=\"su-spoiler-content su-u-clearfix su-u-trim\"><div class=\"su-spoiler su-spoiler-style-fancy su-spoiler-icon-plus\" data-scroll-offset=\"0\" data-anchor-in-url=\"no\"><div class=\"su-spoiler-content su-u-clearfix su-u-trim\"><div class=\"su-spoiler su-spoiler-style-fancy su-spoiler-icon-plus\" data-scroll-offset=\"0\" data-anchor-in-url=\"no\"><div class=\"su-spoiler-content su-u-clearfix su-u-trim\"><div class=\"su-spoiler su-spoiler-style-fancy su-spoiler-icon-plus\" data-scroll-offset=\"0\" data-anchor-in-url=\"no\"><div class=\"su-spoiler-content su-u-clearfix su-u-trim\"><p>Bi ahizpa hauek IX. mendearen lehen erdian jaio ziren Adahuescan (Huescako probintzian). Aita muladi baten (islamdar bihurtua) eta ama kristau baten alabak ziren, eta haien familiak ondasun ugari zituen. Legeak aitaren erlijioa jarraitzera behartzen bazituen ere, amak kristau fedean hezi zituen. Abd-al-Rahman II.a kalifaren erregealdian, Huescako hirian burua moztu zieten 851eko urriaren 21ean, fede katolikoa heroikoki aitortzeagatik, lehenik Nunilo eta gero Alodia, 18 eta 14 urterekin, hurrenez hurren. Kordobako San Eulogio, santuen garaikidea, haien martirio loriatsua aipatzen du bere \u201cSantuen Oroigarria\u201d lanean. Haien gorpuzkiak, Iru\u00f1eko erregeen eskariz, IX. mendearen bigarren erdian eraman zituzten Leireko San Salbatore monasteriora. Agian XI. mendearen hasieran, Leireko monjeek beren erlikiak kalifa estiloko bolizko kutxan jarri zituzten, 1005ean Kordoban egina. Negoziazio luzeen ondoren, Adahuescako jendeak erlikien zati bat lortu zuen 1672an eta, 1820ko esklaustrazioa aprobetxatuz, guztiak lortu zituzten (1821), baina 1826an itzuli behar izan zituzten. Azken konfiskazioarekin (1836), Zangozako Santiago parrokiara eraman zituzten eta, 1862an, Adahuescak Iru\u00f1eko apezpikuarengandik lortu zituen, nahiz eta udalak kalifazko kutxa emateari uko egin. 1974ko urriaren 22az geroztik, Iru\u00f1eko kabildoaren dohaintza ofizialari esker, Leireko monasterioak berriro ere horietako batzuk gorde ditu zilarrezko erakusmahai artistiko batean, 1638ko erretaula ederrean jarrita. Iru\u00f1eko katedralak erlikia ospetsu bat ere badu. Santuekiko debozioa bakarra izan da Navarrako Erresuman; Erdi Arotik hazi zen eta XVII. mendean iritsi zen bere distira handiena. Laster Errioxara zabaldu zen eta, XVI. mendean, Toledora. 1491n, Leringo kondea eta erreinuko kondestablea, Fernando Katolikoaren koinatua, Nafarroatik erbesteratu zen, bere familiarekin eta Beaumont-eko beste zaldun batzuekin batera, Granada konkistatzera. Haiekin batera, santuen bi irudi gotiko joan ziren, gaur egun Hu\u00e9scar eta La Pueblako zaindariak, Granada eskualdean.             <\/p><\/div><\/div><\/div><\/div><div class=\"su-spoiler su-spoiler-style-fancy su-spoiler-icon-plus su-spoiler-closed\" data-scroll-offset=\"0\" data-anchor-in-url=\"no\"><div class=\"su-spoiler-title\" tabindex=\"0\" role=\"button\"> <\/div><\/div><\/div><\/div><div class=\"su-spoiler su-spoiler-style-fancy su-spoiler-icon-plus su-spoiler-closed\" data-scroll-offset=\"0\" data-anchor-in-url=\"no\"><div class=\"su-spoiler-title\" tabindex=\"0\" role=\"button\"> <\/div><\/div><\/div><\/div>\t\t\t\t\t\t\t\t<\/div>\n\t\t\t\t<\/div>\n\t\t\t\t<\/div>\n\t\t<div role=\"region\" aria-labelledby=\"e-n-accordion-item-1493\" class=\"elementor-element elementor-element-96ab75f e-con-full e-flex e-con e-child\" data-id=\"96ab75f\" data-element_type=\"container\" data-e-type=\"container\" data-settings=\"{&quot;background_background&quot;:&quot;classic&quot;}\">\n\t\t\t\t<\/div>\n\t\t\t\t<\/div>\n\t\t\t\t<\/div>\n\t\t\t\t\t<\/details>\n\t\t\t\t\t<\/div>\n\t\t\t\t\t\t<\/div>\n\t\t\t\t<\/div>\n\t\t\t\t<div class=\"elementor-element elementor-element-a587ff7 elementor-invisible elementor-widget elementor-widget-heading\" data-id=\"a587ff7\" data-element_type=\"widget\" data-e-type=\"widget\" data-settings=\"{&quot;_animation&quot;:&quot;fadeInUp&quot;}\" data-widget_type=\"heading.default\">\n\t\t\t\t<div class=\"elementor-widget-container\">\n\t\t\t\t\t<h2 class=\"elementor-heading-title elementor-size-default\">AZAROA<\/h2>\t\t\t\t<\/div>\n\t\t\t\t<\/div>\n\t\t\t\t<div class=\"elementor-element elementor-element-36571f5 elementor-widget elementor-widget-n-accordion\" data-id=\"36571f5\" data-element_type=\"widget\" data-e-type=\"widget\" data-settings=\"{&quot;default_state&quot;:&quot;all_collapsed&quot;,&quot;max_items_expended&quot;:&quot;one&quot;,&quot;n_accordion_animation_duration&quot;:{&quot;unit&quot;:&quot;ms&quot;,&quot;size&quot;:400,&quot;sizes&quot;:[]}}\" data-widget_type=\"nested-accordion.default\">\n\t\t\t\t<div class=\"elementor-widget-container\">\n\t\t\t\t\t\t\t<div class=\"e-n-accordion\" aria-label=\"Accordion. Open links with Enter or Space, close with Escape, and navigate with Arrow Keys\">\n\t\t\t\t\t\t<details id=\"e-n-accordion-item-5690\" class=\"e-n-accordion-item\" >\n\t\t\t\t<summary class=\"e-n-accordion-item-title\" data-accordion-index=\"1\" tabindex=\"0\" aria-expanded=\"false\" aria-controls=\"e-n-accordion-item-5690\" >\n\t\t\t\t\t<span class='e-n-accordion-item-title-header'><div class=\"e-n-accordion-item-title-text\"> Azaroak 6: Jesusen Jose eta Maria Oses Sainz dohatsuak, Manuel Martinez Jarauta, Daria Andiarena Sagaseta, birjina, eta lagunak, martiriak. <\/div><\/span>\n\t\t\t\t\t\t\t<span class='e-n-accordion-item-title-icon'>\n\t\t\t<span class='e-opened' ><svg aria-hidden=\"true\" class=\"e-font-icon-svg e-fas-minus\" viewBox=\"0 0 448 512\" xmlns=\"http:\/\/www.w3.org\/2000\/svg\"><path d=\"M416 208H32c-17.67 0-32 14.33-32 32v32c0 17.67 14.33 32 32 32h384c17.67 0 32-14.33 32-32v-32c0-17.67-14.33-32-32-32z\"><\/path><\/svg><\/span>\n\t\t\t<span class='e-closed'><svg aria-hidden=\"true\" class=\"e-font-icon-svg e-fas-plus\" viewBox=\"0 0 448 512\" xmlns=\"http:\/\/www.w3.org\/2000\/svg\"><path d=\"M416 208H272V64c0-17.67-14.33-32-32-32h-32c-17.67 0-32 14.33-32 32v144H32c-17.67 0-32 14.33-32 32v32c0 17.67 14.33 32 32 32h144v144c0 17.67 14.33 32 32 32h32c17.67 0 32-14.33 32-32V304h144c17.67 0 32-14.33 32-32v-32c0-17.67-14.33-32-32-32z\"><\/path><\/svg><\/span>\n\t\t<\/span>\n\n\t\t\t\t\t\t<\/summary>\n\t\t\t\t<div role=\"region\" aria-labelledby=\"e-n-accordion-item-5690\" class=\"elementor-element elementor-element-a3d9ca3 e-con-full e-flex e-con e-child\" data-id=\"a3d9ca3\" data-element_type=\"container\" data-e-type=\"container\">\n\t\t<div role=\"region\" aria-labelledby=\"e-n-accordion-item-5690\" class=\"elementor-element elementor-element-ff191ad e-con-full e-flex e-con e-child\" data-id=\"ff191ad\" data-element_type=\"container\" data-e-type=\"container\">\n\t\t<div role=\"region\" aria-labelledby=\"e-n-accordion-item-5690\" class=\"elementor-element elementor-element-f8ecb74 e-con-full e-flex e-con e-child\" data-id=\"f8ecb74\" data-element_type=\"container\" data-e-type=\"container\">\n\t\t\t\t<div class=\"elementor-element elementor-element-3d21a27 elementor-widget elementor-widget-text-editor\" data-id=\"3d21a27\" data-element_type=\"widget\" data-e-type=\"widget\" data-widget_type=\"text-editor.default\">\n\t\t\t\t<div class=\"elementor-widget-container\">\n\t\t\t\t\t\t\t\t\t<p><strong>Nahitaezko memoria<\/strong><\/p><div class=\"su-spoiler su-spoiler-style-fancy su-spoiler-icon-plus\" data-scroll-offset=\"0\" data-anchor-in-url=\"no\"><div class=\"su-spoiler-content su-u-clearfix su-u-trim\"><div class=\"su-spoiler su-spoiler-style-fancy su-spoiler-icon-plus\" data-scroll-offset=\"0\" data-anchor-in-url=\"no\"><div class=\"su-spoiler-content su-u-clearfix su-u-trim\"><div class=\"su-spoiler su-spoiler-style-fancy su-spoiler-icon-plus\" data-scroll-offset=\"0\" data-anchor-in-url=\"no\"><div class=\"su-spoiler-content su-u-clearfix su-u-trim\"><p>Santu eta bedeinkatu ugari, gotzainak, apaizak, pertsona sagaratuak eta laikoak barne, fedearen gorrotoagatik martirizatuak izan ziren Espainian 1931 eta 1939 artean, Elizaren aurkako erlijio-jazarpenaren garaian. Horrela, Kristoren alde eman zuten beren bizitza, maitasunaren testigantza gorena izan zedin. Berrogeita hamar martir nafar daude talde honetan, guztiak bedeinkatuak, hogei kongregazio erlijiosotakoak. Taldearen buru lehenengo martiria \u2014Jos\u00e9 de Jes\u00fas y Mar\u00eda Os\u00e9s S\u00e1inz\u2014, azkena \u2014Dar\u00eda Andiarena Sagaseta \u2014biak Iru\u00f1eko elizbarrutikoak\u2014 eta Tuterako elizbarrutiko bedeinkatu bakarra \u2014Manuel Mart\u00ednez Jarauta\u2014. Jesukristoren Pasioaren Kongregazioa: Villarreko Ama Birjinaren Benedikto -Benito Solana Ruiz- (Cintru\u00e9nigokoa), Bost Zaurietako Felix -Felix Ugalde Irurzun- (Mendigorr\u00edakoa), Jesusen Jose eta Maria -Jose Oses Sainz- (Peraltakoa), Jesusen Jose Maria agoniaz -Jose Maria Ruiz Martinez la-, Paulo Ruiz Martinez la Reina- (Jose Maria Ruiz Martinez) Leoz Portillo- (Leoztarra) eta Sakramentu Santuaren Zacharias -Zacharias Fernandez Crespo- (Cintru\u00e9nigokoa). Mariaren Bihotz Garbiaren Seme Misiolarien Kongregazioa: Jesusen eta Mariaren Bihotz Sakratuen eta Aldareko Sakramentu Santuaren Betiko Adorazioaren Kongregazioa: Mario Ros Ezcurra \u2013Luis- (Lez\u00e1ungoa) eta Te\u00f3filo Fern\u00e1ndez de Legaria Go\u00f1i \u2013Benjam\u00edn- (Toralba del R\u00edokoa). Adoratzaileak Ahizpak Sakramentu Santuaren eta Karitatearen Esklaboak: Mariaren Blasa -Juana Francisca P\u00e9rez de Labeaga Garc\u00eda- (Desojokoa) eta San Joseko M\u00e1xima -Emilia Echeverr\u00eda Fern\u00e1ndez- (Dicastillokoa). Familia Santuaren Tertziario Kaputxinoen Kongregazioa: Serafina de Ochovi -Manuela Justa Fern\u00e1ndez Ibero- (Ochovikoa). Erredentore Santuaren kongregazioa: Jos\u00e9 Javier Gorosterratzu Jaunarena (Urroz de Santesteban) eta Miguel Go\u00f1i Ariz (Im\u00e1rcoaingoa). Karitateko Ahizpa Karmeldarrak: Sakramentu Santuaren Apolonia &#8211; Apolonia Liz\u00e1rraga Ochoa de Zabalegui &#8211; (Lez\u00e1unkoa). San Bizente Pauloko Karitateko alabak: Estefan\u00eda Irisarri Irigaray (Peraltakoa), Josefa Giron\u00e9s Arteta (Gar\u00edsoaingoa) eta Josefa Laborra Goyeneche (Zangozakoa). Kristau Eskoletako Anaien Institutua: Amalio &#8211; Justo Zariquiegui Mendoza &#8211; (Salinas de Oro-koa), Cris\u00f3logo Sanz Palanca &#8211; Filomeno Juan &#8211; (Iru\u00f1ekoa) eta Jos\u00e9 Gorostazu Labayen (Usi-koa).             Ikastetxeetako Anaia Maristen Institutua: Alipio Jos\u00e9 Dronda Leoz \u2013Maximiano- (Ust\u00e1rroz-koa), Andr\u00e9s Jos\u00e9 Don\u00e1zar Go\u00f1i \u2013Francisco- (Iroztarra), Aurelio Ortigosa Ora\u00e1 \u2013Pedro- (Toralba del R\u00edo-koa), Baudilio Ciordia Hern\u00e1ndez -Pedro- (C\u00e1rcar-ekoa), Jos\u00e9 Jos\u00e9- Jazarroz (C\u00e1rcar-ekoa), Brunsejo- Jos\u00e9o- Valentziakoa), Ayape Rem\u00f3n \u2013\u00c1ngel- (Casedakoa), Emiliano Jos\u00e9 Ley\u00fan Go\u00f1i \u2013Marcos- (Sansoaingoa [Orba]), Felipe Jos\u00e9 Latienda Azpilicueta \u2013Ferm\u00edn- (Iru\u00f1elakoa), Felipe Neri Zabaleta Armend\u00e1riz \u2013Ferm\u00edn- (Artaxoakoa), F\u00e9lix Le\u00f3n Ay\u00facar Estela (Artajonakoa), F\u00e9lix Le\u00f3n Ay\u00facar Eraso- (Ferm\u00edn) \u2013Nicol\u00e1s- (Cirauquikoa), Jorge Luis Lizasoain Lizaso \u2013Lorenzo- Maria Garbiaren Misiolari Oblatoak: Gregorio Escobar Garcia (Lizarrakoa) eta Justo Gil Prado (Luquingoa). Elizgizon Pobreen Ordena Erregularra Ikastetxe Piosoetako Jainko-Amaren: David Carlos de Bergara Mara\u00f1\u00f3n (Asartakoa) eta Faustino Oteiza Segura (Ayeguikoa). Santa Mariaren Bisitazioaren Ordena: Mar\u00eda In\u00e9s Zudaire Galdeano (Ech\u00e1varrikoa). Fraide Txikien Kaputxinoen Ordena: Gabriel de Ar\u00f3stegui -Lorenzo Ilarregui Go\u00f1i- (Ar\u00f3steguikoa). Predikarien Ordena: Bernardino Irurzun Otermin (Eguiarretakoa), Higinio Rold\u00e1n Iriberri (Ollogoyenkoa) eta Jos\u00e9 Mar\u00eda Garc\u00eda Tabar (Irunberrikoa). San Benito ordena: Ramiro Sanz Galdeano \u2013Ram\u00f3n- (Villatuertakoa) eta Rosendo Donamar\u00eda Valencia \u2013Mart\u00edn- (San Martin de Unx-koa). San Joan Jainkoaren Ospitale Ordena: Rafael Flamarique Salinas (Mend\u00edvilgoa), Rufino Lasheras Aizcorbe (Arandigoiengoa) eta Tomas Urdanoz Aldaz (Echarrikoa). Ikastetxe Piotsuetako Amaren Erlijiosoa: Carmen de San Felipe Neri &#8211; Nazaria G\u00f3mez Lez\u00e1un &#8211; (Eulz-koa). Mariaren Zerbitzariak Gaixoen Ministroak: Dar\u00eda Andiarena Sagaseta (Donamar\u00edakoa). San Frantzisko Saleseko Lagundia: Jaime Ortiz Alzueta (Iru\u00f1ekoa) eta Juan Lorenzo Larragueta Garay (Arrietarra).           <\/p><\/div><\/div><div class=\"su-spoiler su-spoiler-style-fancy su-spoiler-icon-plus su-spoiler-closed\" data-scroll-offset=\"0\" data-anchor-in-url=\"no\"><div class=\"su-spoiler-title\" tabindex=\"0\" role=\"button\"> <\/div><\/div><\/div><\/div><div class=\"su-spoiler su-spoiler-style-fancy su-spoiler-icon-plus su-spoiler-closed\" data-scroll-offset=\"0\" data-anchor-in-url=\"no\"><div class=\"su-spoiler-title\" tabindex=\"0\" role=\"button\"> <\/div><\/div><\/div><\/div><div class=\"su-spoiler su-spoiler-style-fancy su-spoiler-icon-plus su-spoiler-closed\" data-scroll-offset=\"0\" data-anchor-in-url=\"no\"><div class=\"su-spoiler-title\" tabindex=\"0\" role=\"button\"> <\/div><\/div>\t\t\t\t\t\t\t\t<\/div>\n\t\t\t\t<\/div>\n\t\t\t\t<\/div>\n\t\t<div role=\"region\" aria-labelledby=\"e-n-accordion-item-5690\" class=\"elementor-element elementor-element-6477734 e-con-full e-flex e-con e-child\" data-id=\"6477734\" data-element_type=\"container\" data-e-type=\"container\" data-settings=\"{&quot;background_background&quot;:&quot;classic&quot;}\">\n\t\t\t\t<\/div>\n\t\t\t\t<\/div>\n\t\t\t\t<\/div>\n\t\t\t\t\t<\/details>\n\t\t\t\t\t\t<details id=\"e-n-accordion-item-5691\" class=\"e-n-accordion-item\" >\n\t\t\t\t<summary class=\"e-n-accordion-item-title\" data-accordion-index=\"2\" tabindex=\"-1\" aria-expanded=\"false\" aria-controls=\"e-n-accordion-item-5691\" >\n\t\t\t\t\t<span class='e-n-accordion-item-title-header'><div class=\"e-n-accordion-item-title-text\"> Azaroak 28: Nimeseko San Honesto, apaiza <\/div><\/span>\n\t\t\t\t\t\t\t<span class='e-n-accordion-item-title-icon'>\n\t\t\t<span class='e-opened' ><svg aria-hidden=\"true\" class=\"e-font-icon-svg e-fas-minus\" viewBox=\"0 0 448 512\" xmlns=\"http:\/\/www.w3.org\/2000\/svg\"><path d=\"M416 208H32c-17.67 0-32 14.33-32 32v32c0 17.67 14.33 32 32 32h384c17.67 0 32-14.33 32-32v-32c0-17.67-14.33-32-32-32z\"><\/path><\/svg><\/span>\n\t\t\t<span class='e-closed'><svg aria-hidden=\"true\" class=\"e-font-icon-svg e-fas-plus\" viewBox=\"0 0 448 512\" xmlns=\"http:\/\/www.w3.org\/2000\/svg\"><path d=\"M416 208H272V64c0-17.67-14.33-32-32-32h-32c-17.67 0-32 14.33-32 32v144H32c-17.67 0-32 14.33-32 32v32c0 17.67 14.33 32 32 32h144v144c0 17.67 14.33 32 32 32h32c17.67 0 32-14.33 32-32V304h144c17.67 0 32-14.33 32-32v-32c0-17.67-14.33-32-32-32z\"><\/path><\/svg><\/span>\n\t\t<\/span>\n\n\t\t\t\t\t\t<\/summary>\n\t\t\t\t<div role=\"region\" aria-labelledby=\"e-n-accordion-item-5691\" class=\"elementor-element elementor-element-657dba7 e-con-full e-flex e-con e-child\" data-id=\"657dba7\" data-element_type=\"container\" data-e-type=\"container\">\n\t\t<div role=\"region\" aria-labelledby=\"e-n-accordion-item-5691\" class=\"elementor-element elementor-element-23eb144 e-con-full e-flex e-con e-child\" data-id=\"23eb144\" data-element_type=\"container\" data-e-type=\"container\">\n\t\t<div role=\"region\" aria-labelledby=\"e-n-accordion-item-5691\" class=\"elementor-element elementor-element-77ee6a6 e-con-full e-flex e-con e-child\" data-id=\"77ee6a6\" data-element_type=\"container\" data-e-type=\"container\">\n\t\t\t\t<div class=\"elementor-element elementor-element-9d64ed9 elementor-widget elementor-widget-text-editor\" data-id=\"9d64ed9\" data-element_type=\"widget\" data-e-type=\"widget\" data-widget_type=\"text-editor.default\">\n\t\t\t\t<div class=\"elementor-widget-container\">\n\t\t\t\t\t\t\t\t\t<p><strong>Memoria librea<\/strong><\/p><div class=\"su-spoiler su-spoiler-style-fancy su-spoiler-icon-plus\" data-scroll-offset=\"0\" data-anchor-in-url=\"no\"><div class=\"su-spoiler-content su-u-clearfix su-u-trim\"><div class=\"su-spoiler su-spoiler-style-fancy su-spoiler-icon-plus\" data-scroll-offset=\"0\" data-anchor-in-url=\"no\"><div class=\"su-spoiler-content su-u-clearfix su-u-trim\"><div class=\"su-spoiler su-spoiler-style-fancy su-spoiler-icon-plus\" data-scroll-offset=\"0\" data-anchor-in-url=\"no\"><div class=\"su-spoiler-content su-u-clearfix su-u-trim\"><p>San Honestori buruzko berriak Amienseko Salbio gotzainak 614an idatzitako San Ferminen Bizitzatik datoz. Jatorriz N\u00eemeskoa (Frantzia) eta San Saturninoren dizipulua, azken honek Iru\u00f1era bidali zuen, eta han, tradizioaren arabera, Firmus senataria, bere emaztea eta bere seme San Fermin fededun bihurtu zituen. Tolosako (Frantzia) basilikan XVII. mendeko San Honestori buruzko erlikia-ontzi eder bat dago.  <\/p><\/div><\/div><div class=\"su-spoiler su-spoiler-style-fancy su-spoiler-icon-plus su-spoiler-closed\" data-scroll-offset=\"0\" data-anchor-in-url=\"no\"><div class=\"su-spoiler-title\" tabindex=\"0\" role=\"button\"> <\/div><\/div><\/div><\/div><div class=\"su-spoiler su-spoiler-style-fancy su-spoiler-icon-plus su-spoiler-closed\" data-scroll-offset=\"0\" data-anchor-in-url=\"no\"><div class=\"su-spoiler-title\" tabindex=\"0\" role=\"button\"> <\/div><\/div><\/div><\/div>\t\t\t\t\t\t\t\t<\/div>\n\t\t\t\t<\/div>\n\t\t\t\t<\/div>\n\t\t<div role=\"region\" aria-labelledby=\"e-n-accordion-item-5691\" class=\"elementor-element elementor-element-63ca551 e-con-full e-flex e-con e-child\" data-id=\"63ca551\" data-element_type=\"container\" data-e-type=\"container\" data-settings=\"{&quot;background_background&quot;:&quot;classic&quot;}\">\n\t\t\t\t<\/div>\n\t\t\t\t<\/div>\n\t\t\t\t<\/div>\n\t\t\t\t\t<\/details>\n\t\t\t\t\t\t<details id=\"e-n-accordion-item-5692\" class=\"e-n-accordion-item\" >\n\t\t\t\t<summary class=\"e-n-accordion-item-title\" data-accordion-index=\"3\" tabindex=\"-1\" aria-expanded=\"false\" aria-controls=\"e-n-accordion-item-5692\" >\n\t\t\t\t\t<span class='e-n-accordion-item-title-header'><div class=\"e-n-accordion-item-title-text\"> Azaroak 29: San Saturnino, gotzaina eta martiria <\/div><\/span>\n\t\t\t\t\t\t\t<span class='e-n-accordion-item-title-icon'>\n\t\t\t<span class='e-opened' ><svg aria-hidden=\"true\" class=\"e-font-icon-svg e-fas-minus\" viewBox=\"0 0 448 512\" xmlns=\"http:\/\/www.w3.org\/2000\/svg\"><path d=\"M416 208H32c-17.67 0-32 14.33-32 32v32c0 17.67 14.33 32 32 32h384c17.67 0 32-14.33 32-32v-32c0-17.67-14.33-32-32-32z\"><\/path><\/svg><\/span>\n\t\t\t<span class='e-closed'><svg aria-hidden=\"true\" class=\"e-font-icon-svg e-fas-plus\" viewBox=\"0 0 448 512\" xmlns=\"http:\/\/www.w3.org\/2000\/svg\"><path d=\"M416 208H272V64c0-17.67-14.33-32-32-32h-32c-17.67 0-32 14.33-32 32v144H32c-17.67 0-32 14.33-32 32v32c0 17.67 14.33 32 32 32h144v144c0 17.67 14.33 32 32 32h32c17.67 0 32-14.33 32-32V304h144c17.67 0 32-14.33 32-32v-32c0-17.67-14.33-32-32-32z\"><\/path><\/svg><\/span>\n\t\t<\/span>\n\n\t\t\t\t\t\t<\/summary>\n\t\t\t\t<div role=\"region\" aria-labelledby=\"e-n-accordion-item-5692\" class=\"elementor-element elementor-element-12e52d0 e-con-full e-flex e-con e-child\" data-id=\"12e52d0\" data-element_type=\"container\" data-e-type=\"container\">\n\t\t<div role=\"region\" aria-labelledby=\"e-n-accordion-item-5692\" class=\"elementor-element elementor-element-7bd7a30 e-con-full e-flex e-con e-child\" data-id=\"7bd7a30\" data-element_type=\"container\" data-e-type=\"container\">\n\t\t<div role=\"region\" aria-labelledby=\"e-n-accordion-item-5692\" class=\"elementor-element elementor-element-a1b8bf9 e-con-full e-flex e-con e-child\" data-id=\"a1b8bf9\" data-element_type=\"container\" data-e-type=\"container\">\n\t\t\t\t<div class=\"elementor-element elementor-element-22e6f3f elementor-widget elementor-widget-text-editor\" data-id=\"22e6f3f\" data-element_type=\"widget\" data-e-type=\"widget\" data-widget_type=\"text-editor.default\">\n\t\t\t\t<div class=\"elementor-widget-container\">\n\t\t\t\t\t\t\t\t\t<p><strong>Oroimen librea. <em>Iru\u00f1eko hiriko zaindaria.<\/em> <em>Iru\u00f1eko hirian:<\/em> Ospakizuna<\/strong><\/p><div class=\"su-spoiler su-spoiler-style-fancy su-spoiler-icon-plus\" data-scroll-offset=\"0\" data-anchor-in-url=\"no\"><div class=\"su-spoiler-content su-u-clearfix su-u-trim\"><div class=\"su-spoiler su-spoiler-style-fancy su-spoiler-icon-plus\" data-scroll-offset=\"0\" data-anchor-in-url=\"no\"><div class=\"su-spoiler-content su-u-clearfix su-u-trim\"><div class=\"su-spoiler su-spoiler-style-fancy su-spoiler-icon-plus\" data-scroll-offset=\"0\" data-anchor-in-url=\"no\"><div class=\"su-spoiler-content su-u-clearfix su-u-trim\"><div class=\"su-spoiler su-spoiler-style-fancy su-spoiler-icon-plus\" data-scroll-offset=\"0\" data-anchor-in-url=\"no\"><div class=\"su-spoiler-content su-u-clearfix su-u-trim\"><div class=\"su-spoiler su-spoiler-style-fancy su-spoiler-icon-plus\" data-scroll-offset=\"0\" data-anchor-in-url=\"no\"><div class=\"su-spoiler-content su-u-clearfix su-u-trim\"><p>Tolosako (Frantzia) apezpikua, non Decius eta Gratusen kontsulatuaren pean kokatu zen (250), kristautasuna Galian ia ez zenean zabaldu. Bere martirioaren erregistroaren arabera, V. mendearen inguruan konposatutako Passio-ren arabera, bere predikuek orakulu faltsuak isilarazi eta apaiz paganoen haserrea piztu zuten, hauek kristau prelatua idoloei sakrifizioak eskaintzera bultzatu baitzuten. Uko egin zionean, zezen baten isatsari lotu zioten eta honek heriotzara eraman zuen, azaroaren 29an gertatu zen gertaera. III. mendean egiaztatutako bere kultua Galia osoan zabaldu zen eta Hispaniara ere iritsi zen, ziurrenik V. mendearen amaieratik aurrera. Nafarroan, gutxienez X. mendearen bigarren erdian gurtu zuten, Lumbier ondoko Lisabe monasterioaren dedikazioak frogatzen duen bezala; hala ere, bere debozioa batez ere XI. mendearen amaieran zabaldu zen, Konpostelara egindako erromesaldien olatuen eraginez eta, bereziki, Tolosako eskualdetik eta inguruko merkatari eta klerigoak Iru\u00f1ean finkatu zirenean. Santuak bere izena eman zion horrela jaiotako herriari \u2014San Saturnino edo San Zernin\u2014, eta gutxienez beste zortzi parrokia eta hainbat ermita eskaini zizkioten. Agian orduan kristalizatu zen Iru\u00f1eko ebanjelizazioaren sustatzailetzat jotzen duen tradizioa. Antzinatik Iru\u00f1eko zaindari gisa gurtu izan da.<\/p><\/div><\/div><\/div><\/div><\/div><\/div><div class=\"su-spoiler su-spoiler-style-fancy su-spoiler-icon-plus su-spoiler-closed\" data-scroll-offset=\"0\" data-anchor-in-url=\"no\"><div class=\"su-spoiler-title\" tabindex=\"0\" role=\"button\"> <\/div><\/div><\/div><\/div><div class=\"su-spoiler su-spoiler-style-fancy su-spoiler-icon-plus su-spoiler-closed\" data-scroll-offset=\"0\" data-anchor-in-url=\"no\"><div class=\"su-spoiler-title\" tabindex=\"0\" role=\"button\"> <\/div><\/div><\/div><\/div>\t\t\t\t\t\t\t\t<\/div>\n\t\t\t\t<\/div>\n\t\t\t\t<\/div>\n\t\t<div role=\"region\" aria-labelledby=\"e-n-accordion-item-5692\" class=\"elementor-element elementor-element-1fb2653 e-con-full e-flex e-con e-child\" data-id=\"1fb2653\" data-element_type=\"container\" data-e-type=\"container\" data-settings=\"{&quot;background_background&quot;:&quot;classic&quot;}\">\n\t\t\t\t<\/div>\n\t\t\t\t<\/div>\n\t\t\t\t<\/div>\n\t\t\t\t\t<\/details>\n\t\t\t\t\t<\/div>\n\t\t\t\t\t\t<\/div>\n\t\t\t\t<\/div>\n\t\t\t\t<div class=\"elementor-element elementor-element-c9ac173 elementor-invisible elementor-widget elementor-widget-heading\" data-id=\"c9ac173\" data-element_type=\"widget\" data-e-type=\"widget\" data-settings=\"{&quot;_animation&quot;:&quot;fadeInUp&quot;}\" data-widget_type=\"heading.default\">\n\t\t\t\t<div class=\"elementor-widget-container\">\n\t\t\t\t\t<h2 class=\"elementor-heading-title elementor-size-default\">ABENDUA<\/h2>\t\t\t\t<\/div>\n\t\t\t\t<\/div>\n\t\t\t\t<div class=\"elementor-element elementor-element-4d6b8e5 elementor-widget elementor-widget-n-accordion\" data-id=\"4d6b8e5\" data-element_type=\"widget\" data-e-type=\"widget\" data-settings=\"{&quot;default_state&quot;:&quot;all_collapsed&quot;,&quot;max_items_expended&quot;:&quot;one&quot;,&quot;n_accordion_animation_duration&quot;:{&quot;unit&quot;:&quot;ms&quot;,&quot;size&quot;:400,&quot;sizes&quot;:[]}}\" data-widget_type=\"nested-accordion.default\">\n\t\t\t\t<div class=\"elementor-widget-container\">\n\t\t\t\t\t\t\t<div class=\"e-n-accordion\" aria-label=\"Accordion. Open links with Enter or Space, close with Escape, and navigate with Arrow Keys\">\n\t\t\t\t\t\t<details id=\"e-n-accordion-item-8110\" class=\"e-n-accordion-item\" >\n\t\t\t\t<summary class=\"e-n-accordion-item-title\" data-accordion-index=\"1\" tabindex=\"0\" aria-expanded=\"false\" aria-controls=\"e-n-accordion-item-8110\" >\n\t\t\t\t\t<span class='e-n-accordion-item-title-header'><div class=\"e-n-accordion-item-title-text\"> Abenduak 3: San Frantzisko Xabier, apaiza <\/div><\/span>\n\t\t\t\t\t\t\t<span class='e-n-accordion-item-title-icon'>\n\t\t\t<span class='e-opened' ><svg aria-hidden=\"true\" class=\"e-font-icon-svg e-fas-minus\" viewBox=\"0 0 448 512\" xmlns=\"http:\/\/www.w3.org\/2000\/svg\"><path d=\"M416 208H32c-17.67 0-32 14.33-32 32v32c0 17.67 14.33 32 32 32h384c17.67 0 32-14.33 32-32v-32c0-17.67-14.33-32-32-32z\"><\/path><\/svg><\/span>\n\t\t\t<span class='e-closed'><svg aria-hidden=\"true\" class=\"e-font-icon-svg e-fas-plus\" viewBox=\"0 0 448 512\" xmlns=\"http:\/\/www.w3.org\/2000\/svg\"><path d=\"M416 208H272V64c0-17.67-14.33-32-32-32h-32c-17.67 0-32 14.33-32 32v144H32c-17.67 0-32 14.33-32 32v32c0 17.67 14.33 32 32 32h144v144c0 17.67 14.33 32 32 32h32c17.67 0 32-14.33 32-32V304h144c17.67 0 32-14.33 32-32v-32c0-17.67-14.33-32-32-32z\"><\/path><\/svg><\/span>\n\t\t<\/span>\n\n\t\t\t\t\t\t<\/summary>\n\t\t\t\t<div role=\"region\" aria-labelledby=\"e-n-accordion-item-8110\" class=\"elementor-element elementor-element-7a3b007 e-con-full e-flex e-con e-child\" data-id=\"7a3b007\" data-element_type=\"container\" data-e-type=\"container\">\n\t\t<div role=\"region\" aria-labelledby=\"e-n-accordion-item-8110\" class=\"elementor-element elementor-element-a72d192 e-con-full e-flex e-con e-child\" data-id=\"a72d192\" data-element_type=\"container\" data-e-type=\"container\">\n\t\t<div role=\"region\" aria-labelledby=\"e-n-accordion-item-8110\" class=\"elementor-element elementor-element-cbe0222 e-con-full e-flex e-con e-child\" data-id=\"cbe0222\" data-element_type=\"container\" data-e-type=\"container\">\n\t\t\t\t<div class=\"elementor-element elementor-element-7ee5c62 elementor-widget elementor-widget-text-editor\" data-id=\"7ee5c62\" data-element_type=\"widget\" data-e-type=\"widget\" data-widget_type=\"text-editor.default\">\n\t\t\t\t<div class=\"elementor-widget-container\">\n\t\t\t\t\t\t\t\t\t<p><strong>Navarrako Zaindaria. Ospakizuna <\/strong><\/p><div class=\"su-spoiler su-spoiler-style-fancy su-spoiler-icon-plus\" data-scroll-offset=\"0\" data-anchor-in-url=\"no\"><div class=\"su-spoiler-content su-u-clearfix su-u-trim\"><div class=\"su-spoiler su-spoiler-style-fancy su-spoiler-icon-plus\" data-scroll-offset=\"0\" data-anchor-in-url=\"no\"><div class=\"su-spoiler-content su-u-clearfix su-u-trim\"><div class=\"su-spoiler su-spoiler-style-fancy su-spoiler-icon-plus\" data-scroll-offset=\"0\" data-anchor-in-url=\"no\"><div class=\"su-spoiler-content su-u-clearfix su-u-trim\"><div class=\"su-accordion su-u-trim\"><div class=\"su-spoiler su-spoiler-style-fancy su-spoiler-icon-plus\" data-scroll-offset=\"0\" data-anchor-in-url=\"no\"><div class=\"su-spoiler-content su-u-clearfix su-u-trim\"><p>Francisco de Jaso y Azpilicueta nafar familia noble batean jaio zen 1506ko apirilaren 7an, Javierren gazteluan. 1525ean Parisera joan zen filosofia ikastera. Hiri honetan ezagutu zuen Loiolako San Inazio, eta adiskidetasunak izaera berri bat eman zion bere bizitzari. 1537ko ekainaren 24an apaiz ordenatu zuten Venezian, eta Italiako hainbat hiritan karitate-lanetara dedikatu zen. Espainiako Karlos I.ak eta Portugalgo Joan III.ak Jesusen Lagundiari eskatu zioten itsasoz haraindiko beren ondasunen ebanjelizazioa, eta Frantzisko Xabierkoa izan zen Ekialdeko Indietara abiatu zen espedizio honen arduraduna. Hamar urtez nekaezin ebanjelizatzen aritu zen India eta Japonia, eta han asko fede katolikora bihurtu zituen. Txinara sartzear zela, 1552ko abenduaren 3an hil zen, Sanci\u00e1n uhartean, pneumoniak jota. Tradizioaren arabera, hil zen unean bere jaioterriko gazteluko \u200b\u200bKristoak odola isuri zuen. Bere gorpua usteldu gabe gordeta dago Goan (India). 1622ko martxoaren 12an, Gregorio XV.ak kanonizatu zuen. 1657ko apirilaren 14az geroztik, Alexandro VII.a Aita Santuaren dekretu bidez, San Ferminekin batera, Navarrako erreinuko patronatua du; biak babesle nagusiak izanik. Bestalde, Benedikto XIV.ak Ekialdeko misioen zaindari izendatu zuen (1749), Pio X.a Sanak Propaganda Fide-rena (1904), Pio XI.ak, Lisieuxeko Teresa Santarekin batera, misioen zaindari unibertsal izendatu zuen (1927), eta Pio XII.ak turismoarena (1952).<\/p><\/div><\/div><\/div><\/div><\/div><\/div><\/div><\/div><\/div>\t\t\t\t\t\t\t\t<\/div>\n\t\t\t\t<\/div>\n\t\t\t\t<\/div>\n\t\t<div role=\"region\" aria-labelledby=\"e-n-accordion-item-8110\" class=\"elementor-element elementor-element-55153dc e-con-full e-flex e-con e-child\" data-id=\"55153dc\" data-element_type=\"container\" data-e-type=\"container\" data-settings=\"{&quot;background_background&quot;:&quot;classic&quot;}\">\n\t\t\t\t<\/div>\n\t\t\t\t<\/div>\n\t\t\t\t<\/div>\n\t\t\t\t\t<\/details>\n\t\t\t\t\t<\/div>\n\t\t\t\t\t\t<\/div>\n\t\t\t\t<\/div>\n\t\t\t\t<\/div>\n\t\t<div class=\"elementor-element elementor-element-95fdb45 e-con-full e-flex e-con e-child\" data-id=\"95fdb45\" data-element_type=\"container\" data-e-type=\"container\" data-settings=\"{&quot;background_background&quot;:&quot;classic&quot;}\">\n\t\t\t\t<div class=\"elementor-element elementor-element-615551f elementor-invisible elementor-widget elementor-widget-heading\" data-id=\"615551f\" data-element_type=\"widget\" data-e-type=\"widget\" data-settings=\"{&quot;_animation&quot;:&quot;fadeInUp&quot;}\" data-widget_type=\"heading.default\">\n\t\t\t\t<div class=\"elementor-widget-container\">\n\t\t\t\t\t<h2 class=\"elementor-heading-title elementor-size-default\">Iru\u00f1eko eta Tuterako elizbarrutietako jai-egunak\n<\/h2>\t\t\t\t<\/div>\n\t\t\t\t<\/div>\n\t\t\t\t<div class=\"elementor-element elementor-element-f733cc0 elementor-widget elementor-widget-text-editor\" data-id=\"f733cc0\" data-element_type=\"widget\" data-e-type=\"widget\" data-widget_type=\"text-editor.default\">\n\t\t\t\t<div class=\"elementor-widget-container\">\n\t\t\t\t\t\t\t\t\t<div id=\"content\" class=\"container\"><div class=\"section-block-upper row\"><div id=\"primary\" class=\"content-area\"><main id=\"main\" class=\"site-main\"><article id=\"post-161\" class=\"post-161 page type-page status-publish has-post-thumbnail hentry\"><div class=\"entry-content-wrap\"><div class=\"entry-content\"><div id=\"\" class=\"su-box su-box-style-default\"><div class=\"su-box-content su-u-clearfix su-u-trim\">Zuzenbide Kanonikoaren Kodearen arabera, hauek dira betebeharreko egunak:<p> <\/p><p><strong>Urteko igande guztietan<\/strong> , Pazko Misterioa ospatzen den jai nagusi gisa, beste solemnitate edo jaialdiren bat ospatzen denak barne.<\/p><p><strong>Urtarrilaren 1a<\/strong> : Santa Mariaren, Jainkoaren Amaren, eguna.<\/p><p><strong>Urtarrilaren 6a<\/strong> : Jaunaren Epifaniaren Eguna.<\/p><p><strong>Martxoak 19<\/strong> : San Joseren eguna.<\/p><p><strong>Abuztuak 15<\/strong> : Ama Birjinaren Jasokundearen jaia.<\/p><p><strong>Azaroaren 1a<\/strong> : Santu Guztien Eguna.<\/p><p><strong>Abenduak 8<\/strong> : Ama Birjinaren Sortzez Garbiaren Eguna.<\/p><p><strong>Abenduak 25<\/strong> : Jaunaren Jaiotzaren Eguna.<\/p><p>Gainera, Espainian, Egoitza Santuaren baimenaz, honako hauek sartu behar dira:<\/p><p><strong>Uztailak 25<\/strong> : Santiago apostoluaren eguna, Espainiako zaindaria.<\/p><p>Fededunei gogorarazi behar zaie egun hauetarako aginduak Mezan parte hartzeko eta Jainkoaren gurtza, Jaunaren egunari dagokion poza edo gorputzaren eta gogoaren atseden egokia oztopatzen duten lan eta jardueretatik abstenitzeko betebeharra barne hartzen duela (1247. kanon).<\/p><\/div><\/div><\/div><\/div><\/article><\/main><\/div><\/div><\/div><footer class=\"site-footer\"><div class=\"primary-footer\"><div class=\"container\"><div class=\"row\"><div class=\"col-sm-12\"><div class=\"row\"><div class=\"primary-footer-area footer-first-widgets-section col-md-4 col-sm-12\"><section class=\"widget-area\"><div id=\"text-33\" class=\"widget covernews-widget widget_text\"> <\/div><\/section><\/div><\/div><\/div><\/div><\/div><\/div><\/footer>\t\t\t\t\t\t\t\t<\/div>\n\t\t\t\t<\/div>\n\t\t\t\t<\/div>\n\t\t\t\t<\/div>\n\t\t","protected":false},"excerpt":{"rendered":"<p>Jainkozko Kulturarako eta Sakramentuen Diziplinarako Kongregazioak 2016ko apirilaren 4ko dekretuaren bidez onartua (Prot. N. 82\/16) OTSAILA Otsailak 1: San Raimundo [&hellip;]<\/p>\n","protected":false},"author":1,"featured_media":0,"parent":0,"menu_order":0,"comment_status":"closed","ping_status":"closed","template":"","meta":{"site-sidebar-layout":"no-sidebar","site-content-layout":"","ast-site-content-layout":"full-width-container","site-content-style":"default","site-sidebar-style":"default","ast-global-header-display":"","ast-banner-title-visibility":"","ast-main-header-display":"","ast-hfb-above-header-display":"","ast-hfb-below-header-display":"","ast-hfb-mobile-header-display":"","site-post-title":"disabled","ast-breadcrumbs-content":"","ast-featured-img":"disabled","footer-sml-layout":"","ast-disable-related-posts":"","theme-transparent-header-meta":"","adv-header-id-meta":"","stick-header-meta":"","header-above-stick-meta":"","header-main-stick-meta":"","header-below-stick-meta":"","astra-migrate-meta-layouts":"default","ast-page-background-enabled":"default","ast-page-background-meta":{"desktop":{"background-color":"var(--ast-global-color-5)","background-image":"","background-repeat":"repeat","background-position":"center center","background-size":"auto","background-attachment":"scroll","background-type":"","background-media":"","overlay-type":"","overlay-color":"","overlay-opacity":"","overlay-gradient":""},"tablet":{"background-color":"","background-image":"","background-repeat":"repeat","background-position":"center center","background-size":"auto","background-attachment":"scroll","background-type":"","background-media":"","overlay-type":"","overlay-color":"","overlay-opacity":"","overlay-gradient":""},"mobile":{"background-color":"","background-image":"","background-repeat":"repeat","background-position":"center center","background-size":"auto","background-attachment":"scroll","background-type":"","background-media":"","overlay-type":"","overlay-color":"","overlay-opacity":"","overlay-gradient":""}},"ast-content-background-meta":{"desktop":{"background-color":"var(--ast-global-color-4)","background-image":"","background-repeat":"repeat","background-position":"center center","background-size":"auto","background-attachment":"scroll","background-type":"","background-media":"","overlay-type":"","overlay-color":"","overlay-opacity":"","overlay-gradient":""},"tablet":{"background-color":"var(--ast-global-color-4)","background-image":"","background-repeat":"repeat","background-position":"center center","background-size":"auto","background-attachment":"scroll","background-type":"","background-media":"","overlay-type":"","overlay-color":"","overlay-opacity":"","overlay-gradient":""},"mobile":{"background-color":"var(--ast-global-color-4)","background-image":"","background-repeat":"repeat","background-position":"center center","background-size":"auto","background-attachment":"scroll","background-type":"","background-media":"","overlay-type":"","overlay-color":"","overlay-opacity":"","overlay-gradient":""}},"footnotes":""},"class_list":["post-35696","page","type-page","status-publish","hentry"],"_links":{"self":[{"href":"https:\/\/iglesianavarra.org\/eu\/wp-json\/wp\/v2\/pages\/35696","targetHints":{"allow":["GET"]}}],"collection":[{"href":"https:\/\/iglesianavarra.org\/eu\/wp-json\/wp\/v2\/pages"}],"about":[{"href":"https:\/\/iglesianavarra.org\/eu\/wp-json\/wp\/v2\/types\/page"}],"author":[{"embeddable":true,"href":"https:\/\/iglesianavarra.org\/eu\/wp-json\/wp\/v2\/users\/1"}],"replies":[{"embeddable":true,"href":"https:\/\/iglesianavarra.org\/eu\/wp-json\/wp\/v2\/comments?post=35696"}],"version-history":[{"count":1,"href":"https:\/\/iglesianavarra.org\/eu\/wp-json\/wp\/v2\/pages\/35696\/revisions"}],"predecessor-version":[{"id":35697,"href":"https:\/\/iglesianavarra.org\/eu\/wp-json\/wp\/v2\/pages\/35696\/revisions\/35697"}],"wp:attachment":[{"href":"https:\/\/iglesianavarra.org\/eu\/wp-json\/wp\/v2\/media?parent=35696"}],"curies":[{"name":"wp","href":"https:\/\/api.w.org\/{rel}","templated":true}]}}